{"id":2530,"date":"2023-02-04T04:34:20","date_gmt":"2023-02-04T03:34:20","guid":{"rendered":"https:\/\/cji.uniri.hr\/home\/"},"modified":"2023-02-04T04:34:23","modified_gmt":"2023-02-04T03:34:23","slug":"home","status":"publish","type":"page","link":"https:\/\/cji.uniri.hr\/hr\/home\/","title":{"rendered":"Home"},"content":{"rendered":"<div class=\"\" style=\"\" >\n   \n    <section class=\"u-align-center u-clearfix u-image u-section-1\" id=\"sec-edee\" data-image-width=\"1980\" data-image-height=\"1134\" style=\"background-image: url(&quot;https:\/\/cji.uniri.hr\/wp-content\/uploads\/vccvv-min.jpg&quot;);\">\n      <div class=\"u-clearfix u-sheet u-valign-middle u-sheet-1\">\n        <h1 class=\"u-text u-text-palette-1-base u-text-1\" data-animation-name=\"customAnimationIn\" data-animation-duration=\"1500\" data-animation-delay=\"0\"> Centar za<br>\n          <span style=\"font-weight: 700;\">jezi\u010dna istra\u017eivanja<\/span>\n        <\/h1>\n        <p class=\"u-text u-text-2\" data-animation-name=\"customAnimationIn\" data-animation-duration=\"1500\" data-animation-delay=\"500\">Sample text. Click to select the text box. Click again or double click to start editing the text.&nbsp;Viverra maecenas accumsan lacus vel <span class=\"u-text-grey-30\"><\/span>facilisis volutpat. Cras fermentum odio eu feugiat pretium nibh.\n        <\/p>\n        <a href=\"https:\/\/www.residentialarchitect.com\/awards\/residential-architect-design-awards\/\" class=\"u-active-palette-4-base u-border-4 u-border-active-palette-4-base u-border-hover-palette-4-base u-border-palette-4-base u-btn u-btn-round u-button-style u-hover-palette-4-base u-radius-50 u-text-active-white u-text-hover-white u-btn-1\" target=\"_blank\" data-animation-name=\"customAnimationIn\" data-animation-duration=\"1750\" data-animation-delay=\"500\">learn more<\/a>\n        <p class=\"u-text u-text-3\" data-animation-name=\"customAnimationIn\" data-animation-duration=\"1500\" data-animation-delay=\"500\">Filozofski fakultet<br>Sveu\u010dili\u0161te u Rijeci\n        <\/p>\n      <\/div>\n    <\/section>\n    <section class=\"u-align-center u-clearfix u-white u-section-2\" id=\"carousel_221c\">\n      <div class=\"u-clearfix u-sheet u-sheet-1\">\n        <div class=\"u-expanded-width u-list u-list-1\">\n          <div class=\"u-repeater u-repeater-1\">\n            <div class=\"u-align-center u-container-style u-custom-border u-custom-item u-list-item u-palette-1-base u-radius-20 u-repeater-item u-shape-round u-list-item-1\" data-animation-name=\"customAnimationIn\" data-animation-duration=\"1500\">\n              <div class=\"u-container-layout u-similar-container u-valign-top u-container-layout-1\"><span class=\"u-icon u-icon-rounded u-radius-20 u-text-palette-4-base u-white u-icon-1\" data-animation-name=\"\" data-animation-duration=\"0\" data-animation-delay=\"0\" data-animation-direction=\"\"><svg class=\"u-svg-link\" preserveAspectRatio=\"xMidYMin slice\" viewBox=\"0 0 512 512\" style=\"\"><use xmlns:xlink=\"http:\/\/www.w3.org\/1999\/xlink\" xlink:href=\"#svg-2e2d\"><\/use><\/svg><svg class=\"u-svg-content\" viewBox=\"0 0 512 512\" id=\"svg-2e2d\"><g><path d=\"m193.29 395.63c-42.64 0-77.33-34.69-77.33-77.33v-25.59c-62.506-3.875-116.177 46.692-115.959 109.34 0 60.4 49.14 109.53 109.53 109.53 62.65.217 113.214-53.436 109.34-115.95z\"><\/path><path d=\"m262.94 146.56h-69.65c-26.1 0-47.33 21.24-47.33 47.33-.042 16.556.03 110.208 0 124.41 0 26.09 21.23 47.33 47.33 47.33 14.916-.029 107.366.021 124.4 0 26.1 0 47.33-21.24 47.33-47.33v-68.81h-102.08z\"><\/path><path d=\"m292.94.42v219.07h219.06v-219.07z\"><\/path>\n<\/g><\/svg>\n            \n            \n          <\/span>\n                <h4 class=\"u-align-center u-custom-font u-font-montserrat u-text u-text-default u-text-1\"> Visualize it<\/h4>\n                <p class=\"u-align-center u-text u-text-2\">Sample text. Click to select the text box. Click again or double click to start editing the text.<\/p><span class=\"u-custom-item u-file-icon u-icon u-text-palette-4-base u-icon-2\"><img src=\"https:\/\/cji.uniri.hr\/wp-content\/uploads\/52045be9.png\" alt=\"\"><\/span>\n              <\/div>\n            <\/div>\n            <div class=\"u-container-style u-custom-border u-custom-item u-list-item u-palette-4-base u-radius-20 u-repeater-item u-shape-round u-list-item-2\" data-animation-name=\"customAnimationIn\" data-animation-duration=\"1500\" data-animation-delay=\"250\">\n              <div class=\"u-container-layout u-similar-container u-valign-top u-container-layout-2\"><span class=\"u-icon u-icon-rounded u-radius-20 u-text-palette-4-base u-white u-icon-3\"><svg class=\"u-svg-link\" preserveAspectRatio=\"xMidYMin slice\" viewBox=\"0 0 512.001 512.001\" style=\"\"><use xmlns:xlink=\"http:\/\/www.w3.org\/1999\/xlink\" xlink:href=\"#svg-38fc\"><\/use><\/svg><svg class=\"u-svg-content\" viewBox=\"0 0 512.001 512.001\" x=\"0px\" y=\"0px\" id=\"svg-38fc\" style=\"enable-background:new 0 0 512.001 512.001;\"><g><g><path d=\"M502.979,317.996L230.502,199.598c26.679-30.977,43.37-68.952,48.104-109.598h16.395c8.284,0,15-6.716,15-15V15    c0-8.284-6.716-15-15-15h-60c-8.284,0-15,6.716-15,15v60c0,8.284,6.716,15,15,15h13.362    c-5.335,38.976-23.597,74.898-52.382,102.447c-29.08,27.831-66.261,44.536-105.98,47.907v-9.265c0-8.284-6.716-15-15-15h-60    c-8.284,0-15,6.716-15,15v60c0,8.284,6.716,15,15,15h60c8.284,0,15-6.716,15-15v-20.631    c39.772-2.876,77.462-17.167,109.042-41.233l118.953,273.754c2.391,5.5,7.81,9.022,13.753,9.022c0.283,0,0.567-0.008,0.853-0.024    c6.272-0.355,11.659-4.582,13.496-10.589l27.229-89.03c5.725-18.716,20.315-33.307,39.03-39.031l89.03-27.229    c6.008-1.837,10.234-7.224,10.589-13.497C512.332,326.329,508.741,320.5,502.979,317.996z\"><\/path>\n<\/g>\n<\/g><\/svg>\n            \n            \n          <\/span>\n                <h4 class=\"u-align-center u-custom-font u-font-montserrat u-text u-text-default u-text-3\"> Create it<\/h4>\n                <p class=\"u-align-center u-text u-text-4\">Sample text. Click to select the text box. Click again or double click to start editing the text.<\/p><span class=\"u-custom-item u-file-icon u-icon u-text-white u-icon-4\"><img src=\"https:\/\/cji.uniri.hr\/wp-content\/uploads\/38b67041.png\" alt=\"\"><\/span>\n              <\/div>\n            <\/div>\n            <div class=\"u-align-center u-container-style u-custom-border u-custom-item u-list-item u-palette-1-base u-radius-20 u-repeater-item u-shape-round u-list-item-3\" data-animation-name=\"customAnimationIn\" data-animation-duration=\"1500\" data-animation-delay=\"500\">\n              <div class=\"u-container-layout u-similar-container u-valign-top u-container-layout-3\"><span class=\"u-file-icon u-icon u-icon-rounded u-radius-20 u-text-palette-4-base u-white u-icon-5\" data-animation-name=\"\" data-animation-duration=\"0\" data-animation-delay=\"0\" data-animation-direction=\"\"><img src=\"https:\/\/cji.uniri.hr\/wp-content\/uploads\/022cde27.png\" alt=\"\"><\/span>\n                <h4 class=\"u-align-center u-custom-font u-font-montserrat u-text u-text-default u-text-5\"> Grow it<\/h4>\n                <p class=\"u-align-center u-text u-text-6\">Sample text. Click to select the text box. Click again or double click to start editing the text.<\/p><span class=\"u-custom-item u-file-icon u-icon u-text-palette-4-base u-icon-6\"><img src=\"https:\/\/cji.uniri.hr\/wp-content\/uploads\/52045be9.png\" alt=\"\"><\/span>\n              <\/div>\n            <\/div>\n          <\/div>\n        <\/div>\n      <\/div>\n    <\/section>\n    <section class=\"u-clearfix u-palette-1-base u-valign-middle u-section-3\" id=\"carousel_3df5\">\n      <div class=\"u-align-center u-container-style u-expanded-width u-group u-shape-rectangle u-group-1\">\n        <div class=\"u-container-layout u-container-layout-1\">\n          <h2 class=\"u-text u-text-1\" data-animation-name=\"customAnimationIn\" data-animation-duration=\"1500\" data-animation-delay=\"500\">Welcome Message<\/h2>\n          <p class=\"u-text u-text-2\" data-animation-name=\"customAnimationIn\" data-animation-duration=\"1500\">Amet luctus venenatis lectus magna fringilla urna porttitor rhoncus dolor. A lacus vestibulum sed arcu non. Dolor magna eget est lorem ipsum dolor sit amet consectetur. Mauris pellentesque pulvinar pellentesque habitant morbi tristique senectus. Nec feugiat nisl pretium fusce id. Justo laoreet sit amet cursus sit amet. Porta non pulvinar neque laoreet suspendisse interdum consectetur libero.<\/p>\n          <div class=\"u-palette-4-base u-shape u-shape-rectangle u-shape-1\"><\/div>\n          <div class=\"u-palette-4-base u-shape u-shape-rectangle u-shape-2\"><\/div>\n          <a href=\"https:\/\/nicepage.best\" class=\"u-active-white u-border-4 u-border-active-white u-border-hover-white u-border-palette-4-base u-btn u-btn-round u-button-style u-hover-white u-palette-4-base u-radius-50 u-text-active-palette-1-base u-text-hover-palette-1-base u-btn-1\" data-animation-name=\"customAnimationIn\" data-animation-duration=\"1500\" data-animation-delay=\"500\">Learn More<\/a>\n        <\/div>\n      <\/div>\n    <\/section>\n    <section class=\"u-align-center-lg u-align-center-md u-align-center-xl u-align-center-xs u-align-right-sm u-clearfix u-section-4\" id=\"carousel_b4b8\">\n      <div class=\"u-clearfix u-sheet u-valign-middle u-sheet-1\">\n        <h2 class=\"u-text u-text-palette-4-base u-text-1\" data-animation-name=\"customAnimationIn\" data-animation-duration=\"1750\" data-animation-delay=\"500\">Benefits of working with us <\/h2>\n        <div class=\"u-expanded-width u-list u-list-1\">\n          <div class=\"u-repeater u-repeater-1\">\n            <div class=\"u-align-center u-container-style u-custom-item u-list-item u-radius-20 u-repeater-item u-shape-round u-white u-list-item-1\" data-animation-name=\"customAnimationIn\" data-animation-duration=\"1500\" data-animation-delay=\"500\">\n              <div class=\"u-container-layout u-similar-container u-container-layout-1\">\n                <h2 class=\"u-custom-font u-custom-item u-font-lato u-text u-text-palette-1-base u-text-2\">01<\/h2>\n                <h4 class=\"u-custom-font u-custom-item u-font-montserrat u-text u-text-palette-1-base u-text-3\">Hight Quality<\/h4>\n                <p class=\"u-custom-item u-text u-text-grey-50 u-text-4\">Vitae suscipit tellus mauris a diam maecenas sed enim ut. Mauris augue neque gravida in fermentum. Praesent semper feugiat nibh sed pulvinar proin id venenatis.<\/p>\n              <\/div>\n            <\/div>\n            <div class=\"u-align-center u-container-style u-custom-item u-list-item u-palette-4-base u-radius-20 u-repeater-item u-shape-round u-list-item-2\" data-animation-name=\"customAnimationIn\" data-animation-duration=\"1500\">\n              <div class=\"u-container-layout u-similar-container u-container-layout-2\">\n                <h2 class=\"u-custom-font u-custom-item u-font-lato u-text u-text-5\">02<\/h2>\n                <h4 class=\"u-custom-font u-custom-item u-font-montserrat u-text u-text-6\">Creative Team<\/h4>\n                <p class=\"u-custom-item u-text u-text-7\">Vitae suscipit tellus mauris a diam maecenas sed enim ut. Mauris augue neque gravida in fermentum. Praesent semper feugiat nibh sed pulvinar proin id venenatis.<\/p>\n              <\/div>\n            <\/div>\n            <div class=\"u-align-center u-container-style u-custom-item u-list-item u-radius-20 u-repeater-item u-shape-round u-white u-list-item-3\" data-animation-name=\"customAnimationIn\" data-animation-duration=\"1500\" data-animation-delay=\"500\">\n              <div class=\"u-container-layout u-similar-container u-container-layout-3\">\n                <h2 class=\"u-custom-font u-custom-item u-font-lato u-text u-text-palette-1-base u-text-8\">03<\/h2>\n                <h4 class=\"u-custom-font u-custom-item u-font-montserrat u-text u-text-palette-1-base u-text-9\">Amazing Results<\/h4>\n                <p class=\"u-custom-item u-text u-text-grey-50 u-text-10\">Vitae suscipit tellus mauris a diam maecenas sed enim ut. Mauris augue neque gravida in fermentum. Praesent semper feugiat nibh sed pulvinar proin id venenatis.<\/p>\n              <\/div>\n            <\/div>\n            <div class=\"u-align-center u-container-style u-custom-item u-list-item u-palette-1-base u-radius-20 u-repeater-item u-shape-round u-list-item-4\" data-animation-name=\"customAnimationIn\" data-animation-duration=\"1500\" data-animation-delay=\"500\">\n              <div class=\"u-container-layout u-similar-container u-container-layout-4\">\n                <h2 class=\"u-custom-font u-custom-item u-font-lato u-text u-text-11\">04<\/h2>\n                <h4 class=\"u-custom-font u-custom-item u-font-montserrat u-text u-text-12\">Best Pricing<\/h4>\n                <p class=\"u-custom-item u-text u-text-13\">Vitae suscipit tellus mauris a diam maecenas sed enim ut. Mauris augue neque gravida in fermentum. Praesent semper feugiat nibh sed pulvinar proin id venenatis.<\/p>\n              <\/div>\n            <\/div>\n            <div class=\"u-align-center u-container-style u-custom-item u-list-item u-radius-20 u-repeater-item u-shape-round u-white u-list-item-5\" data-animation-name=\"customAnimationIn\" data-animation-duration=\"1500\" data-animation-delay=\"500\">\n              <div class=\"u-container-layout u-similar-container u-container-layout-5\">\n                <h2 class=\"u-custom-font u-custom-item u-font-lato u-text u-text-palette-1-base u-text-14\">05<\/h2>\n                <h4 class=\"u-custom-font u-custom-item u-font-montserrat u-text u-text-palette-1-base u-text-15\">Innovations<\/h4>\n                <p class=\"u-custom-item u-text u-text-grey-50 u-text-16\">Vitae suscipit tellus mauris a diam maecenas sed enim ut. Mauris augue neque gravida in fermentum. Praesent semper feugiat nibh sed pulvinar proin id venenatis.<\/p>\n              <\/div>\n            <\/div>\n            <div class=\"u-align-center u-container-style u-custom-item u-list-item u-palette-1-base u-radius-20 u-repeater-item u-shape-round u-list-item-6\" data-animation-name=\"customAnimationIn\" data-animation-duration=\"1500\" data-animation-delay=\"500\">\n              <div class=\"u-container-layout u-similar-container u-container-layout-6\">\n                <h2 class=\"u-custom-font u-custom-item u-font-lato u-text u-text-17\">06<\/h2>\n                <h4 class=\"u-custom-font u-custom-item u-font-montserrat u-text u-text-18\">24\/7 Support<\/h4>\n                <p class=\"u-custom-item u-text u-text-19\">Vitae suscipit tellus mauris a diam maecenas sed enim ut. Mauris augue neque gravida in fermentum. Praesent semper feugiat nibh sed pulvinar proin id venenatis.<\/p>\n              <\/div>\n            <\/div>\n          <\/div>\n        <\/div>\n      <\/div>\n    <\/section>\n    <section class=\"skrollable skrollable-between u-align-center u-clearfix u-image u-shading u-section-5\" id=\"carousel_e141\" src=\"\" data-image-width=\"1620\" data-image-height=\"1080\" style=\"background-image: linear-gradient(0deg, rgba(36, 63, 86, 0.85), rgba(36, 63, 86, 0.85)), url(&quot;https:\/\/cji.uniri.hr\/wp-content\/uploads\/jhhhhhh.jpg&quot;);\">\n      <div class=\"u-clearfix u-sheet u-valign-middle u-sheet-1\">\n        <h2 class=\"u-text u-text-default u-text-1\" data-animation-name=\"customAnimationIn\" data-animation-duration=\"1500\"> How Coaching Works<\/h2>\n        <p class=\"u-large-text u-text u-text-variant u-text-2\" data-animation-name=\"customAnimationIn\" data-animation-duration=\"1500\" data-animation-delay=\"500\">Simple Text. Lorem ipsum dolor sit amet, consectetur adipiscing elit. Curabitur id suscipit ex. Suspendisse rhoncus laoreet purus quis elementum.<\/p>\n        <div class=\"u-clearfix u-layout-custom-sm u-layout-custom-xs u-layout-wrap u-layout-wrap-1\">\n          <div class=\"u-layout\">\n            <div class=\"u-layout-row\">\n              <div class=\"u-align-center-xs u-align-right-lg u-align-right-md u-align-right-sm u-align-right-xl u-container-style u-layout-cell u-left-cell u-size-30-lg u-size-30-md u-size-30-sm u-size-30-xl u-size-60-xs u-layout-cell-1\">\n                <div class=\"u-container-layout u-valign-top u-container-layout-1\">\n                  <a href=\"https:\/\/nicepage.best\" class=\"u-active-white u-border-4 u-border-active-white u-border-hover-white u-border-palette-4-base u-btn u-btn-round u-button-style u-hover-white u-palette-4-base u-radius-50 u-text-active-palette-1-base u-text-hover-palette-1-base u-btn-1\" data-animation-name=\"customAnimationIn\" data-animation-duration=\"1750\" data-animation-delay=\"500\">Learn More<\/a>\n                <\/div>\n              <\/div>\n              <div class=\"u-align-center-xs u-align-left-lg u-align-left-md u-align-left-sm u-align-left-xl u-container-style u-layout-cell u-right-cell u-size-30-lg u-size-30-md u-size-30-sm u-size-30-xl u-size-60-xs u-layout-cell-2\">\n                <div class=\"u-container-layout u-valign-top-xs u-container-layout-2\">\n                  <a href=\"https:\/\/nicepage.com\/c\/real-estate-website-templates\" class=\"u-active-white u-border-4 u-border-active-white u-border-hover-white u-border-white u-btn u-btn-round u-button-style u-hover-white u-none u-radius-50 u-text-active-palette-1-base u-text-hover-palette-1-base u-btn-2\" data-animation-name=\"customAnimationIn\" data-animation-duration=\"1750\" data-animation-delay=\"500\">Live Demo<\/a>\n                <\/div>\n              <\/div>\n            <\/div>\n          <\/div>\n        <\/div>\n        <p class=\"u-text u-text-default u-text-3\" data-animation-name=\"customAnimationIn\" data-animation-duration=\"1500\" data-animation-delay=\"500\">Image from&nbsp;<a href=\"https:\/\/www.freepik.com\/photos\/business\" class=\"u-active-none u-border-1 u-border-active-palette-1-light-2 u-border-hover-palette-1-light-2 u-border-no-left u-border-no-right u-border-no-top u-border-white u-bottom-left-radius-0 u-bottom-right-radius-0 u-btn u-button-link u-button-style u-hover-none u-none u-radius-0 u-text-body-alt-color u-top-left-radius-0 u-top-right-radius-0 u-btn-3\" target=\"_blank\">Freepik<\/a>\n        <\/p>\n      <\/div>\n    <\/section>\n    <section class=\"u-clearfix u-section-6\" id=\"carousel_c1f1\">\n      <div class=\"u-clearfix u-sheet u-sheet-1\">\n        <div class=\"u-clearfix u-expanded-width u-layout-wrap u-layout-wrap-1\">\n          <div class=\"u-gutter-0 u-layout\">\n            <div class=\"u-layout-row\">\n              <div class=\"u-align-left u-container-style u-layout-cell u-size-20 u-layout-cell-1\" data-animation-name=\"customAnimationIn\" data-animation-duration=\"1500\" data-animation-delay=\"500\">\n                <div class=\"u-container-layout u-valign-middle u-container-layout-1\">\n                  <h3 class=\"u-text u-text-default u-text-palette-4-base u-text-1\"> Each course of the program comprises:<\/h3>\n                  <h4 class=\"u-custom-font u-font-montserrat u-text u-text-default u-text-2\"> Tech Skills<\/h4>\n                  <p class=\"u-text u-text-default u-text-3\"> We help businesses to innovate and grow by strengthening their ideas with our customized software solutions for multiple industries which includes healthcare, blockchain, education, insurance and many more<\/p>\n                  <a href=\"https:\/\/nicepage.best\" class=\"u-active-palette-1-base u-border-4 u-border-active-palette-1-base u-border-hover-palette-1-base u-border-palette-4-base u-btn u-btn-round u-button-style u-hover-palette-1-base u-palette-4-base u-radius-50 u-text-active-white u-text-hover-white u-btn-1\" data-animation-name=\"customAnimationIn\" data-animation-duration=\"1750\" data-animation-delay=\"500\">Learn More<\/a>\n                <\/div>\n              <\/div>\n              <div class=\"u-align-center u-container-style u-layout-cell u-size-20 u-layout-cell-2\">\n                <div class=\"u-container-layout u-valign-middle u-container-layout-2\">\n                  <img class=\"u-expanded-width u-image u-image-default u-image-1\" src=\"https:\/\/cji.uniri.hr\/wp-content\/uploads\/Untitled-1.png\" alt=\"\" data-image-width=\"467\" data-image-height=\"477\">\n                  <p class=\"u-text u-text-default u-text-4\">Image from <a href=\"https:\/\/freepik.com\" class=\"u-active-none u-border-none u-btn u-button-link u-button-style u-hover-none u-none u-text-palette-4-base u-btn-2\">Freepik<\/a>\n                  <\/p>\n                <\/div>\n              <\/div>\n              <div class=\"u-container-style u-layout-cell u-shape-rectangle u-size-20 u-layout-cell-3\">\n                <div class=\"u-container-layout u-valign-middle u-container-layout-3\">\n                  <div class=\"u-expanded-width u-list u-list-1\">\n                    <div class=\"u-repeater u-repeater-1\">\n                      <div class=\"u-align-center u-container-style u-list-item u-repeater-item u-white u-list-item-1\">\n                        <div class=\"u-container-layout u-similar-container u-valign-top u-container-layout-4\">\n                          <h3 class=\"u-custom-font u-font-montserrat u-text u-text-palette-4-base u-text-5\" data-animation-name=\"counter\" data-animation-event=\"scroll\" data-animation-duration=\"3000\">65%<\/h3>\n                          <h6 class=\"u-custom-font u-font-montserrat u-text u-text-6\">Sample Headline<\/h6>\n                          <p class=\"u-text u-text-7\">Sample text. Click to select the Text Element.<\/p>\n                        <\/div>\n                      <\/div>\n                      <div class=\"u-align-center u-container-style u-list-item u-repeater-item u-white u-list-item-2\">\n                        <div class=\"u-container-layout u-similar-container u-valign-top u-container-layout-5\">\n                          <h3 class=\"u-custom-font u-font-montserrat u-text u-text-palette-4-base u-text-8\" data-animation-name=\"counter\" data-animation-event=\"scroll\" data-animation-duration=\"3000\">20%<\/h3>\n                          <h6 class=\"u-custom-font u-font-montserrat u-text u-text-9\">Sample Headline<\/h6>\n                          <p class=\"u-text u-text-10\">Sample text. Click to select the Text Element.<\/p>\n                        <\/div>\n                      <\/div>\n                    <\/div>\n                  <\/div>\n                <\/div>\n              <\/div>\n            <\/div>\n          <\/div>\n        <\/div>\n      <\/div>\n    <\/section>\n    <section class=\"u-clearfix u-image u-shading u-section-7\" id=\"carousel_8f5b\" data-image-width=\"1669\" data-image-height=\"1080\" style=\"background-image: linear-gradient(0deg, rgba(36, 63, 86, 0.65), rgba(36, 63, 86, 0.65)), url(&quot;https:\/\/cji.uniri.hr\/wp-content\/uploads\/3730262_73938.jpg&quot;);\">\n      <div class=\"u-clearfix u-sheet u-sheet-1\">\n        <h2 class=\"u-text u-text-palette-4-base u-text-1\"> How and where to learn mindfulness<\/h2>\n        <p class=\"u-text u-text-grey-30 u-text-2\"> Excepteur sint occaecat cupidatat non proident, sunt in culpa qui officia deserunt mollit anim id est laborum.&nbsp;\u200bUt enim ad minim veniam, quis nostrud exercitation ullamco laboris nisi ut aliquip ex ea commodo consequat.<\/p>\n        <div class=\"u-clearfix u-expanded-width u-layout-wrap u-layout-wrap-1\">\n          <div class=\"u-layout\">\n            <div class=\"u-layout-row\">\n              <div class=\"u-container-style u-layout-cell u-size-26-lg u-size-26-xl u-size-31-md u-size-31-sm u-size-31-xs u-layout-cell-1\">\n                <div class=\"u-container-layout u-container-layout-1\">\n                  <h3 class=\"u-custom-font u-font-montserrat u-text u-text-default u-text-3\"> Introductory courses, taster sessions and groups <br>Formal mindfulness courses\n                  <\/h3>\n                  <p class=\"u-text u-text-default u-text-4\">Sample text. Click to select the Text Element.<\/p>\n                <\/div>\n              <\/div>\n              <div class=\"u-container-style u-layout-cell u-size-29-md u-size-29-sm u-size-29-xs u-size-34-lg u-size-34-xl u-layout-cell-2\">\n                <div class=\"u-container-layout u-container-layout-2\">\n                  <div class=\"u-expanded-width u-list u-list-1\">\n                    <div class=\"u-repeater u-repeater-1\">\n                      <div class=\"u-container-style u-list-item u-repeater-item u-list-item-1\" data-animation-name=\"customAnimationIn\" data-animation-duration=\"1250\" data-animation-delay=\"500\">\n                        <div class=\"u-container-layout u-similar-container u-container-layout-3\">\n                          <h3 class=\"u-custom-font u-font-montserrat u-text u-text-palette-4-base u-text-5\" data-animation-name=\"counter\" data-animation-event=\"scroll\" data-animation-duration=\"3000\">5k<\/h3>\n                          <h6 class=\"u-custom-font u-font-montserrat u-text u-text-6\">Sample Headline<\/h6>\n                        <\/div>\n                      <\/div>\n                      <div class=\"u-container-style u-list-item u-repeater-item u-list-item-2\" data-animation-name=\"customAnimationIn\" data-animation-duration=\"1250\" data-animation-delay=\"500\">\n                        <div class=\"u-container-layout u-similar-container u-container-layout-4\">\n                          <h3 class=\"u-custom-font u-font-montserrat u-text u-text-palette-4-base u-text-7\" data-animation-name=\"counter\" data-animation-event=\"scroll\" data-animation-duration=\"3000\">60%<\/h3>\n                          <h6 class=\"u-custom-font u-font-montserrat u-text u-text-8\">Sample Headline<\/h6>\n                        <\/div>\n                      <\/div>\n                      <div class=\"u-container-style u-list-item u-repeater-item u-list-item-3\" data-animation-name=\"customAnimationIn\" data-animation-duration=\"1250\" data-animation-delay=\"500\">\n                        <div class=\"u-container-layout u-similar-container u-container-layout-5\">\n                          <h3 class=\"u-custom-font u-font-montserrat u-text u-text-palette-4-base u-text-9\" data-animation-name=\"counter\" data-animation-event=\"scroll\" data-animation-duration=\"3000\">100<\/h3>\n                          <h6 class=\"u-custom-font u-font-montserrat u-text u-text-10\">Sample Headline<\/h6>\n                        <\/div>\n                      <\/div>\n                      <div class=\"u-container-style u-list-item u-repeater-item u-list-item-4\" data-animation-name=\"customAnimationIn\" data-animation-duration=\"1250\" data-animation-delay=\"500\">\n                        <div class=\"u-container-layout u-similar-container u-container-layout-6\">\n                          <h3 class=\"u-custom-font u-font-montserrat u-text u-text-palette-4-base u-text-11\" data-animation-name=\"counter\" data-animation-event=\"scroll\" data-animation-duration=\"3000\">1230<\/h3>\n                          <h6 class=\"u-custom-font u-font-montserrat u-text u-text-12\">Sample Headline<\/h6>\n                        <\/div>\n                      <\/div>\n                    <\/div>\n                  <\/div>\n                <\/div>\n              <\/div>\n            <\/div>\n          <\/div>\n        <\/div>\n      <\/div>\n    <\/section>\n    <section class=\"u-align-center u-clearfix u-section-8\" id=\"carousel_2511\">\n      <div class=\"u-clearfix u-sheet u-valign-middle u-sheet-1\">\n        <h2 class=\"u-custom-font u-font-montserrat u-text u-text-default u-text-1\" data-animation-name=\"customAnimationIn\" data-animation-duration=\"1500\" data-animation-delay=\"500\">Meet The Team <span class=\"u-text-palette-4-base\">\n            <br>Our Professionals\n          <\/span>\n        <\/h2>\n        <div class=\"u-expanded-width u-list u-list-1\">\n          <div class=\"u-repeater u-repeater-1\">\n            <div class=\"u-align-center u-container-style u-list-item u-repeater-item u-white u-list-item-1\" data-animation-name=\"customAnimationIn\" data-animation-duration=\"1500\" data-animation-delay=\"0\">\n              <div class=\"u-container-layout u-similar-container u-valign-top u-container-layout-1\">\n                <img alt=\"\" class=\"u-image u-image-round u-radius-20 u-image-1\" data-image-width=\"404\" data-image-height=\"404\" src=\"https:\/\/cji.uniri.hr\/wp-content\/uploads\/2.jpg\" data-animation-name=\"customAnimationIn\" data-animation-duration=\"1500\" data-animation-delay=\"500\">\n                <h4 class=\"u-align-center u-text u-text-2\">mary Brown<\/h4>\n                <p class=\"u-align-center u-text u-text-palette-4-base u-text-3\">creative leader<\/p>\n                <p class=\"u-align-center u-text u-text-4\">Glavi amet ritnisl libero molestie ante ut fringilla purus eros quis glavrid from dolor amet iquam lorem bibendum<\/p>\n                <div class=\"u-social-icons u-spacing-10 u-social-icons-1\">\n                  <a class=\"u-social-url\" target=\"_blank\" href=\"\"><span class=\"u-icon u-icon-circle u-social-facebook u-social-icon u-text-palette-4-base u-icon-1\"><svg class=\"u-svg-link\" preserveAspectRatio=\"xMidYMin slice\" viewBox=\"0 0 112 112\" style=\"\"><use xmlns:xlink=\"http:\/\/www.w3.org\/1999\/xlink\" xlink:href=\"#svg-ad72\"><\/use><\/svg><svg x=\"0px\" y=\"0px\" viewBox=\"0 0 112 112\" id=\"svg-ad72\" class=\"u-svg-content\"><path d=\"M75.5,28.8H65.4c-1.5,0-4,0.9-4,4.3v9.4h13.9l-1.5,15.8H61.4v45.1H42.8V58.3h-8.8V42.4h8.8V32.2 c0-7.4,3.4-18.8,18.8-18.8h13.8v15.4H75.5z\"><\/path><\/svg><\/span>\n                  <\/a>\n                  <a class=\"u-social-url\" target=\"_blank\" href=\"\"><span class=\"u-icon u-icon-circle u-social-icon u-social-twitter u-text-palette-4-base u-icon-2\"><svg class=\"u-svg-link\" preserveAspectRatio=\"xMidYMin slice\" viewBox=\"0 0 112 112\" style=\"\"><use xmlns:xlink=\"http:\/\/www.w3.org\/1999\/xlink\" xlink:href=\"#svg-f916\"><\/use><\/svg><svg x=\"0px\" y=\"0px\" viewBox=\"0 0 112 112\" id=\"svg-f916\" class=\"u-svg-content\"><path d=\"M92.2,38.2c0,0.8,0,1.6,0,2.3c0,24.3-18.6,52.4-52.6,52.4c-10.6,0.1-20.2-2.9-28.5-8.2 c1.4,0.2,2.9,0.2,4.4,0.2c8.7,0,16.7-2.9,23-7.9c-8.1-0.2-14.9-5.5-17.3-12.8c1.1,0.2,2.4,0.2,3.4,0.2c1.6,0,3.3-0.2,4.8-0.7 c-8.4-1.6-14.9-9.2-14.9-18c0-0.2,0-0.2,0-0.2c2.5,1.4,5.4,2.2,8.4,2.3c-5-3.3-8.3-8.9-8.3-15.4c0-3.4,1-6.5,2.5-9.2 c9.1,11.1,22.7,18.5,38,19.2c-0.2-1.4-0.4-2.8-0.4-4.3c0.1-10,8.3-18.2,18.5-18.2c5.4,0,10.1,2.2,13.5,5.7c4.3-0.8,8.1-2.3,11.7-4.5 c-1.4,4.3-4.3,7.9-8.1,10.1c3.7-0.4,7.3-1.4,10.6-2.9C98.9,32.3,95.7,35.5,92.2,38.2z\"><\/path><\/svg><\/span>\n                  <\/a>\n                  <a class=\"u-social-url\" target=\"_blank\" href=\"\"><span class=\"u-icon u-icon-circle u-social-icon u-social-instagram u-text-palette-4-base u-icon-3\"><svg class=\"u-svg-link\" preserveAspectRatio=\"xMidYMin slice\" viewBox=\"0 0 112 112\" style=\"\"><use xmlns:xlink=\"http:\/\/www.w3.org\/1999\/xlink\" xlink:href=\"#svg-a0a0\"><\/use><\/svg><svg x=\"0px\" y=\"0px\" viewBox=\"0 0 112 112\" id=\"svg-a0a0\" class=\"u-svg-content\"><path d=\"M55.9,32.9c-12.8,0-23.2,10.4-23.2,23.2s10.4,23.2,23.2,23.2s23.2-10.4,23.2-23.2S68.7,32.9,55.9,32.9z M55.9,69.4c-7.4,0-13.3-6-13.3-13.3c-0.1-7.4,6-13.3,13.3-13.3s13.3,6,13.3,13.3C69.3,63.5,63.3,69.4,55.9,69.4z\"><\/path><path d=\"M79.7,26.8c-3,0-5.4,2.5-5.4,5.4s2.5,5.4,5.4,5.4c3,0,5.4-2.5,5.4-5.4S82.7,26.8,79.7,26.8z\"><\/path><path d=\"M78.2,11H33.5C21,11,10.8,21.3,10.8,33.7v44.7c0,12.6,10.2,22.8,22.7,22.8h44.7c12.6,0,22.7-10.2,22.7-22.7 V33.7C100.8,21.1,90.6,11,78.2,11z M91,78.4c0,7.1-5.8,12.8-12.8,12.8H33.5c-7.1,0-12.8-5.8-12.8-12.8V33.7 c0-7.1,5.8-12.8,12.8-12.8h44.7c7.1,0,12.8,5.8,12.8,12.8V78.4z\"><\/path><\/svg><\/span>\n                  <\/a>\n                  <a class=\"u-social-url\" target=\"_blank\" href=\"#\"><span class=\"u-icon u-icon-circle u-social-icon u-social-linkedin u-text-palette-4-base u-icon-4\"><svg class=\"u-svg-link\" preserveAspectRatio=\"xMidYMin slice\" viewBox=\"0 0 112 112\" style=\"\"><use xmlns:xlink=\"http:\/\/www.w3.org\/1999\/xlink\" xlink:href=\"#svg-78e1\"><\/use><\/svg><svg x=\"0px\" y=\"0px\" viewBox=\"0 0 112 112\" id=\"svg-78e1\" class=\"u-svg-content\"><path d=\"M33.8,96.8H14.5v-58h19.3V96.8z M24.1,30.9L24.1,30.9c-6.6,0-10.8-4.5-10.8-10.1c0-5.8,4.3-10.1,10.9-10.1 S34.9,15,35.1,20.8C35.1,26.4,30.8,30.9,24.1,30.9z M103.3,96.8H84.1v-31c0-7.8-2.7-13.1-9.8-13.1c-5.3,0-8.5,3.6-9.9,7.1 c-0.6,1.3-0.6,3-0.6,4.8V97H44.5c0,0,0.3-52.6,0-58h19.3v8.2c2.6-3.9,7.2-9.6,17.4-9.6c12.7,0,22.2,8.4,22.2,26.1V96.8z\"><\/path><\/svg><\/span>\n                  <\/a>\n                <\/div>\n              <\/div>\n            <\/div>\n            <div class=\"u-align-center u-container-style u-list-item u-repeater-item u-white u-list-item-2\" data-animation-name=\"customAnimationIn\" data-animation-duration=\"1500\" data-animation-delay=\"0\">\n              <div class=\"u-container-layout u-similar-container u-valign-top u-container-layout-2\">\n                <img alt=\"\" class=\"u-image u-image-round u-radius-20 u-image-2\" src=\"https:\/\/cji.uniri.hr\/wp-content\/uploads\/fff.jpg\" data-image-width=\"404\" data-image-height=\"404\" data-animation-name=\"customAnimationIn\" data-animation-duration=\"1500\" data-animation-delay=\"500\">\n                <h4 class=\"u-align-center u-text u-text-5\">Ann Richmond<\/h4>\n                <p class=\"u-align-center u-text u-text-palette-4-base u-text-6\">creative leader<\/p>\n                <p class=\"u-align-center u-text u-text-7\">Glavi amet ritnisl libero molestie ante ut fringilla purus eros quis glavrid from dolor amet iquam lorem bibendum<\/p>\n                <div class=\"u-social-icons u-spacing-10 u-social-icons-2\">\n                  <a class=\"u-social-url\" target=\"_blank\" href=\"\"><span class=\"u-icon u-icon-circle u-social-facebook u-social-icon u-text-palette-4-base u-icon-5\"><svg class=\"u-svg-link\" preserveAspectRatio=\"xMidYMin slice\" viewBox=\"0 0 112 112\" style=\"\"><use xmlns:xlink=\"http:\/\/www.w3.org\/1999\/xlink\" xlink:href=\"#svg-ad72\"><\/use><\/svg><svg x=\"0px\" y=\"0px\" viewBox=\"0 0 112 112\" id=\"svg-ad72\" class=\"u-svg-content\"><path d=\"M75.5,28.8H65.4c-1.5,0-4,0.9-4,4.3v9.4h13.9l-1.5,15.8H61.4v45.1H42.8V58.3h-8.8V42.4h8.8V32.2 c0-7.4,3.4-18.8,18.8-18.8h13.8v15.4H75.5z\"><\/path><\/svg><\/span>\n                  <\/a>\n                  <a class=\"u-social-url\" target=\"_blank\" href=\"\"><span class=\"u-icon u-icon-circle u-social-icon u-social-twitter u-text-palette-4-base u-icon-6\"><svg class=\"u-svg-link\" preserveAspectRatio=\"xMidYMin slice\" viewBox=\"0 0 112 112\" style=\"\"><use xmlns:xlink=\"http:\/\/www.w3.org\/1999\/xlink\" xlink:href=\"#svg-f916\"><\/use><\/svg><svg x=\"0px\" y=\"0px\" viewBox=\"0 0 112 112\" id=\"svg-f916\" class=\"u-svg-content\"><path d=\"M92.2,38.2c0,0.8,0,1.6,0,2.3c0,24.3-18.6,52.4-52.6,52.4c-10.6,0.1-20.2-2.9-28.5-8.2 c1.4,0.2,2.9,0.2,4.4,0.2c8.7,0,16.7-2.9,23-7.9c-8.1-0.2-14.9-5.5-17.3-12.8c1.1,0.2,2.4,0.2,3.4,0.2c1.6,0,3.3-0.2,4.8-0.7 c-8.4-1.6-14.9-9.2-14.9-18c0-0.2,0-0.2,0-0.2c2.5,1.4,5.4,2.2,8.4,2.3c-5-3.3-8.3-8.9-8.3-15.4c0-3.4,1-6.5,2.5-9.2 c9.1,11.1,22.7,18.5,38,19.2c-0.2-1.4-0.4-2.8-0.4-4.3c0.1-10,8.3-18.2,18.5-18.2c5.4,0,10.1,2.2,13.5,5.7c4.3-0.8,8.1-2.3,11.7-4.5 c-1.4,4.3-4.3,7.9-8.1,10.1c3.7-0.4,7.3-1.4,10.6-2.9C98.9,32.3,95.7,35.5,92.2,38.2z\"><\/path><\/svg><\/span>\n                  <\/a>\n                  <a class=\"u-social-url\" target=\"_blank\" href=\"\"><span class=\"u-icon u-icon-circle u-social-icon u-social-instagram u-text-palette-4-base u-icon-7\"><svg class=\"u-svg-link\" preserveAspectRatio=\"xMidYMin slice\" viewBox=\"0 0 112 112\" style=\"\"><use xmlns:xlink=\"http:\/\/www.w3.org\/1999\/xlink\" xlink:href=\"#svg-a0a0\"><\/use><\/svg><svg x=\"0px\" y=\"0px\" viewBox=\"0 0 112 112\" id=\"svg-a0a0\" class=\"u-svg-content\"><path d=\"M55.9,32.9c-12.8,0-23.2,10.4-23.2,23.2s10.4,23.2,23.2,23.2s23.2-10.4,23.2-23.2S68.7,32.9,55.9,32.9z M55.9,69.4c-7.4,0-13.3-6-13.3-13.3c-0.1-7.4,6-13.3,13.3-13.3s13.3,6,13.3,13.3C69.3,63.5,63.3,69.4,55.9,69.4z\"><\/path><path d=\"M79.7,26.8c-3,0-5.4,2.5-5.4,5.4s2.5,5.4,5.4,5.4c3,0,5.4-2.5,5.4-5.4S82.7,26.8,79.7,26.8z\"><\/path><path d=\"M78.2,11H33.5C21,11,10.8,21.3,10.8,33.7v44.7c0,12.6,10.2,22.8,22.7,22.8h44.7c12.6,0,22.7-10.2,22.7-22.7 V33.7C100.8,21.1,90.6,11,78.2,11z M91,78.4c0,7.1-5.8,12.8-12.8,12.8H33.5c-7.1,0-12.8-5.8-12.8-12.8V33.7 c0-7.1,5.8-12.8,12.8-12.8h44.7c7.1,0,12.8,5.8,12.8,12.8V78.4z\"><\/path><\/svg><\/span>\n                  <\/a>\n                  <a class=\"u-social-url\" target=\"_blank\" href=\"#\"><span class=\"u-icon u-icon-circle u-social-icon u-social-linkedin u-text-palette-4-base u-icon-8\"><svg class=\"u-svg-link\" preserveAspectRatio=\"xMidYMin slice\" viewBox=\"0 0 112 112\" style=\"\"><use xmlns:xlink=\"http:\/\/www.w3.org\/1999\/xlink\" xlink:href=\"#svg-78e1\"><\/use><\/svg><svg x=\"0px\" y=\"0px\" viewBox=\"0 0 112 112\" id=\"svg-78e1\" class=\"u-svg-content\"><path d=\"M33.8,96.8H14.5v-58h19.3V96.8z M24.1,30.9L24.1,30.9c-6.6,0-10.8-4.5-10.8-10.1c0-5.8,4.3-10.1,10.9-10.1 S34.9,15,35.1,20.8C35.1,26.4,30.8,30.9,24.1,30.9z M103.3,96.8H84.1v-31c0-7.8-2.7-13.1-9.8-13.1c-5.3,0-8.5,3.6-9.9,7.1 c-0.6,1.3-0.6,3-0.6,4.8V97H44.5c0,0,0.3-52.6,0-58h19.3v8.2c2.6-3.9,7.2-9.6,17.4-9.6c12.7,0,22.2,8.4,22.2,26.1V96.8z\"><\/path><\/svg><\/span>\n                  <\/a>\n                <\/div>\n              <\/div>\n            <\/div>\n            <div class=\"u-align-center u-container-style u-list-item u-repeater-item u-white u-list-item-3\" data-animation-name=\"customAnimationIn\" data-animation-duration=\"1500\" data-animation-delay=\"0\">\n              <div class=\"u-container-layout u-similar-container u-valign-top u-container-layout-3\">\n                <img alt=\"\" class=\"u-image u-image-round u-radius-20 u-image-3\" src=\"https:\/\/cji.uniri.hr\/wp-content\/uploads\/fggf.jpg\" data-image-width=\"404\" data-image-height=\"404\" data-animation-name=\"customAnimationIn\" data-animation-duration=\"1500\" data-animation-delay=\"500\">\n                <h4 class=\"u-align-center u-text u-text-8\">Bob Greenfield<\/h4>\n                <p class=\"u-align-center u-text u-text-palette-4-base u-text-9\">programming guru<\/p>\n                <p class=\"u-align-center u-text u-text-10\">Glavi amet ritnisl libero molestie ante ut fringilla purus eros quis glavrid from dolor amet iquam lorem bibendum<\/p>\n                <div class=\"u-social-icons u-spacing-10 u-social-icons-3\">\n                  <a class=\"u-social-url\" target=\"_blank\" href=\"\"><span class=\"u-icon u-icon-circle u-social-facebook u-social-icon u-text-palette-4-base u-icon-9\"><svg class=\"u-svg-link\" preserveAspectRatio=\"xMidYMin slice\" viewBox=\"0 0 112 112\" style=\"\"><use xmlns:xlink=\"http:\/\/www.w3.org\/1999\/xlink\" xlink:href=\"#svg-ad72\"><\/use><\/svg><svg x=\"0px\" y=\"0px\" viewBox=\"0 0 112 112\" id=\"svg-ad72\" class=\"u-svg-content\"><path d=\"M75.5,28.8H65.4c-1.5,0-4,0.9-4,4.3v9.4h13.9l-1.5,15.8H61.4v45.1H42.8V58.3h-8.8V42.4h8.8V32.2 c0-7.4,3.4-18.8,18.8-18.8h13.8v15.4H75.5z\"><\/path><\/svg><\/span>\n                  <\/a>\n                  <a class=\"u-social-url\" target=\"_blank\" href=\"\"><span class=\"u-icon u-icon-circle u-social-icon u-social-twitter u-text-palette-4-base u-icon-10\"><svg class=\"u-svg-link\" preserveAspectRatio=\"xMidYMin slice\" viewBox=\"0 0 112 112\" style=\"\"><use xmlns:xlink=\"http:\/\/www.w3.org\/1999\/xlink\" xlink:href=\"#svg-f916\"><\/use><\/svg><svg x=\"0px\" y=\"0px\" viewBox=\"0 0 112 112\" id=\"svg-f916\" class=\"u-svg-content\"><path d=\"M92.2,38.2c0,0.8,0,1.6,0,2.3c0,24.3-18.6,52.4-52.6,52.4c-10.6,0.1-20.2-2.9-28.5-8.2 c1.4,0.2,2.9,0.2,4.4,0.2c8.7,0,16.7-2.9,23-7.9c-8.1-0.2-14.9-5.5-17.3-12.8c1.1,0.2,2.4,0.2,3.4,0.2c1.6,0,3.3-0.2,4.8-0.7 c-8.4-1.6-14.9-9.2-14.9-18c0-0.2,0-0.2,0-0.2c2.5,1.4,5.4,2.2,8.4,2.3c-5-3.3-8.3-8.9-8.3-15.4c0-3.4,1-6.5,2.5-9.2 c9.1,11.1,22.7,18.5,38,19.2c-0.2-1.4-0.4-2.8-0.4-4.3c0.1-10,8.3-18.2,18.5-18.2c5.4,0,10.1,2.2,13.5,5.7c4.3-0.8,8.1-2.3,11.7-4.5 c-1.4,4.3-4.3,7.9-8.1,10.1c3.7-0.4,7.3-1.4,10.6-2.9C98.9,32.3,95.7,35.5,92.2,38.2z\"><\/path><\/svg><\/span>\n                  <\/a>\n                  <a class=\"u-social-url\" target=\"_blank\" href=\"\"><span class=\"u-icon u-icon-circle u-social-icon u-social-instagram u-text-palette-4-base u-icon-11\"><svg class=\"u-svg-link\" preserveAspectRatio=\"xMidYMin slice\" viewBox=\"0 0 112 112\" style=\"\"><use xmlns:xlink=\"http:\/\/www.w3.org\/1999\/xlink\" xlink:href=\"#svg-a0a0\"><\/use><\/svg><svg x=\"0px\" y=\"0px\" viewBox=\"0 0 112 112\" id=\"svg-a0a0\" class=\"u-svg-content\"><path d=\"M55.9,32.9c-12.8,0-23.2,10.4-23.2,23.2s10.4,23.2,23.2,23.2s23.2-10.4,23.2-23.2S68.7,32.9,55.9,32.9z M55.9,69.4c-7.4,0-13.3-6-13.3-13.3c-0.1-7.4,6-13.3,13.3-13.3s13.3,6,13.3,13.3C69.3,63.5,63.3,69.4,55.9,69.4z\"><\/path><path d=\"M79.7,26.8c-3,0-5.4,2.5-5.4,5.4s2.5,5.4,5.4,5.4c3,0,5.4-2.5,5.4-5.4S82.7,26.8,79.7,26.8z\"><\/path><path d=\"M78.2,11H33.5C21,11,10.8,21.3,10.8,33.7v44.7c0,12.6,10.2,22.8,22.7,22.8h44.7c12.6,0,22.7-10.2,22.7-22.7 V33.7C100.8,21.1,90.6,11,78.2,11z M91,78.4c0,7.1-5.8,12.8-12.8,12.8H33.5c-7.1,0-12.8-5.8-12.8-12.8V33.7 c0-7.1,5.8-12.8,12.8-12.8h44.7c7.1,0,12.8,5.8,12.8,12.8V78.4z\"><\/path><\/svg><\/span>\n                  <\/a>\n                  <a class=\"u-social-url\" target=\"_blank\" href=\"#\"><span class=\"u-icon u-icon-circle u-social-icon u-social-linkedin u-text-palette-4-base u-icon-12\"><svg class=\"u-svg-link\" preserveAspectRatio=\"xMidYMin slice\" viewBox=\"0 0 112 112\" style=\"\"><use xmlns:xlink=\"http:\/\/www.w3.org\/1999\/xlink\" xlink:href=\"#svg-78e1\"><\/use><\/svg><svg x=\"0px\" y=\"0px\" viewBox=\"0 0 112 112\" id=\"svg-78e1\" class=\"u-svg-content\"><path d=\"M33.8,96.8H14.5v-58h19.3V96.8z M24.1,30.9L24.1,30.9c-6.6,0-10.8-4.5-10.8-10.1c0-5.8,4.3-10.1,10.9-10.1 S34.9,15,35.1,20.8C35.1,26.4,30.8,30.9,24.1,30.9z M103.3,96.8H84.1v-31c0-7.8-2.7-13.1-9.8-13.1c-5.3,0-8.5,3.6-9.9,7.1 c-0.6,1.3-0.6,3-0.6,4.8V97H44.5c0,0,0.3-52.6,0-58h19.3v8.2c2.6-3.9,7.2-9.6,17.4-9.6c12.7,0,22.2,8.4,22.2,26.1V96.8z\"><\/path><\/svg><\/span>\n                  <\/a>\n                <\/div>\n              <\/div>\n            <\/div>\n          <\/div>\n        <\/div>\n        <p class=\"u-text u-text-default u-text-11\">Image by <a href=\"https:\/\/freepik.com\" class=\"u-active-none u-border-1 u-border-active-palette-2-base u-border-black u-border-hover-palette-2-base u-border-no-left u-border-no-right u-border-no-top u-btn u-button-link u-button-style u-hover-none u-none u-radius-0 u-text-active-black u-text-body-color u-text-hover-black u-btn-1\">Freepik<\/a>\n        <\/p>\n      <\/div>\n    <\/section>\n    <section class=\"u-clearfix u-palette-4-base u-section-9\" id=\"sec-4577\">\n      <div class=\"u-clearfix u-sheet u-valign-middle u-sheet-1\">\n        <div class=\"u-clearfix u-expanded-width u-layout-wrap u-layout-wrap-1\">\n          <div class=\"u-layout\">\n            <div class=\"u-layout-row\">\n              <div class=\"u-container-style u-layout-cell u-size-34-xl u-size-39-lg u-size-39-md u-size-39-sm u-size-39-xs u-layout-cell-1\" data-animation-name=\"customAnimationIn\" data-animation-duration=\"1500\" data-animation-delay=\"500\">\n                <div class=\"u-container-layout u-valign-middle-xl u-valign-top-lg u-valign-top-md u-valign-top-sm u-valign-top-xs u-container-layout-1\">\n                  <h2 class=\"u-text u-text-1\"> Start using <span style=\"font-weight: 700;\">Our App<\/span> for free\n                  <\/h2>\n                  <p class=\"u-text u-text-2\"> Access all Xero features for 30 days, then decide which plan best suits your business.<\/p>\n                  <div class=\"u-expanded-width-md u-expanded-width-sm u-expanded-width-xs u-form u-form-1\">\n                    <form action=\"https:\/\/forms.nicepagesrv.com\/Form\/Process\" class=\"u-clearfix u-form-horizontal u-form-spacing-13 u-inner-form\" source=\"email\" name=\"form\" style=\"padding: 0px;\">\n                      <div class=\"u-form-email u-form-group u-label-none\">\n                        <label for=\"email-6564\" class=\"u-label u-label-1\">Email<\/label>\n                        <input type=\"email\" placeholder=\"Enter a valid email address\" id=\"email-6564\" name=\"email\" class=\"u-border-5 u-border-grey-5 u-grey-5 u-input u-input-rectangle u-radius-50\" required=\"\">\n                      <\/div>\n                      <div class=\"u-align-left u-form-group u-form-submit u-label-none\">\n                        <a href=\"#\" class=\"u-active-palette-1-dark-3 u-border-5 u-border-active-palette-1-dark-3 u-border-hover-palette-1-dark-3 u-border-palette-1-base u-btn u-btn-round u-btn-submit u-button-style u-hover-palette-1-dark-3 u-palette-1-base u-radius-50 u-btn-1\">Submit<\/a>\n                        <input type=\"submit\" value=\"submit\" class=\"u-form-control-hidden\">\n                      <\/div>\n                      <div class=\"u-form-send-message u-form-send-success\"> Thank you! Your message has been sent. <\/div>\n                      <div class=\"u-form-send-error u-form-send-message\"> Unable to send your message. Please fix errors then try again. <\/div>\n                      <input type=\"hidden\" value=\"\" name=\"recaptchaResponse\">\n                      <input type=\"hidden\" name=\"formServices\" value=\"06626b98726a5e61636db367950c904a\">\n                    <\/form>\n                  <\/div>\n                  <p class=\"u-text u-text-3\"> Or <a href=\"https:\/\/nicepage.review\" class=\"u-active-none u-border-2 u-border-active-palette-4-light-1 u-border-hover-palette-4-light-1 u-border-no-left u-border-no-right u-border-no-top u-border-white u-bottom-left-radius-0 u-bottom-right-radius-0 u-btn u-button-link u-button-style u-hover-none u-none u-radius-0 u-text-active-palette-4-light-1 u-text-body-alt-color u-text-hover-palette-4-light-1 u-top-left-radius-0 u-top-right-radius-0 u-btn-2\" target=\"_blank\">compare plans from $17 per month<\/a>\n                  <\/p>\n                <\/div>\n              <\/div>\n              <div class=\"u-align-left u-container-style u-layout-cell u-size-21-lg u-size-21-md u-size-21-sm u-size-21-xs u-size-26-xl u-layout-cell-2\" data-animation-name=\"customAnimationIn\" data-animation-duration=\"1500\" data-animation-delay=\"500\">\n                <div class=\"u-container-layout u-valign-middle u-container-layout-2\">\n                  <ul class=\"u-custom-list u-file-icon u-text u-text-default u-text-4\">\n                    <li style=\"padding-left: 10px;\">\n                      <div class=\"u-list-icon u-text-white\">\n                        <svg class=\"u-svg-content\" viewBox=\"0 0 512 512\" id=\"svg-53bb\"><path d=\"m433.1 67.1-231.8 231.9c-6.2 6.2-16.4 6.2-22.6 0l-99.8-99.8-78.9 78.8 150.5 150.5c10.5 10.5 24.6 16.3 39.4 16.3 14.8 0 29-5.9 39.4-16.3l282.7-282.5z\" fill=\"currentColor\"><\/path><\/svg>\n                      <\/div> Safe and secure \n                    <\/li>\n                    <li style=\"padding-left: 10px;\">\n                      <div class=\"u-list-icon u-text-white\">\n                        <svg class=\"u-svg-content\" viewBox=\"0 0 512 512\" id=\"svg-53bb\"><path d=\"m433.1 67.1-231.8 231.9c-6.2 6.2-16.4 6.2-22.6 0l-99.8-99.8-78.9 78.8 150.5 150.5c10.5 10.5 24.6 16.3 39.4 16.3 14.8 0 29-5.9 39.4-16.3l282.7-282.5z\" fill=\"currentColor\"><\/path><\/svg>\n                      <\/div>Cancel any time \n                    <\/li>\n                    <li style=\"padding-left: 10px;\">\n                      <div class=\"u-list-icon u-text-white\">\n                        <svg class=\"u-svg-content\" viewBox=\"0 0 512 512\" id=\"svg-53bb\"><path d=\"m433.1 67.1-231.8 231.9c-6.2 6.2-16.4 6.2-22.6 0l-99.8-99.8-78.9 78.8 150.5 150.5c10.5 10.5 24.6 16.3 39.4 16.3 14.8 0 29-5.9 39.4-16.3l282.7-282.5z\" fill=\"currentColor\"><\/path><\/svg>\n                      <\/div>24\/7 online support\n                    <\/li>\n                  <\/ul>\n                <\/div>\n              <\/div>\n            <\/div>\n          <\/div>\n        <\/div>\n      <\/div>\n    <\/section>\n    <section class=\"u-clearfix u-section-10\" id=\"sec-2c95\">\n      <div class=\"u-clearfix u-sheet u-sheet-1\">\n        <div class=\"u-blog u-container-style u-expanded-width u-layout-horizontal u-blog-1\">\n          <div class=\"u-list-control\"><\/div>\n          <div class=\"u-repeater u-repeater-1\">\n            <div class=\"u-blog-post u-invisible u-container-style u-repeater-item\">\n              <div class=\"u-container-layout u-similar-container u-container-layout-1\">\n                <h2 class=\"u-blog-control u-text\">\n                  <a class=\"u-post-header-link\" href=\"https:\/\/cji.uniri.hr\/hr\/cji-predavanje-mirela-fus-holmedal-philosophical-foundations-of-human-and-ai-generated-communication-with-plausible-deniability-its-global-impacts-and-non-linguistic-counterparts-11-6-2024-u\/\">CJI Predavanje: Mirela Fus-Holmedal \"Philosophical foundations of human and AI-generated communication with plausible deniability, its global impacts, and non-linguistic counterparts\" 11. 6. 2024. u 12 sati (F-501)<\/a>\n                <\/h2><div class=\"none-post-image\" style=\"display: none;\"><\/div>\n                <div class=\"u-blog-control u-post-content u-text\"><p>\nCentar za jezi\u010dna istra\u017eivanja Filozofskog fakulteta u Rijeci poziva vas u utorak 11. lipnja 2024. u 12 sati (predavaonica F-501) na predavanje &hellip;<\/p><\/div>\n              <\/div>\n            <\/div>\n            <div class=\"u-blog-post u-invisible u-container-style u-repeater-item\">\n              <div class=\"u-container-layout u-similar-container u-container-layout-2\">\n                <h2 class=\"u-blog-control u-text\">\n                  <a class=\"u-post-header-link\" href=\"https:\/\/cji.uniri.hr\/hr\/cji_predavanje_coh-metrix_samo_rujevcan\/\">CJI Predavanje: \u0160amo R. , Rujev\u010dan D. - Analiza teksta uz pomo\u0107 Coh-Metrix - 25.3.  12:00 F402<\/a>\n                <\/h2><a class=\"u-blog-control u-expanded-width u-image u-image-default u-image-2\" href=\"https:\/\/cji.uniri.hr\/hr\/cji_predavanje_coh-metrix_samo_rujevcan\/\">\n                <img src=\"https:\/\/cji.uniri.hr\/wp-content\/uploads\/DALL\u00b7E-2024-03-24-22.37.37-Create-an-abstract-poster-design-without-text-for-an-academic-event-focused-on-linguistics-and-text-analysis.-The-design-should-subtly-represent-the-.webp\" alt=\"\" class=\"u-blog-control u-expanded-width u-image u-image-default u-image-2\"><\/a>\n                <div class=\"u-blog-control u-post-content u-text\"><p>\nCentar za jezi\u010dna istra\u017eivanja Filozofskog fakulteta u Rijeci poziva vas uponedjeljak 25. o\u017eujka 2024. u 12 sati (predavaonica F-402) na &hellip;<\/p><\/div>\n              <\/div>\n            <\/div>\n            <div class=\"u-blog-post u-invisible u-container-style u-repeater-item\">\n              <div class=\"u-container-layout u-similar-container u-container-layout-3\">\n                <h2 class=\"u-blog-control u-text\">\n                  <a class=\"u-post-header-link\" href=\"https:\/\/cji.uniri.hr\/hr\/cji-predavanje-ana-mestrovic-veliki-jezicni-modeli-i-njihova-primjena-u-istrazivanjima-7-2-2024-1400-f405\/\">CJI Predavanje Ana Me\u0161trovi\u0107: Veliki jezi\u010dni modeli i njihova primjena u istra\u017eivanjima\u00a0, 7.2.2024. 14:00 F405<\/a>\n                <\/h2><a class=\"u-blog-control u-expanded-width u-image u-image-default u-image-3\" href=\"https:\/\/cji.uniri.hr\/hr\/cji-predavanje-ana-mestrovic-veliki-jezicni-modeli-i-njihova-primjena-u-istrazivanjima-7-2-2024-1400-f405\/\">\n                <img src=\"https:\/\/cji.uniri.hr\/wp-content\/uploads\/2db4b157872c4660f568be298e97b7bdffc78e3bbf928ea9d4e8b42c6e6080e859f0edf02b37d9078467cf43c177ef64741b1d3bb11141a57cd8d6_1280-e1680596084645.jpg\" alt=\"\" class=\"u-blog-control u-expanded-width u-image u-image-default u-image-3\"><\/a>\n                <div class=\"u-blog-control u-post-content u-text\"><p>\nCentar za jezi\u010dna istra\u017eivanja Filozofskog fakulteta u Rijeci poziva vas&nbsp;na predavanje Veliki jezi\u010dni modeli i njihova primjena u &hellip;<\/p><\/div>\n              <\/div>\n            <\/div>\n            <div class=\"u-blog-post u-invisible u-container-style u-repeater-item\">\n              <div class=\"u-container-layout u-similar-container u-container-layout-4\">\n                <h2 class=\"u-blog-control u-text\">\n                  <a class=\"u-post-header-link\" href=\"https:\/\/cji.uniri.hr\/hr\/cji-predavanje-mirjana-borucinsky-primjena-metoda-korpusne-lingvistike-u-jezikoslovnim-istrazivanjima-12-12-2023-1400-f-106\/\">CJI predavanje: Mirjana Borucinsky - Primjena metoda korpusne lingvistike u jezikoslovnim istra\u017eivanjima. 12.12.2023. 14:00, F-106<\/a>\n                <\/h2><a class=\"u-blog-control u-expanded-width u-image u-image-default u-image-4\" href=\"https:\/\/cji.uniri.hr\/hr\/cji-predavanje-mirjana-borucinsky-primjena-metoda-korpusne-lingvistike-u-jezikoslovnim-istrazivanjima-12-12-2023-1400-f-106\/\">\n                <img src=\"https:\/\/cji.uniri.hr\/wp-content\/uploads\/korpusna.jpg\" alt=\"\" class=\"u-blog-control u-expanded-width u-image u-image-default u-image-4\"><\/a>\n                <div class=\"u-blog-control u-post-content u-text\"><p>\nCentar za jezi\u010dna istra\u017eivanja Filozofskog fakulteta u Rijeci&nbsp;poziva vas&nbsp;na&nbsp;predstavljanje knjige&nbsp;Primjena metoda korpusne &hellip;<\/p><\/div>\n              <\/div>\n            <\/div>\n            <div class=\"u-blog-post u-invisible u-container-style u-repeater-item\">\n              <div class=\"u-container-layout u-similar-container u-container-layout-1\">\n                <h2 class=\"u-blog-control u-text\">\n                  <a class=\"u-post-header-link\" href=\"https:\/\/cji.uniri.hr\/hr\/cji-predavanje-14-11-2023-uvod-u-znanost-o-japanskom-jeziku-osnovna-obiljezja-glasovni-sustav-i-leksicki-slojevi\/\">CJI predavanje: Uvod u znanost o japanskom jeziku.\u00a0Osnovna obilje\u017eja, glasovni sustav i leksi\u010dki slojevi. 14.11.2023. 14:00, F-206<\/a>\n                <\/h2><a class=\"u-blog-control u-expanded-width u-image u-image-default u-image-1\" href=\"https:\/\/cji.uniri.hr\/hr\/cji-predavanje-14-11-2023-uvod-u-znanost-o-japanskom-jeziku-osnovna-obiljezja-glasovni-sustav-i-leksicki-slojevi\/\">\n                <img src=\"https:\/\/cji.uniri.hr\/wp-content\/uploads\/Plakat_SrdanovicSpica.jpg\" alt=\"\" class=\"u-blog-control u-expanded-width u-image u-image-default u-image-1\"><\/a>\n                <div class=\"u-blog-control u-post-content u-text\"><p>\n\n\n\n\nCentar za jezi\u010dna istra\u017eivanja Filozofskog fakulteta u Rijeci&nbsp;poziva vas&nbsp;na&nbsp;predstavljanje prvog sveska knjige&nbsp;Uvod u &hellip;<\/p><\/div>\n              <\/div>\n            <\/div>\n            <div class=\"u-blog-post u-invisible u-container-style u-repeater-item\">\n              <div class=\"u-container-layout u-similar-container u-container-layout-2\">\n                <h2 class=\"u-blog-control u-text\">\n                  <a class=\"u-post-header-link\" href=\"https:\/\/cji.uniri.hr\/hr\/konferencija-o-medijskoj-pismenosti-u-rijeci\/\">Konferencija o medijskoj pismenosti u Rijeci<\/a>\n                <\/h2><a class=\"u-blog-control u-expanded-width u-image u-image-default u-image-2\" href=\"https:\/\/cji.uniri.hr\/hr\/konferencija-o-medijskoj-pismenosti-u-rijeci\/\">\n                <img src=\"https:\/\/cji.uniri.hr\/wp-content\/uploads\/jhhhhhh-2.jpg\" alt=\"\" class=\"u-blog-control u-expanded-width u-image u-image-default u-image-2\"><\/a>\n                <div class=\"u-blog-control u-post-content u-text\"><p>\n Konferencija pod nazivom \u201eVa\u017enost medijske pismenosti u vremenu dru\u0161tvenih mre\u017ea i umjetne inteligencije\u201c , odr\u017eat \u0107e se 26. svibnja na &hellip;<\/p><\/div>\n              <\/div>\n            <\/div>\n            <div class=\"u-blog-post u-invisible u-container-style u-repeater-item\">\n              <div class=\"u-container-layout u-similar-container u-container-layout-3\">\n                <h2 class=\"u-blog-control u-text\">\n                  <a class=\"u-post-header-link\" href=\"https:\/\/cji.uniri.hr\/hr\/clanice-centra-za-jezicna-istrazivanja-dr-sc-maja-durdulov-i-dr-sc-martina-podboj-nagradene-za-nastavnu-i-znanstvenu-izvrsnost\/\">\u010clanice Centra za jezi\u010dna istra\u017eivanja dr. sc. Maja \u0110ur\u0111ulov i dr. sc. Martina Podboj nagra\u0111ene za nastavnu i znanstvenu izvrsnost<\/a>\n                <\/h2><a class=\"u-blog-control u-expanded-width u-image u-image-default u-image-3\" href=\"https:\/\/cji.uniri.hr\/hr\/clanice-centra-za-jezicna-istrazivanja-dr-sc-maja-durdulov-i-dr-sc-martina-podboj-nagradene-za-nastavnu-i-znanstvenu-izvrsnost\/\">\n                <img src=\"https:\/\/cji.uniri.hr\/wp-content\/uploads\/ffri2023.jpg\" alt=\"\" class=\"u-blog-control u-expanded-width u-image u-image-default u-image-3\"><\/a>\n                <div class=\"u-blog-control u-post-content u-text\"><p>\nDr. sc. Maja \u0110ur\u0111ulov primila je nagradu Filozofskog fakulteta u Rijeci i Sveu\u010dili\u0161ta u Rijeci za nastavnu izvrsnost, a znanstvena suradnica dr.sc.&hellip;<\/p><\/div>\n              <\/div>\n            <\/div>\n            <div class=\"u-blog-post u-invisible u-container-style u-repeater-item\">\n              <div class=\"u-container-layout u-similar-container u-container-layout-4\">\n                <h2 class=\"u-blog-control u-text\">\n                  <a class=\"u-post-header-link\" href=\"https:\/\/cji.uniri.hr\/hr\/radionica-metoda-mjerenja-evociranih-potencijala-erp-u-neurokognitivnim-istrazivanjima-28-30-6-pomorski-fakultet\/\">Radionica: Metoda mjerenja evociranih potencijala (ERP) u neurokognitivnim istra\u017eivanjima. 28-30.6. Pomorski fakultet<\/a>\n                <\/h2><a class=\"u-blog-control u-expanded-width u-image u-image-default u-image-4\" href=\"https:\/\/cji.uniri.hr\/hr\/radionica-metoda-mjerenja-evociranih-potencijala-erp-u-neurokognitivnim-istrazivanjima-28-30-6-pomorski-fakultet\/\">\n                <img src=\"https:\/\/cji.uniri.hr\/wp-content\/uploads\/lacon.png\" alt=\"\" class=\"u-blog-control u-expanded-width u-image u-image-default u-image-4\"><\/a>\n                <div class=\"u-blog-control u-post-content u-text\"><p>\nKatedra za strane jezike i Laboratorij za jezik i kognitivnu neuroznanost Pomorskog fakulteta u Rijeci (https:\/\/www.laconlab.com\/) organiziraju &hellip;<\/p><\/div>\n              <\/div>\n            <\/div>\n            <div class=\"u-blog-post u-invisible u-container-style u-repeater-item\">\n              <div class=\"u-container-layout u-similar-container u-container-layout-1\">\n                <h2 class=\"u-blog-control u-text\">\n                  <a class=\"u-post-header-link\" href=\"https:\/\/cji.uniri.hr\/hr\/unlocking-the-potential-of-language-and-language-data-at-clarc-2023\/\">Unlocking the Potential of Language and Language Data at CLARC 2023<\/a>\n                <\/h2><a class=\"u-blog-control u-expanded-width u-image u-image-default u-image-1\" href=\"https:\/\/cji.uniri.hr\/hr\/unlocking-the-potential-of-language-and-language-data-at-clarc-2023\/\">\n                <img src=\"https:\/\/cji.uniri.hr\/wp-content\/uploads\/DreamShaper_32_background_for_Unlocking_the_Potential_of_Langu_1.jpg\" alt=\"\" class=\"u-blog-control u-expanded-width u-image u-image-default u-image-1\"><\/a>\n                <div class=\"u-blog-control u-post-content u-text\">At CLARC 2023, experts will explore the potential of language and language data. Attendees will learn about the latest advances in natural language &hellip;<\/div>\n              <\/div>\n            <\/div>\n            <div class=\"u-blog-post u-invisible u-container-style u-repeater-item\">\n              <div class=\"u-container-layout u-similar-container u-container-layout-2\">\n                <h2 class=\"u-blog-control u-text\">\n                  <a class=\"u-post-header-link\" href=\"https:\/\/cji.uniri.hr\/hr\/clarc-2023-on-linguist-list\/\">CLARC 2023 on Linguist List<\/a>\n                <\/h2><a class=\"u-blog-control u-expanded-width u-image u-image-default u-image-2\" href=\"https:\/\/cji.uniri.hr\/hr\/clarc-2023-on-linguist-list\/\">\n                <img src=\"https:\/\/cji.uniri.hr\/wp-content\/uploads\/linguistlist.png\" alt=\"\" class=\"u-blog-control u-expanded-width u-image u-image-default u-image-2\"><\/a>\n                <div class=\"u-blog-control u-post-content u-text\"><p>\nWe are excited to announce that the international conference CLARC 2023 has been announced on the Linguist List: &hellip;<\/p><\/div>\n              <\/div>\n            <\/div>\n            <div class=\"u-blog-post u-invisible u-container-style u-repeater-item\">\n              <div class=\"u-container-layout u-similar-container u-container-layout-3\">\n                <h2 class=\"u-blog-control u-text\">\n                  <a class=\"u-post-header-link\" href=\"https:\/\/cji.uniri.hr\/hr\/cji-predavanje-stanislava-stasa-tofoska-glagolski-vid-kao-semanticka-i-gramaticka-kategorija-24-5-1130-f-206\/\">CJI Predavanje: Stanislava-Sta\u0161a Tofoska \"Glagolski vid kao semanti\u010dka i gramati\u010dka kategorija\", 24.5. 11:30, F-206<\/a>\n                <\/h2><a class=\"u-blog-control u-expanded-width u-image u-image-default u-image-3\" href=\"https:\/\/cji.uniri.hr\/hr\/cji-predavanje-stanislava-stasa-tofoska-glagolski-vid-kao-semanticka-i-gramaticka-kategorija-24-5-1130-f-206\/\">\n                <img src=\"https:\/\/cji.uniri.hr\/wp-content\/uploads\/tofovska.png\" alt=\"\" class=\"u-blog-control u-expanded-width u-image u-image-default u-image-3\"><\/a>\n                <div class=\"u-blog-control u-post-content u-text\"><p>\nCentar za jezi\u010dna istra\u017eivanja UNIRI sa zadovoljstvom Vas poziva na predavanje \u201eGlagolskivid kao semanti\u010dka i gramati\u010dka kategorija\u201c, koje \u0107e na &hellip;<\/p><\/div>\n              <\/div>\n            <\/div>\n            <div class=\"u-blog-post u-invisible u-container-style u-repeater-item\">\n              <div class=\"u-container-layout u-similar-container u-container-layout-4\">\n                <h2 class=\"u-blog-control u-text\">\n                  <a class=\"u-post-header-link\" href=\"https:\/\/cji.uniri.hr\/hr\/cji-workshop-pimo\/\">CJI Workshop PIMO:  14.4. F201<\/a>\n                <\/h2><a class=\"u-blog-control u-expanded-width u-image u-image-default u-image-4\" href=\"https:\/\/cji.uniri.hr\/hr\/cji-workshop-pimo\/\">\n                <img src=\"https:\/\/cji.uniri.hr\/wp-content\/uploads\/pimo.png\" alt=\"\" class=\"u-blog-control u-expanded-width u-image u-image-default u-image-4\"><\/a>\n                <div class=\"u-blog-control u-post-content u-text\"><p>\nConceptual and Social Networks for Movements of People across the Mediterranean Basin&nbsp;Digital Methods and Application of Computational Tools &hellip;<\/p><\/div>\n              <\/div>\n            <\/div>\n            <div class=\"u-blog-post u-invisible u-container-style u-repeater-item\">\n              <div class=\"u-container-layout u-similar-container u-container-layout-1\">\n                <h2 class=\"u-blog-control u-text\">\n                  <a class=\"u-post-header-link\" href=\"https:\/\/cji.uniri.hr\/hr\/cji-predavanje-andrea-selleri-oscar-wilde-on-what-makes-people-tick-14-4-1200\/\">CJI Predavanje Andrea Selleri: Oscar Wilde on What Makes People Tick, 14.4. 12:00\u00a0<\/a>\n                <\/h2><a class=\"u-blog-control u-expanded-width u-image u-image-default u-image-1\" href=\"https:\/\/cji.uniri.hr\/hr\/cji-predavanje-andrea-selleri-oscar-wilde-on-what-makes-people-tick-14-4-1200\/\">\n                <img src=\"https:\/\/cji.uniri.hr\/wp-content\/uploads\/AndreaSelleri_Web-256x300-1.jpg\" alt=\"\" class=\"u-blog-control u-expanded-width u-image u-image-default u-image-1\"><\/a>\n                <div class=\"u-blog-control u-post-content u-text\"><p>\nOscar Wilde on What Makes People Tick&nbsp;\n\n\n\nThe relationship between free will and necessity was a major concern for nineteenth-century British &hellip;<\/p><\/div>\n              <\/div>\n            <\/div>\n            <div class=\"u-blog-post u-invisible u-container-style u-repeater-item\">\n              <div class=\"u-container-layout u-similar-container u-container-layout-2\">\n                <h2 class=\"u-blog-control u-text\">\n                  <a class=\"u-post-header-link\" href=\"https:\/\/cji.uniri.hr\/hr\/cji-predavanje-simon-krek-6-4-1200-f101\/\">CJI predavanje: Simon Krek 6.4. 12:00 F101<\/a>\n                <\/h2><a class=\"u-blog-control u-expanded-width u-image u-image-default u-image-2\" href=\"https:\/\/cji.uniri.hr\/hr\/cji-predavanje-simon-krek-6-4-1200-f101\/\">\n                <img src=\"https:\/\/cji.uniri.hr\/wp-content\/uploads\/jhhhhhh-1.jpg\" alt=\"\" class=\"u-blog-control u-expanded-width u-image u-image-default u-image-2\"><\/a>\n                <div class=\"u-blog-control u-post-content u-text\"><p>\n\n\n\n\nCentar za jezi\u010dna istra\u017eivanja UNIRI Vas sa zadovoljstvom poziva na predavanje \"Opening up dictionaries for natural language understanding\" &hellip;<\/p><\/div>\n              <\/div>\n            <\/div>\n            <div class=\"u-blog-post u-invisible u-container-style u-repeater-item\">\n              <div class=\"u-container-layout u-similar-container u-container-layout-3\">\n                <h2 class=\"u-blog-control u-text\">\n                  <a class=\"u-post-header-link\" href=\"https:\/\/cji.uniri.hr\/hr\/baladria-treca-ljetna-skola-iz-podrucja-digitalne-humanistike\/\">BALADRIA - tre\u0107a ljetna \u0161kola iz podru\u010dja digitalne humanistike<\/a>\n                <\/h2><a class=\"u-blog-control u-expanded-width u-image u-image-default u-image-3\" href=\"https:\/\/cji.uniri.hr\/hr\/baladria-treca-ljetna-skola-iz-podrucja-digitalne-humanistike\/\">\n                <img src=\"https:\/\/cji.uniri.hr\/wp-content\/uploads\/Baladria2023.png\" alt=\"\" class=\"u-blog-control u-expanded-width u-image u-image-default u-image-3\"><\/a>\n                <div class=\"u-blog-control u-post-content u-text\"><p>\nZadovoljstvo nam je najaviti tre\u0107u ljetnu \u0161kolu iz podru\u010dja digitalne humanistike - BALADRIA, koja se ove godine odr\u017eava online (2 tjedna) i na &hellip;<\/p><\/div>\n              <\/div>\n            <\/div>\n            <div class=\"u-blog-post u-invisible u-container-style u-repeater-item\">\n              <div class=\"u-container-layout u-similar-container u-container-layout-4\">\n                <h2 class=\"u-blog-control u-text\">\n                  <a class=\"u-post-header-link\" href=\"https:\/\/cji.uniri.hr\/hr\/ljetna-skola-upskills-2023\/\">Ljetna \u0161kola UPSKILLS 2023<\/a>\n                <\/h2><a class=\"u-blog-control u-expanded-width u-image u-image-default u-image-4\" href=\"https:\/\/cji.uniri.hr\/hr\/ljetna-skola-upskills-2023\/\">\n                <img src=\"https:\/\/cji.uniri.hr\/wp-content\/uploads\/UPSKILLS-e1678463175853.jpg\" alt=\"\" class=\"u-blog-control u-expanded-width u-image u-image-default u-image-4\"><\/a>\n                <div class=\"u-blog-control u-post-content u-text\"><p>\nErasmus+ projekt\u00a0UPSKILLS (UPgrading the SKIlls of Linguistics and Language Students)\u00a0dodjeljuje \u0161est stipendija za poha\u0111anje ljetne \u0161kole UPSKILLS&hellip;<\/p><\/div>\n              <\/div>\n            <\/div>\n            <div class=\"u-blog-post u-invisible u-container-style u-repeater-item\">\n              <div class=\"u-container-layout u-similar-container u-container-layout-1\">\n                <h2 class=\"u-blog-control u-text\">\n                  <a class=\"u-post-header-link\" href=\"https:\/\/cji.uniri.hr\/hr\/5th-summer-datathon-on-linguistic-linked-open-data-sd-llod-23\/\">5th Summer Datathon on Linguistic Linked Open Data (SD-LLOD-23)<\/a>\n                <\/h2><a class=\"u-blog-control u-expanded-width u-image u-image-default u-image-1\" href=\"https:\/\/cji.uniri.hr\/hr\/5th-summer-datathon-on-linguistic-linked-open-data-sd-llod-23\/\">\n                <img src=\"https:\/\/cji.uniri.hr\/wp-content\/uploads\/Draft-version-of-the-Linguistic-Linked-Open-Data-cloud.png\" alt=\"\" class=\"u-blog-control u-expanded-width u-image u-image-default u-image-1\"><\/a>\n                <div class=\"u-blog-control u-post-content u-text\"><p>\nThe 5th Summer Datathon on Linguistic Linked Open Data (SD-LLOD-23) will be held physically from June 11th to June 16rd 2023 at Castle Lu\u017enica, &hellip;<\/p><\/div>\n              <\/div>\n            <\/div>\n            <div class=\"u-blog-post u-invisible u-container-style u-repeater-item\">\n              <div class=\"u-container-layout u-similar-container u-container-layout-2\">\n                <h2 class=\"u-blog-control u-text\">\n                  <a class=\"u-post-header-link\" href=\"https:\/\/cji.uniri.hr\/hr\/clarc-2023-1-call-for-papers\/\">CLARC 2023 1. Call for papers<\/a>\n                <\/h2><a class=\"u-blog-control u-expanded-width u-image u-image-default u-image-2\" href=\"https:\/\/cji.uniri.hr\/hr\/clarc-2023-1-call-for-papers\/\">\n                <img src=\"https:\/\/cji.uniri.hr\/wp-content\/uploads\/CLARC2023_1stcall.png\" alt=\"\" class=\"u-blog-control u-expanded-width u-image u-image-default u-image-2\"><\/a>\n                <div class=\"u-blog-control u-post-content u-text\"><p>\nCLARC 2023 1. Call for papers \n<\/p><\/div>\n              <\/div>\n            <\/div>\n            <div class=\"u-blog-post u-invisible u-container-style u-repeater-item\">\n              <div class=\"u-container-layout u-similar-container u-container-layout-3\">\n                <h2 class=\"u-blog-control u-text\">\n                  <a class=\"u-post-header-link\" href=\"https:\/\/cji.uniri.hr\/hr\/discussion-group-poetry-in-translation-with-bronislava-volkova-davor-grguric-and-iris-vidmar-jovanovic\/\">Discussion group: Poetry in Translation, with Bronislava Volkov\u00e1, Davor Grguri\u0107 and Iris Vidmar Jovanovi\u0107<\/a>\n                <\/h2><a class=\"u-blog-control u-expanded-width u-image u-image-default u-image-3\" href=\"https:\/\/cji.uniri.hr\/hr\/discussion-group-poetry-in-translation-with-bronislava-volkova-davor-grguric-and-iris-vidmar-jovanovic\/\">\n                <img src=\"https:\/\/cji.uniri.hr\/wp-content\/uploads\/cropped-aetna-naslovna-e1638436044831.jpg\" alt=\"\" class=\"u-blog-control u-expanded-width u-image u-image-default u-image-3\"><\/a>\n                <div class=\"u-blog-control u-post-content u-text\"><p>\nThe Aesthetic Division at the Department of Philosophy, University of Rijeka and the Croatian Society for Analytic Philosophy, in collaboration &hellip;<\/p><\/div>\n              <\/div>\n            <\/div>\n            <div class=\"u-blog-post u-invisible u-container-style u-repeater-item\">\n              <div class=\"u-container-layout u-similar-container u-container-layout-4\">\n                <h2 class=\"u-blog-control u-text\">\n                  <a class=\"u-post-header-link\" href=\"https:\/\/cji.uniri.hr\/hr\/prikaz-znanstvene-djelatnosti-clanova-cji\/\">Prikaz znanstvene djelatnosti \u010dlanova CJI<\/a>\n                <\/h2><a class=\"u-blog-control u-expanded-width u-image u-image-default u-image-4\" href=\"https:\/\/cji.uniri.hr\/hr\/prikaz-znanstvene-djelatnosti-clanova-cji\/\">\n                <img src=\"https:\/\/cji.uniri.hr\/wp-content\/uploads\/znanstvena.png\" alt=\"\" class=\"u-blog-control u-expanded-width u-image u-image-default u-image-4\"><\/a>\n                <div class=\"u-blog-control u-post-content u-text\"><p>\nPrikaz znanstvene djelatnosi \u010dlanova CJI  omogu\u0107uje a\u017eurirano zbirno pra\u0107enje znanstvene produkcije \u010dlanova centra kroz prikupljanje podataka s &hellip;<\/p><\/div>\n              <\/div>\n            <\/div>\n            <div class=\"u-blog-post u-invisible u-container-style u-repeater-item\">\n              <div class=\"u-container-layout u-similar-container u-container-layout-1\">\n                <h2 class=\"u-blog-control u-text\">\n                  <a class=\"u-post-header-link\" href=\"https:\/\/cji.uniri.hr\/hr\/predstavljanje-zbornika-sirinom-filoloske-misli-u-cast-prof-dr-sc-diani-stolac\/\">Predstavljanje zbornika '\u0160irinom filolo\u0161ke misli', u \u010dast prof. dr. sc. Diani Stolac<\/a>\n                <\/h2><a class=\"u-blog-control u-expanded-width u-image u-image-default u-image-1\" href=\"https:\/\/cji.uniri.hr\/hr\/predstavljanje-zbornika-sirinom-filoloske-misli-u-cast-prof-dr-sc-diani-stolac\/\">\n                <img src=\"https:\/\/cji.uniri.hr\/wp-content\/uploads\/slika_zbornik.png\" alt=\"\" class=\"u-blog-control u-expanded-width u-image u-image-default u-image-1\"><\/a>\n                <div class=\"u-blog-control u-post-content u-text\"><p>\nPredstavljanje zbornika \u0160irinom filolo\u0161ke misli, u \u010dast prof. dr. sc. Diani Stolac, prof. emer. odr\u017eat \u0107e se 25. sije\u010dnja 2023. u 11.30 sati u &hellip;<\/p><\/div>\n              <\/div>\n            <\/div>\n            <div class=\"u-blog-post u-invisible u-container-style u-repeater-item\">\n              <div class=\"u-container-layout u-similar-container u-container-layout-2\">\n                <h2 class=\"u-blog-control u-text\">\n                  <a class=\"u-post-header-link\" href=\"https:\/\/cji.uniri.hr\/hr\/cji-predavanje-jelena-parizoska-frazeologija-i-kognitivna-lingvistika\/\">CJI predavanje: Jelena Parizoska: \"Frazeologija i kognitivna lingvistika\". 21. 12.2022., 11:15 (F-138)<\/a>\n                <\/h2><a class=\"u-blog-control u-expanded-width u-image u-image-default u-image-2\" href=\"https:\/\/cji.uniri.hr\/hr\/cji-predavanje-jelena-parizoska-frazeologija-i-kognitivna-lingvistika\/\">\n                <img src=\"https:\/\/cji.uniri.hr\/wp-content\/uploads\/CJI_21.12..png\" alt=\"\" class=\"u-blog-control u-expanded-width u-image u-image-default u-image-2\"><\/a>\n                <div class=\"u-blog-control u-post-content u-text\"><p>\n\nhttps:\/\/youtu.be\/dIOxb7Fr1Dg?t=5\n\n\n\n\nNa Filozofskom fakultetu u Rijeci 21. 12. 2022. godine u 11.15 sati (F-138)&nbsp;doc. dr. sc. Jelena &hellip;<\/p><\/div>\n              <\/div>\n            <\/div>\n            <div class=\"u-blog-post u-invisible u-container-style u-repeater-item\">\n              <div class=\"u-container-layout u-similar-container u-container-layout-3\">\n                <h2 class=\"u-blog-control u-text\">\n                  <a class=\"u-post-header-link\" href=\"https:\/\/cji.uniri.hr\/hr\/predstavljanje-cji-programa-razvoja-mikrokvalifikacija-jezicne-tehnologije-na-dariah-day-2022\/\">Predstavljanje CJI programa razvoja mikrokvalifikacija Jezi\u010dne tehnologije na Dariah Day 2022<\/a>\n                <\/h2><a class=\"u-blog-control u-expanded-width u-image u-image-default u-image-3\" href=\"https:\/\/cji.uniri.hr\/hr\/predstavljanje-cji-programa-razvoja-mikrokvalifikacija-jezicne-tehnologije-na-dariah-day-2022\/\">\n                <img src=\"https:\/\/cji.uniri.hr\/wp-content\/uploads\/dariahday2022.png\" alt=\"\" class=\"u-blog-control u-expanded-width u-image u-image-default u-image-3\"><\/a>\n                <div class=\"u-blog-control u-post-content u-text\"><p>\nU sklopu DARIAH Day 2022 odr\u017eanom u ponedjeljak 12. prosinca 2022. od 10 do 14 sati na Filozofskom fakultetu u Zagrebu, Benedikt Perak predstavio &hellip;<\/p><\/div>\n              <\/div>\n            <\/div>\n            <div class=\"u-blog-post u-invisible u-container-style u-repeater-item\">\n              <div class=\"u-container-layout u-similar-container u-container-layout-4\">\n                <h2 class=\"u-blog-control u-text\">\n                  <a class=\"u-post-header-link\" href=\"https:\/\/cji.uniri.hr\/hr\/suradnja-laboratorij-za-jezik-i-kognitivnu-neuroznanost-laboratory-for-language-cognition-and-neuroscience-lacon\/\">CJI suradnja: Laboratorij za jezik i kognitivnu neuroznanost (Laboratory for Language, Cognition and Neuroscience \u2013 LACON)<\/a>\n                <\/h2><a class=\"u-blog-control u-expanded-width u-image u-image-default u-image-4\" href=\"https:\/\/cji.uniri.hr\/hr\/suradnja-laboratorij-za-jezik-i-kognitivnu-neuroznanost-laboratory-for-language-cognition-and-neuroscience-lacon\/\">\n                <img src=\"https:\/\/cji.uniri.hr\/wp-content\/uploads\/lacon.jpg\" alt=\"\" class=\"u-blog-control u-expanded-width u-image u-image-default u-image-4\"><\/a>\n                <div class=\"u-blog-control u-post-content u-text\"><p>\nS po\u010detkom ove akademske godine na Pomorskom fakultetu Sveu\u010dili\u0161ta u Rijeci s radom je zapo\u010deo Laboratorij za jezik i kognitivnu neuroznanost &hellip;<\/p><\/div>\n              <\/div>\n            <\/div>\n            <div class=\"u-blog-post u-invisible u-container-style u-repeater-item\">\n              <div class=\"u-container-layout u-similar-container u-container-layout-1\">\n                <h2 class=\"u-blog-control u-text\">\n                  <a class=\"u-post-header-link\" href=\"https:\/\/cji.uniri.hr\/hr\/ffri-predavanje-jezik-dijalekt-varijetet-kako-kome-zasto-rezervirati-mjesto-u-rezervatu\/\">FFRI Predavanje Jezik, dijalekt, varijetet: kako, kome, za\u0161to\u2026 rezervirati mjesto u rezervatu?!<\/a>\n                <\/h2><a class=\"u-blog-control u-expanded-width u-image u-image-default u-image-1\" href=\"https:\/\/cji.uniri.hr\/hr\/ffri-predavanje-jezik-dijalekt-varijetet-kako-kome-zasto-rezervirati-mjesto-u-rezervatu\/\">\n                <img src=\"https:\/\/cji.uniri.hr\/wp-content\/uploads\/identitet.jpg\" alt=\"\" class=\"u-blog-control u-expanded-width u-image u-image-default u-image-1\"><\/a>\n                <div class=\"u-blog-control u-post-content u-text\"><p>\n08:45\u2014 11:00 h Filozofski fakultet, Sveu\u010dili\u0161te u Rijeci \n\n\n\nKnji\u017eevnica Branka Arh i knji\u017eevnik Tomislav Ribi\u010d gost su i go\u0161\u0107a na kolegiju Etni\u010dki&hellip;<\/p><\/div>\n              <\/div>\n            <\/div>\n            <div class=\"u-blog-post u-invisible u-container-style u-repeater-item\">\n              <div class=\"u-container-layout u-similar-container u-container-layout-2\">\n                <h2 class=\"u-blog-control u-text\">\n                  <a class=\"u-post-header-link\" href=\"https:\/\/cji.uniri.hr\/hr\/razvoj-mikrokvalifikacija\/\">Razvoj mikrokvalifikacija<\/a>\n                <\/h2><a class=\"u-blog-control u-expanded-width u-image u-image-default u-image-2\" href=\"https:\/\/cji.uniri.hr\/hr\/razvoj-mikrokvalifikacija\/\">\n                <img src=\"https:\/\/cji.uniri.hr\/wp-content\/uploads\/cji-miro-2.png\" alt=\"\" class=\"u-blog-control u-expanded-width u-image u-image-default u-image-2\"><\/a>\n                <div class=\"u-blog-control u-post-content u-text\"><p>\nNa konferenciji Language, Data, Science, Tech DAYS https:\/\/cji.uniri.hr\/ldst\/ Sini\u0161a Ku\u0161i\u0107 odr\u017eao je izlaganje o Razvoju mikrokvalifikacija: &hellip;<\/p><\/div>\n              <\/div>\n            <\/div>\n            <div class=\"u-blog-post u-invisible u-container-style u-repeater-item\">\n              <div class=\"u-container-layout u-similar-container u-container-layout-3\">\n                <h2 class=\"u-blog-control u-text\">\n                  <a class=\"u-post-header-link\" href=\"https:\/\/cji.uniri.hr\/hr\/dodjela-nagrade-sveucilista-u-rijeci-za-zivotno-djelo-diana-stolac\/\">Dodjela Nagrade Sveu\u010dili\u0161ta u Rijeci za \u017eivotno djelo: Diana Stolac<\/a>\n                <\/h2><a class=\"u-blog-control u-expanded-width u-image u-image-default u-image-3\" href=\"https:\/\/cji.uniri.hr\/hr\/dodjela-nagrade-sveucilista-u-rijeci-za-zivotno-djelo-diana-stolac\/\">\n                <img src=\"https:\/\/cji.uniri.hr\/wp-content\/uploads\/stolac-75x75.jpg\" alt=\"\" class=\"u-blog-control u-expanded-width u-image u-image-default u-image-3\"><\/a>\n                <div class=\"u-blog-control u-post-content u-text\"><p>\n\n\n\n\n\n\n\n\n\n\nprofessor ememeritus Diana Stolac\n\n\n\nDugogodi\u0161nja \u010dlanica i biv\u0161a voditeljica Centra za jezi\u010dna istra\u017eivanja, professor emeritus Diana &hellip;<\/p><\/div>\n              <\/div>\n            <\/div>\n            <div class=\"u-blog-post u-invisible u-container-style u-repeater-item\">\n              <div class=\"u-container-layout u-similar-container u-container-layout-4\">\n                <h2 class=\"u-blog-control u-text\">\n                  <a class=\"u-post-header-link\" href=\"https:\/\/cji.uniri.hr\/hr\/online-course-ukrainian-as-a-foreign-language\/\">Online course: UKRAINIAN AS A FOREIGN LANGUAGE<\/a>\n                <\/h2><div class=\"none-post-image\" style=\"display: none;\"><\/div>\n                <div class=\"u-blog-control u-post-content u-text\"><p>\nThe course offered to you is designed for foreigners and people for whom Ukrainian is not their mother tongue. Learning Ukrainian as a foreign &hellip;<\/p><\/div>\n              <\/div>\n            <\/div>\n            <div class=\"u-blog-post u-invisible u-container-style u-repeater-item\">\n              <div class=\"u-container-layout u-similar-container u-container-layout-1\">\n                <h2 class=\"u-blog-control u-text\">\n                  <a class=\"u-post-header-link\" href=\"https:\/\/cji.uniri.hr\/hr\/online-tecaj-ukrajinski-kao-strani-jezik\/\">Online te\u010daj: Ukrajinski kao strani jezik<\/a>\n                <\/h2><a class=\"u-blog-control u-expanded-width u-image u-image-default u-image-1\" href=\"https:\/\/cji.uniri.hr\/hr\/online-tecaj-ukrajinski-kao-strani-jezik\/\">\n                <img src=\"https:\/\/cji.uniri.hr\/wp-content\/uploads\/ukra.png\" alt=\"\" class=\"u-blog-control u-expanded-width u-image u-image-default u-image-1\"><\/a>\n                <div class=\"u-blog-control u-post-content u-text\"><p>\n\n\n\n\nU sklopu CEEPUS razmjene, Centar za jezi\u010dna istra\u017eivanja i dr.sc. Tetiana Dobroshtan razvili su online te\u010daj \"Ukrajinski kao strani jezik\". &hellip;<\/p><\/div>\n              <\/div>\n            <\/div>\n            <div class=\"u-blog-post u-invisible u-container-style u-repeater-item\">\n              <div class=\"u-container-layout u-similar-container u-container-layout-2\">\n                <h2 class=\"u-blog-control u-text\">\n                  <a class=\"u-post-header-link\" href=\"https:\/\/cji.uniri.hr\/hr\/language-data-science-tech-days\/\">Konferencija: Language, Data, Science, Tech DAYS\u00a04.-5.7.2022.<\/a>\n                <\/h2><div class=\"none-post-image\" style=\"display: none;\"><\/div>\n                <div class=\"u-blog-control u-post-content u-text\"><p>CJI je suorganizator Language, Data, Science, Tech DAYS&nbsp;2022 koji se 4. - 5. srpnja 2022. odr\u017eava na&nbsp;Filozofskom fakultetu &hellip;<\/p><\/div>\n              <\/div>\n            <\/div>\n            <div class=\"u-blog-post u-invisible u-container-style u-repeater-item\">\n              <div class=\"u-container-layout u-similar-container u-container-layout-3\">\n                <h2 class=\"u-blog-control u-text\">\n                  <a class=\"u-post-header-link\" href=\"https:\/\/cji.uniri.hr\/hr\/cji-predavanje-tetiana-dobroshtan-ukrainian-language-history-and-modernity\/\">CJI Predavanje: Tetiana Dobroshtan Ukrainian Language history and modernity<\/a>\n                <\/h2><div class=\"none-post-image\" style=\"display: none;\"><\/div>\n                <div class=\"u-blog-control u-post-content u-text\"><p>\nPozivamo vas na predavanje dr.sc. Tetiane Dobroshtan (Kyiv National Linguistic University, Kyiv, Ukraine) pod naslovom \"Ukrainian Language: history&hellip;<\/p><\/div>\n              <\/div>\n            <\/div>\n            <div class=\"u-blog-post u-invisible u-container-style u-repeater-item\">\n              <div class=\"u-container-layout u-similar-container u-container-layout-4\">\n                <h2 class=\"u-blog-control u-text\">\n                  <a class=\"u-post-header-link\" href=\"https:\/\/cji.uniri.hr\/hr\/strucna-placena-praksa-razvoj-suvremenih-komunikacijskih-tehnologija-u-komercijalnim-aplikacijama-i-industriji\/\">Stru\u010dna pla\u0107ena praksa: Razvoj suvremenih komunikacijskih tehnologija u komercijalnim aplikacijama i industriji<\/a>\n                <\/h2><div class=\"none-post-image\" style=\"display: none;\"><\/div>\n                <div class=\"u-blog-control u-post-content u-text\"><p>Kroz program UNIRI CLASS - A3 Prakti\u010dne kompetencije za budu\u0107nost, \u010dlan Centra za jezi\u010dna istra\u017eivanja,\u00a0 Benedikt Perak, u suradnji s Slobodanom &hellip;<\/p><\/div>\n              <\/div>\n            <\/div>\n            <div class=\"u-blog-post u-invisible u-container-style u-repeater-item\">\n              <div class=\"u-container-layout u-similar-container u-container-layout-1\">\n                <h2 class=\"u-blog-control u-text\">\n                  <a class=\"u-post-header-link\" href=\"https:\/\/cji.uniri.hr\/hr\/cji-predavanje-diana-stolac-hrvatski-jezik-u-dijaspori\/\">CJI Predavanje: Diana Stolac \"Hrvatski jezik u dijaspori\"<\/a>\n                <\/h2><div class=\"none-post-image\" style=\"display: none;\"><\/div>\n                <div class=\"u-blog-control u-post-content u-text\"><p>\nPozivamo vas na predavanje dr. sc. Diane Stolac, prof. emer. (Odsjek za kroatistiku Filozofskog fakulteta Sveu\u010dili\u0161ta u Rijeci) pod naslovom &hellip;<\/p><\/div>\n              <\/div>\n            <\/div>\n            <div class=\"u-blog-post u-invisible u-container-style u-repeater-item\">\n              <div class=\"u-container-layout u-similar-container u-container-layout-2\">\n                <h2 class=\"u-blog-control u-text\">\n                  <a class=\"u-post-header-link\" href=\"https:\/\/cji.uniri.hr\/hr\/poziv-na-baladria-summer-school-on-digital-humanities\/\">Poziv na Baladria Summer School on Digital Humanities<\/a>\n                <\/h2><div class=\"none-post-image\" style=\"display: none;\"><\/div>\n                <div class=\"u-blog-control u-post-content u-text\"><p>Baladria\u00a0Summer School on Digital Humanities\u00a0odr\u017eat \u0107e se ove godine ponovo u Zadru, 13.-17. lipnja 2022.\r\nPoziv za sudjelovanje na radionici &hellip;<\/p><\/div>\n              <\/div>\n            <\/div>\n            <div class=\"u-blog-post u-invisible u-container-style u-repeater-item\">\n              <div class=\"u-container-layout u-similar-container u-container-layout-3\">\n                <h2 class=\"u-blog-control u-text\">\n                  <a class=\"u-post-header-link\" href=\"https:\/\/cji.uniri.hr\/hr\/ljetna-skola-cji-cres-summer-school-in-linguistic-fieldwork-and-documentation\/\">Ljetna \u0161kola CJI CRES SUMMER SCHOOL IN LINGUISTIC FIELDWORK AND DOCUMENTATION  CRESSLING<\/a>\n                <\/h2><div class=\"none-post-image\" style=\"display: none;\"><\/div>\n                <div class=\"u-blog-control u-post-content u-text\"><p>CresSSLing\r\n\r\nCRES SUMMER SCHOOL IN\u00a0LINGUISTIC FIELDWORK AND DOCUMENTATION\u00a0\r\n\r\nUniversity of Rijeka, Croatia\r\n\r\nJuly 4th to July 8th, 2022\r\n\r\n&hellip;<\/p><\/div>\n              <\/div>\n            <\/div>\n            <div class=\"u-blog-post u-invisible u-container-style u-repeater-item\">\n              <div class=\"u-container-layout u-similar-container u-container-layout-4\">\n                <h2 class=\"u-blog-control u-text\">\n                  <a class=\"u-post-header-link\" href=\"https:\/\/cji.uniri.hr\/hr\/najava-mihaela-matesic-primijenjeni-tecaj-hrvatskoga-jezika-za-lektore-i-prevodioce\/\">Iz medija: Mihaela Mate\u0161i\u0107 \"Primijenjeni te\u010daj hrvatskoga jezika za lektore i prevodioce\"<\/a>\n                <\/h2><a class=\"u-blog-control u-expanded-width u-image u-image-default u-image-4\" href=\"https:\/\/cji.uniri.hr\/hr\/najava-mihaela-matesic-primijenjeni-tecaj-hrvatskoga-jezika-za-lektore-i-prevodioce\/\">\n                <img src=\"https:\/\/static.xx.fbcdn.net\/images\/emoji.php\/v9\/ta8\/1.5\/16\/1f447.png\"><\/p>\n<!-- \/wp:paragraph -->\n\n<!-- wp:paragraph -->\n<p><a href=\"https:\/\/www.novilist.hr\/ostalo\/kultura\/knjizevnost\/lektori-nisu-jezicna-policija-nego-dragocjeni-suradnici-autorima\/?fbclid=IwAR0OYwaw2or5KsKFaoQdnM5lUHBesphSzHvdEFetmtv1yGUgXjAtDyW-fT4\" alt=\"\" class=\"u-blog-control u-expanded-width u-image u-image-default u-image-4\"><\/a>\n                <div class=\"u-blog-control u-post-content u-text\"><p>\nNa\u0161a Mihaela Mate\u0161i\u0107 za Novi list predstavila je \u010dari lektorskoga posla, a Mirjana Crni\u0107 Novosel otkrila je kako je biti dijalektolo\u0161ki lektor \n\n\n\n&hellip;<\/p><\/div>\n              <\/div>\n            <\/div>\n            <div class=\"u-blog-post u-invisible u-container-style u-repeater-item\">\n              <div class=\"u-container-layout u-similar-container u-container-layout-1\">\n                <h2 class=\"u-blog-control u-text\">\n                  <a class=\"u-post-header-link\" href=\"https:\/\/cji.uniri.hr\/hr\/poveznica-tihana-kras-i-natasa-kosuta-o-bilingualism-matters\/\">Poveznica: Tihana Kra\u0161 i Nata\u0161a Ko\u0161uta \"O Bilingualism Matters\"<\/a>\n                <\/h2><div class=\"none-post-image\" style=\"display: none;\"><\/div>\n                <div class=\"u-blog-control u-post-content u-text\"><p>\nO Europskom danu jezika, o online kvizu koji je tim povodom osmislio Bilingualism Matters@Rijeka, o rije\u010dkom ogranku i me\u0111unarodnoj mre\u017ei &hellip;<\/p><\/div>\n              <\/div>\n            <\/div>\n            <div class=\"u-blog-post u-invisible u-container-style u-repeater-item\">\n              <div class=\"u-container-layout u-similar-container u-container-layout-2\">\n                <h2 class=\"u-blog-control u-text\">\n                  <a class=\"u-post-header-link\" href=\"https:\/\/cji.uniri.hr\/hr\/poveznica-tihana-kras-upskills-projekt\/\">Poveznica: Tihana Kra\u0161 \"UPSKILLS projekt\"<\/a>\n                <\/h2><a class=\"u-blog-control u-expanded-width u-image u-image-default u-image-2\" href=\"https:\/\/cji.uniri.hr\/hr\/poveznica-tihana-kras-upskills-projekt\/\">\n                <img src=\"https:\/\/scontent-vie1-1.xx.fbcdn.net\/v\/t39.30808-6\/248941474_834932107161128_8012908622774900377_n.jpg?stp=dst-jpg_p600x600&amp;_nc_cat=105&amp;ccb=1-7&amp;_nc_sid=730e14&amp;_nc_eui2=AeFiyRL9dkQ98Aszi4wiWoBFLJ_CL5LpQWosn8IvkulBahC8yM44RoCtj5a_O7bfJYM&amp;_nc_ohc=9hxfXkhvIOYAX9R_TA1&amp;tn=cy1aaxZHPSnGFHsY&amp;_nc_ht=scontent-vie1-1.xx&amp;oh=00_AfBB8oFMSCVxLaFVmPJpTGEEZP411ZeQz71z7atRjF5FDw&amp;oe=6380ADC3\" alt=\"\" class=\"u-blog-control u-expanded-width u-image u-image-default u-image-2\"><\/a>\n                <div class=\"u-blog-control u-post-content u-text\"><p>\n\u010clanica Centra izv. prof. dr. sc. Tihana Kra\u0161 vodi projektni tim na Erasmus+ projektu UPSKILLS, \u010diji je cilj pove\u0107ati mogu\u0107nosti zapo\u0161ljavanja &hellip;<\/p><\/div>\n              <\/div>\n            <\/div>\n            <div class=\"u-blog-post u-invisible u-container-style u-repeater-item\">\n              <div class=\"u-container-layout u-similar-container u-container-layout-3\">\n                <h2 class=\"u-blog-control u-text\">\n                  <a class=\"u-post-header-link\" href=\"https:\/\/cji.uniri.hr\/hr\/cji-predavanje-slobodan-beliga-istrazivanje-infodemije-u-pandemiji-bolesti-covid-19-metodama-racunalne-analize-prirodnoga-jezika\/\">CJI Predavanje: Slobodan Beliga \"Istra\u017eivanje infodemije u pandemiji bolesti COVID-19 metodama ra\u010dunalne analize prirodnoga jezika\"<\/a>\n                <\/h2><div class=\"none-post-image\" style=\"display: none;\"><\/div>\n                <div class=\"u-blog-control u-post-content u-text\"><p>\nPozivamo vas na predavanje \u201eIstra\u017eivanje infodemije u pandemiji bolesti COVID-19 metodama ra\u010dunalne analize prirodnoga jezika\u201c. Izlaga\u010d je dr. sc. &hellip;<\/p><\/div>\n              <\/div>\n            <\/div>\n            <div class=\"u-blog-post u-invisible u-container-style u-repeater-item\">\n              <div class=\"u-container-layout u-similar-container u-container-layout-4\">\n                <h2 class=\"u-blog-control u-text\">\n                  <a class=\"u-post-header-link\" href=\"https:\/\/cji.uniri.hr\/hr\/cji-predavanje-mihaela-matesic-i-anita-memisevic-kako-govorimo-o-govorenju-istrazivanje-konceptualizacije-govorenja-utemeljeno-na-mreznom-korpusu\/\">CJI predavanje: Mihaela Mate\u0161i\u0107 i Anita Memi\u0161evi\u0107 \"Kako govorimo o govorenju: istra\u017eivanje konceptualizacije govorenja utemeljeno na mre\u017enom korpusu\"<\/a>\n                <\/h2><div class=\"none-post-image\" style=\"display: none;\"><\/div>\n                <div class=\"u-blog-control u-post-content u-text\"><p>\nPozivamo vas na predavanje \u201eKako govorimo o govorenju: istra\u017eivanje konceptualizacije govorenja utemeljeno na mre\u017enom korpusu\u201c. Izlaga\u010dice su izv. &hellip;<\/p><\/div>\n              <\/div>\n            <\/div>\n            <div class=\"u-blog-post u-invisible u-container-style u-repeater-item\">\n              <div class=\"u-container-layout u-similar-container u-container-layout-1\">\n                <h2 class=\"u-blog-control u-text\">\n                  <a class=\"u-post-header-link\" href=\"https:\/\/cji.uniri.hr\/hr\/predavanja-centra-za-jezicna-istrazivanja-u-ak-god-2020-21\/\">Predavanja Centra za jezi\u010dna istra\u017eivanja u ak. god. 2020.\/21.<\/a>\n                <\/h2><div class=\"none-post-image\" style=\"display: none;\"><\/div>\n                <div class=\"u-blog-control u-post-content u-text\"><p>\u00a0\u201eOd skrinanja i sinanja do koronizacije i maskizma \u2012 neologizmi izme\u0111u kreativnosti i jezi\u010dnoga posu\u0111ivanja\u201c\r\ndoc. prof. dr. sc. Ana Miki\u0107 \u010coli\u0107 &hellip;<\/p><\/div>\n              <\/div>\n            <\/div>\n            <div class=\"u-blog-post u-invisible u-container-style u-repeater-item\">\n              <div class=\"u-container-layout u-similar-container u-container-layout-2\">\n                <h2 class=\"u-blog-control u-text\">\n                  <a class=\"u-post-header-link\" href=\"https:\/\/cji.uniri.hr\/hr\/cji-predavanje-cecilija-jurcic-katunar-ekspresivna-snaga-tabua-upravljanje-zabranjenom-stvarnoscu\/\">CJI predavanje: Cecilija Jur\u010di\u0107 Katunar \"Ekspresivna snaga tabua \u2013 upravljanje zabranjenom stvarno\u0161\u0107u\"<\/a>\n                <\/h2><div class=\"none-post-image\" style=\"display: none;\"><\/div>\n                <div class=\"u-blog-control u-post-content u-text\"><p>\nPozivamo vas na predavanje \u201eEkspresivna snaga tabua \u2013 upravljanje zabranjenom stvarno\u0161\u0107u\u201c. Izlaga\u010dica je doc. dr. sc. Cecilija Jur\u010di\u0107 Katunar s &hellip;<\/p><\/div>\n              <\/div>\n            <\/div>\n            <div class=\"u-blog-post u-invisible u-container-style u-repeater-item\">\n              <div class=\"u-container-layout u-similar-container u-container-layout-3\">\n                <h2 class=\"u-blog-control u-text\">\n                  <a class=\"u-post-header-link\" href=\"https:\/\/cji.uniri.hr\/hr\/scimeth-2021\/\">SCIMETH 2021<\/a>\n                <\/h2><div class=\"none-post-image\" style=\"display: none;\"><\/div>\n                <div class=\"u-blog-control u-post-content u-text\"><p>5. simpozij SCIMETH\r\nSuvremene metode obrade jezika\r\n23. lipnja 2021.\r\nFilozofski fakultet u Rijeci \u2013 u virtualnom okru\u017eenju na platformi Zoom\r\n&hellip;<\/p><\/div>\n              <\/div>\n            <\/div>\n            <div class=\"u-blog-post u-invisible u-container-style u-repeater-item\">\n              <div class=\"u-container-layout u-similar-container u-container-layout-4\">\n                <h2 class=\"u-blog-control u-text\">\n                  <a class=\"u-post-header-link\" href=\"https:\/\/cji.uniri.hr\/hr\/cji-predavanje-doc-dr-sc-iris-vidmar-jovanovic-modes-of-engagements-with-poetry\/\">CJI predavanje: doc. dr. sc. Iris Vidmar Jovanovi\u0107, \"Modes of Engagements with Poetry\"<\/a>\n                <\/h2><a class=\"u-blog-control u-expanded-width u-image u-image-default u-image-4\" href=\"https:\/\/cji.uniri.hr\/hr\/cji-predavanje-doc-dr-sc-iris-vidmar-jovanovic-modes-of-engagements-with-poetry\/\">\n                <img src=\"https:\/\/cji.uniri.hr\/wp-content\/uploads\/pkat.png\" alt=\"\" class=\"u-blog-control u-expanded-width u-image u-image-default u-image-4\"><\/a>\n                <div class=\"u-blog-control u-post-content u-text\"><p>Modes of Engagements with Poetry\n&nbsp;dr. sc. Iris Vidmar Jovanovi\u0107\nSveu\u010dili\u0161te u Rijeci, Filozofski fakultet\n&nbsp;\n&nbsp;\n\npetak, 24. sije\u010dnja &hellip;<\/p><\/div>\n              <\/div>\n            <\/div>\n            <div class=\"u-blog-post u-invisible u-container-style u-repeater-item\">\n              <div class=\"u-container-layout u-similar-container u-container-layout-1\">\n                <h2 class=\"u-blog-control u-text\">\n                  <a class=\"u-post-header-link\" href=\"https:\/\/cji.uniri.hr\/hr\/cji-predavanje-transfer-znanja-iz-podrucja-lingvistike-i-racunalne-analize-prirodnoga-jezika-u-suvremene-tehnologije\/\">CJI predavanje: Transfer znanja iz podru\u010dja lingvistike i ra\u010dunalne analize prirodnoga jezika u suvremene tehnologije<\/a>\n                <\/h2><div class=\"none-post-image\" style=\"display: none;\"><\/div>\n                <div class=\"u-blog-control u-post-content u-text\"><p>CJI PREDAVANJE:\r\n&nbsp;\r\nTransfer znanja iz podru\u010dja lingvistike i ra\u010dunalne analize prirodnoga jezika u suvremene tehnologije\r\n&nbsp;\r\ndr. sc. Ana &hellip;<\/p><\/div>\n              <\/div>\n            <\/div>\n            <div class=\"u-blog-post u-invisible u-container-style u-repeater-item\">\n              <div class=\"u-container-layout u-similar-container u-container-layout-2\">\n                <h2 class=\"u-blog-control u-text\">\n                  <a class=\"u-post-header-link\" href=\"https:\/\/cji.uniri.hr\/hr\/cji-predavanje-jeziku-je-svejedno-hrvatski-jezik-izmedu-lingvistike-i-ideologije\/\">CJI predavanje: Jeziku je svejedno: hrvatski jezik izme\u0111u lingvistike i ideologije<\/a>\n                <\/h2><a class=\"u-blog-control u-expanded-width u-image u-image-default u-image-2\" href=\"https:\/\/cji.uniri.hr\/hr\/cji-predavanje-jeziku-je-svejedno-hrvatski-jezik-izmedu-lingvistike-i-ideologije\/\">\n                <img src=\"https:\/\/cji.uniri.hr\/wp-content\/uploads\/jeziku-je-svejedno-2.png\" alt=\"\" class=\"u-blog-control u-expanded-width u-image u-image-default u-image-2\"><\/a>\n                <div class=\"u-blog-control u-post-content u-text\"><p>\u00a0\u00a0\u00a0\u00a0\u00a0\u00a0 <\/p><\/div>\n              <\/div>\n            <\/div>\n            <div class=\"u-blog-post u-invisible u-container-style u-repeater-item\">\n              <div class=\"u-container-layout u-similar-container u-container-layout-3\">\n                <h2 class=\"u-blog-control u-text\">\n                  <a class=\"u-post-header-link\" href=\"https:\/\/cji.uniri.hr\/hr\/cji-predavanje-izv-prof-dr-sc-mihaela-matesic-standardizacija-hrvatske-ortoepije-teorijska-polazista-i-izazovi-prakse\/\">CJI predavanje: izv. prof. dr. sc. Mihaela Mate\u0161i\u0107, \"Standardizacija hrvatske ortoepije \u2013 teorijska polazi\u0161ta i izazovi prakse\"<\/a>\n                <\/h2><a class=\"u-blog-control u-expanded-width u-image u-image-default u-image-3\" href=\"https:\/\/cji.uniri.hr\/hr\/cji-predavanje-izv-prof-dr-sc-mihaela-matesic-standardizacija-hrvatske-ortoepije-teorijska-polazista-i-izazovi-prakse\/\">\n                <img src=\"https:\/\/cji.uniri.hr\/wp-content\/uploads\/IMG_20190606_141528b-440x280.jpg\" alt=\"\" class=\"u-blog-control u-expanded-width u-image u-image-default u-image-3\"><\/a>\n                <div class=\"u-blog-control u-post-content u-text\"><p>PREDAVANJE\r\n\r\n\r\nizv. prof. dr. sc. Mihaela Mate\u0161i\u0107\r\nFilozofski fakultet, Sveu\u010dili\u0161te u Rijeci\r\n\r\nStandardizacija hrvatske ortoepije \u2013 teorijska &hellip;<\/p><\/div>\n              <\/div>\n            <\/div>\n            <div class=\"u-blog-post u-invisible u-container-style u-repeater-item\">\n              <div class=\"u-container-layout u-similar-container u-container-layout-4\">\n                <h2 class=\"u-blog-control u-text\">\n                  <a class=\"u-post-header-link\" href=\"https:\/\/cji.uniri.hr\/hr\/cji-predavanje-masa-pleskovic-prof-istrazivanje-fijumanskoga-dijalekta-izazovi-rezultati-i-preporuke-za-ocuvanje\/\">CJI predavanje: Ma\u0161a Ple\u0161kovi\u0107, prof., \"Istra\u017eivanje fijumanskoga dijalekta \u2013 izazovi, rezultati i preporuke za o\u010duvanje\"<\/a>\n                <\/h2><a class=\"u-blog-control u-expanded-width u-image u-image-default u-image-4\" href=\"https:\/\/cji.uniri.hr\/hr\/cji-predavanje-masa-pleskovic-prof-istrazivanje-fijumanskoga-dijalekta-izazovi-rezultati-i-preporuke-za-ocuvanje\/\">\n                <img src=\"https:\/\/cji.uniri.hr\/wp-content\/uploads\/IMG_20190530_141306-1-225x300.jpg\" alt=\"\" class=\"u-blog-control u-expanded-width u-image u-image-default u-image-4\"><\/a>\n                <div class=\"u-blog-control u-post-content u-text\"><p>Poziv na predavanje\r\n\r\nMa\u0161a Ple\u0161kovi\u0107, prof.\r\nFilozofski fakultet, Sveu\u010dili\u0161te u Rijeci\r\n\r\n\r\nIstra\u017eivanje fijumanskoga dijalekta \u2013 izazovi, &hellip;<\/p><\/div>\n              <\/div>\n            <\/div>\n            <div class=\"u-blog-post u-invisible u-container-style u-repeater-item\">\n              <div class=\"u-container-layout u-similar-container u-container-layout-1\">\n                <h2 class=\"u-blog-control u-text\">\n                  <a class=\"u-post-header-link\" href=\"https:\/\/cji.uniri.hr\/hr\/cji-predavanje-doc-dr-sc-elenmari-pletikos-olof-hrvatski-naglasni-sustav-izmedu-udarnog-i-visinskog-privid-i-cinjenice\/\">CJI predavanje: doc. dr. sc. Elenmari Pletikos Olof, \"Hrvatski naglasni sustav izme\u0111u udarnog i visinskog: privid i \u010dinjenice\"<\/a>\n                <\/h2><a class=\"u-blog-control u-expanded-width u-image u-image-default u-image-1\" href=\"https:\/\/cji.uniri.hr\/hr\/cji-predavanje-doc-dr-sc-elenmari-pletikos-olof-hrvatski-naglasni-sustav-izmedu-udarnog-i-visinskog-privid-i-cinjenice\/\">\n                <img src=\"https:\/\/cji.uniri.hr\/wp-content\/uploads\/IMG_20190425_152111666666-400x300.jpg\" alt=\"\" class=\"u-blog-control u-expanded-width u-image u-image-default u-image-1\"><\/a>\n                <div class=\"u-blog-control u-post-content u-text\"><p>PREDAVANJE:\r\n\u00a0\r\n\r\ndoc. dr. sc. Elenmari Pletikos Olof\r\nFilozofski fakultet, Sveu\u010dili\u0161te u Zagrebu\r\n\u00a0\r\n\r\nHrvatski naglasni sustav izme\u0111u udarnog i &hellip;<\/p><\/div>\n              <\/div>\n            <\/div>\n            <div class=\"u-blog-post u-invisible u-container-style u-repeater-item\">\n              <div class=\"u-container-layout u-similar-container u-container-layout-2\">\n                <h2 class=\"u-blog-control u-text\">\n                  <a class=\"u-post-header-link\" href=\"https:\/\/cji.uniri.hr\/hr\/cji-predavanje-dr-sc-gordana-hrzica-izazovi-u-uporabi-analize-jezicnih-uzoraka-u-procjeni-dvaju-jezika\/\">Cji predavanje: dr. sc. Gordana Hr\u017eica, \"Izazovi u uporabi analize jezi\u010dnih uzoraka u procjeni dvaju jezika\"<\/a>\n                <\/h2><a class=\"u-blog-control u-expanded-width u-image u-image-default u-image-2\" href=\"https:\/\/cji.uniri.hr\/hr\/cji-predavanje-dr-sc-gordana-hrzica-izazovi-u-uporabi-analize-jezicnih-uzoraka-u-procjeni-dvaju-jezika\/\">\n                <img src=\"https:\/\/cji.uniri.hr\/wp-content\/uploads\/cji-hrzica-395x300.jpg\" alt=\"\" class=\"u-blog-control u-expanded-width u-image u-image-default u-image-2\"><\/a>\n                <div class=\"u-blog-control u-post-content u-text\"><p>\u00a0\u00a0\u00a0\u00a0\u00a0\u00a0\u00a0\u00a0\u00a0\u00a0\u00a0\u00a0\u00a0\u00a0\u00a0\u00a0\u00a0\u00a0\u00a0\u00a0\u00a0\u00a0\u00a0\u00a0\u00a0\u00a0\u00a0\u00a0\u00a0\u00a0\u00a0\u00a0\u00a0\u00a0\u00a0\u00a0\u00a0\u00a0\u00a0\u00a0\u00a0\u00a0\u00a0\u00a0\u00a0\u00a0\u00a0\u00a0\u00a0\u00a0\u00a0\u00a0\u00a0\u00a0\u00a0\u00a0\u00a0\u00a0\u00a0\u00a0\u00a0\u00a0\u00a0\u00a0\u00a0\u00a0\u00a0\u00a0\u00a0\u00a0\u00a0 \u00a0 \u00a0 \u00a0 \u00a0 \u00a0\u00a0 doc. dr. sc. Gordana Hr\u017eica\r\nEdukacijsko-rehabilitacijski &hellip;<\/p><\/div>\n              <\/div>\n            <\/div>\n            <div class=\"u-blog-post u-invisible u-container-style u-repeater-item\">\n              <div class=\"u-container-layout u-similar-container u-container-layout-3\">\n                <h2 class=\"u-blog-control u-text\">\n                  <a class=\"u-post-header-link\" href=\"https:\/\/cji.uniri.hr\/hr\/cji-predavanje-dr-sc-iris-vidmar-i-dr-sc-martina-blecic-jezik-laz-i-fikcija\/\">CJI predavanje: dr. sc. Iris Vidmar i dr. sc. Martina Ble\u010di\u0107, \"Jezik, la\u017e i fikcija\"<\/a>\n                <\/h2><a class=\"u-blog-control u-expanded-width u-image u-image-default u-image-3\" href=\"https:\/\/cji.uniri.hr\/hr\/cji-predavanje-dr-sc-iris-vidmar-i-dr-sc-martina-blecic-jezik-laz-i-fikcija\/\">\n                <img src=\"https:\/\/cji.uniri.hr\/wp-content\/uploads\/cjividbl-440x172.png\" alt=\"\" class=\"u-blog-control u-expanded-width u-image u-image-default u-image-3\"><\/a>\n                <div class=\"u-blog-control u-post-content u-text\"><p>\u00a0dr. sc. Iris Vidmar\r\ndr. sc. Martina Ble\u010di\u0107\r\nFilozofski fakultet, Sveu\u010dili\u0161te u Rijeci\r\n\r\n\r\n\u00a0\u00a0\u00a0\u00a0\u00a0\u00a0\u00a0\u00a0\u00a0\u00a0\u00a0\u00a0\u00a0\u00a0\u00a0\u00a0\u00a0\u00a0\u00a0\u00a0\u00a0\u00a0\u00a0\u00a0\u00a0\u00a0\u00a0\u00a0\u00a0\u00a0\u00a0\u00a0\u00a0\u00a0\u00a0\u00a0\u00a0\u00a0\u00a0\u00a0\u00a0\u00a0\u00a0\u00a0\u00a0\u00a0\u00a0\u00a0\u00a0\u00a0\u00a0\u00a0 &hellip;<\/p><\/div>\n              <\/div>\n            <\/div>\n            <div class=\"u-blog-post u-invisible u-container-style u-repeater-item\">\n              <div class=\"u-container-layout u-similar-container u-container-layout-4\">\n                <h2 class=\"u-blog-control u-text\">\n                  <a class=\"u-post-header-link\" href=\"https:\/\/cji.uniri.hr\/hr\/cji-predavanje-prof-marija-brala-vukanovic-semantic-domains-of-deictic-words\/\">CJI predavanje: prof. Marija Brala-Vukanovi\u0107, \"Semantic domains of deictic words\"<\/a>\n                <\/h2><div class=\"none-post-image\" style=\"display: none;\"><\/div>\n                <div class=\"u-blog-control u-post-content u-text\"><p>prof. Marija Brala-Vukanovi\u0107\r\nSemantic domains of deictic words\r\n\u010detvrtak, 22. 11. 2018.\r\n12:30, u\u010dionica 206\r\n&nbsp;\r\n\r\nThe paper provides an &hellip;<\/p><\/div>\n              <\/div>\n            <\/div>\n            <div class=\"u-blog-post u-invisible u-container-style u-repeater-item\">\n              <div class=\"u-container-layout u-similar-container u-container-layout-1\">\n                <h2 class=\"u-blog-control u-text\">\n                  <a class=\"u-post-header-link\" href=\"https:\/\/cji.uniri.hr\/hr\/cji-predavanje-ivana-cvekic-cross-linguistic-effects-of-grammatical-gender-during-a-code-switching-discourse\/\">CJI predavanje: Ivana Cveki\u0107 \"Cross-linguistic effects of grammatical gender during a code-switching discourse\"<\/a>\n                <\/h2><a class=\"u-blog-control u-expanded-width u-image u-image-default u-image-1\" href=\"https:\/\/cji.uniri.hr\/hr\/cji-predavanje-ivana-cvekic-cross-linguistic-effects-of-grammatical-gender-during-a-code-switching-discourse\/\">\n                <img src=\"https:\/\/cji.uniri.hr\/wp-content\/uploads\/WP_20181018_13_32_05_Pro-440x300.jpg\" alt=\"\" class=\"u-blog-control u-expanded-width u-image u-image-default u-image-1\"><\/a>\n                <div class=\"u-blog-control u-post-content u-text\"><p>Ivana Cveki\u0107\r\nTehni\u010dko sveu\u010dili\u0161te u Braunschweigu\r\n\u00a0\r\n\r\nCross-linguistic effects of grammatical gender during a code-switching discourse\r\n&nbsp;\r\n&hellip;<\/p><\/div>\n              <\/div>\n            <\/div>\n            <div class=\"u-blog-post u-invisible u-container-style u-repeater-item\">\n              <div class=\"u-container-layout u-similar-container u-container-layout-2\">\n                <h2 class=\"u-blog-control u-text\">\n                  <a class=\"u-post-header-link\" href=\"https:\/\/cji.uniri.hr\/hr\/cji-predavanje-stela-letica-krevelj-previous-linguistic-knowledge-in-the-process-of-third-language-l3-acquisition-and-use\/\">CJI - predavanje: Stela Letica Krevelj - Previous linguistic knowledge in the process of third language (L3) acquisition and use<\/a>\n                <\/h2><div class=\"none-post-image\" style=\"display: none;\"><\/div>\n                <div class=\"u-blog-control u-post-content u-text\"><p> sc. Stela Letica Krevelj\r\nFilozofski fakultet, Sveu\u010dili\u0161te u Zagrebu\r\n\r\nPrevious linguistic knowledge in the process of third language (L3) &hellip;<\/p><\/div>\n              <\/div>\n            <\/div>\n            <div class=\"u-blog-post u-invisible u-container-style u-repeater-item\">\n              <div class=\"u-container-layout u-similar-container u-container-layout-3\">\n                <h2 class=\"u-blog-control u-text\">\n                  <a class=\"u-post-header-link\" href=\"https:\/\/cji.uniri.hr\/hr\/3-simpozij-scimeth\/\">SCIMETH 2018. 2.5.2018. FFRI<\/a>\n                <\/h2><div class=\"none-post-image\" style=\"display: none;\"><\/div>\n                <div class=\"u-blog-control u-post-content u-text\"><p>\u00a0SCIMETH 2018:\u00a0 2. svibnja 2018.\r\nFilozofski fakultet, Sveu\u010dili\u0161na avenija 4, HR-51000 Rijeka\r\nCentar za jezi\u010dna istra\u017eivanja (CJI) Filozofskoga &hellip;<\/p><\/div>\n              <\/div>\n            <\/div>\n            <div class=\"u-blog-post u-invisible u-container-style u-repeater-item\">\n              <div class=\"u-container-layout u-similar-container u-container-layout-4\">\n                <h2 class=\"u-blog-control u-text\">\n                  <a class=\"u-post-header-link\" href=\"https:\/\/cji.uniri.hr\/hr\/cji-predavanje-dr-sc-blazenka-martinovic-s-naglaskom-kroz-suvremene-prirucnike\/\">CJI predavanje - dr. sc. Bla\u017eenka Martinovi\u0107: S naglaskom kroz suvremene priru\u010dnike<\/a>\n                <\/h2><div class=\"none-post-image\" style=\"display: none;\"><\/div>\n                <div class=\"u-blog-control u-post-content u-text\"><p>dr. sc. Bla\u017eenka Martinovi\u0107\r\n\r\nSveu\u010dili\u0161te Jurja Dobrile u Puli\r\n\r\nS naglaskom kroz suvremene priru\u010dnike\r\n\r\n\u010detvrtak, 18. sije\u010dnja 2018. 14 sati, &hellip;<\/p><\/div>\n              <\/div>\n            <\/div>\n            <div class=\"u-blog-post u-invisible u-container-style u-repeater-item\">\n              <div class=\"u-container-layout u-similar-container u-container-layout-1\">\n                <h2 class=\"u-blog-control u-text\">\n                  <a class=\"u-post-header-link\" href=\"https:\/\/cji.uniri.hr\/hr\/cji-predavanje-dr-sc-isabella-matticchio-the-speech-rhythm-of-bilinguals-a-case-study-on-italian-and-croatian\/\">CJI predavanje - dr. sc. Isabella Matticchio: The Speech rhythm of bilinguals \u2013 a case study on Italian and Croatian<\/a>\n                <\/h2><div class=\"none-post-image\" style=\"display: none;\"><\/div>\n                <div class=\"u-blog-control u-post-content u-text\"><p>dr. sc. Isabella Matticchio\r\n\r\nSveu\u010dili\u0161te Jurja Dobrile u Puli\r\n\r\nThe Speech rhythm of bilinguals \u2013 a case study on Italian and Croatian\r\n\r\n&hellip;<\/p><\/div>\n              <\/div>\n            <\/div>\n            <div class=\"u-blog-post u-invisible u-container-style u-repeater-item\">\n              <div class=\"u-container-layout u-similar-container u-container-layout-2\">\n                <h2 class=\"u-blog-control u-text\">\n                  <a class=\"u-post-header-link\" href=\"https:\/\/cji.uniri.hr\/hr\/cji-predavanje-dr-sc-petar-radosavljevic-bajaski-rumunjski-u-hrvatskoj\/\">CJI predavanje - dr. sc. Petar Radosavljevi\u0107: Baja\u0161ki rumunjski u Hrvatskoj<\/a>\n                <\/h2><div class=\"none-post-image\" style=\"display: none;\"><\/div>\n                <div class=\"u-blog-control u-post-content u-text\"><p>dr. sc. Petar Radosavljevi\u0107\r\n\r\nSveu\u010dili\u0161te u Zagrebu\r\n\r\nBaja\u0161ki rumunjski u Hrvatskoj\r\n\r\n\u010detvrtak, 9. studenog 2017. 14 sati, predavaonica 302\r\n\r\n&hellip;<\/p><\/div>\n              <\/div>\n            <\/div>\n            <div class=\"u-blog-post u-invisible u-container-style u-repeater-item\">\n              <div class=\"u-container-layout u-similar-container u-container-layout-3\">\n                <h2 class=\"u-blog-control u-text\">\n                  <a class=\"u-post-header-link\" href=\"https:\/\/cji.uniri.hr\/hr\/cji-predavanje-dr-sc-nenad-miscevic-rodenje-pragmatike\/\">CJI PREDAVANJE - dr. sc. Nenad Mi\u0161\u010devi\u0107: \"Ro\u0111enje pragmatike\"<\/a>\n                <\/h2><div class=\"none-post-image\" style=\"display: none;\"><\/div>\n                <div class=\"u-blog-control u-post-content u-text\"><p>dr. sc. Nenad Mi\u0161\u010devi\u0107, Sveu\u010dili\u0161te u Mariboru\r\nRo\u0111enje pragmatike\r\npetak, 20. listopada 2017. 14 sati, predavaonica 105\r\n&nbsp;\r\n\r\nSa\u017eetak:\r\n\r\nVe\u0107i&hellip;<\/p><\/div>\n              <\/div>\n            <\/div>\n            <div class=\"u-blog-post u-invisible u-container-style u-repeater-item\">\n              <div class=\"u-container-layout u-similar-container u-container-layout-4\">\n                <h2 class=\"u-blog-control u-text\">\n                  <a class=\"u-post-header-link\" href=\"https:\/\/cji.uniri.hr\/hr\/clarc2018-perspectives-on-linguistic-diversity\/\">CLARC2018 Perspectives on Linguistic Diversity<\/a>\n                <\/h2><div class=\"none-post-image\" style=\"display: none;\"><\/div>\n                <div class=\"u-blog-control u-post-content u-text\"><p>The Center for Language Research (CLAR) at the University of Rijeka, Croatia invites you to participate in an international conference on &hellip;<\/p><\/div>\n              <\/div>\n            <\/div>\n            <div class=\"u-blog-post u-invisible u-container-style u-repeater-item\">\n              <div class=\"u-container-layout u-similar-container u-container-layout-1\">\n                <h2 class=\"u-blog-control u-text\">\n                  <a class=\"u-post-header-link\" href=\"https:\/\/cji.uniri.hr\/hr\/poziv-za-pojedninacne-radove-i-prijedloge-panela-na-clarc2018\/\">Poziv za pojednina\u010dne radove i prijedloge panela na CLARC2018<\/a>\n                <\/h2><div class=\"none-post-image\" style=\"display: none;\"><\/div>\n                <div class=\"u-blog-control u-post-content u-text\"><p>Centar za jezi\u010dna istra\u017eivanja (CJI) pri Filozofskome fakultetu u Rijeci organizira me\u0111unarodni znanstveni skup posve\u0107en pitanjima jezi\u010dne &hellip;<\/p><\/div>\n              <\/div>\n            <\/div>\n            <div class=\"u-blog-post u-invisible u-container-style u-repeater-item\">\n              <div class=\"u-container-layout u-similar-container u-container-layout-2\">\n                <h2 class=\"u-blog-control u-text\">\n                  <a class=\"u-post-header-link\" href=\"https:\/\/cji.uniri.hr\/hr\/cji-najava-predavanja-dr-sc-branka-drljaca-margic-preduvjeti-za-kvalitetne-studijske-programe-na-engleskome-jeziku-na-sveucilistu-u-rijeci\/\">CJI - NAJAVA PREDAVANJA: dr. sc. Branka Drlja\u010da Margi\u0107 \"Preduvjeti za kvalitetne studijske programe na engleskome jeziku (na Sveu\u010dili\u0161tu u Rijeci)\"<\/a>\n                <\/h2><div class=\"none-post-image\" style=\"display: none;\"><\/div>\n                <div class=\"u-blog-control u-post-content u-text\"><p>dr. sc. Branka Drlja\u010da Margi\u0107\r\nSveu\u010dili\u0161te u Rijeci\r\n\r\n\r\n\r\nPreduvjeti za kvalitetne studijske programe na engleskome jeziku \r\n(na Sveu\u010dili\u0161tu u &hellip;<\/p><\/div>\n              <\/div>\n            <\/div>\n            <div class=\"u-blog-post u-invisible u-container-style u-repeater-item\">\n              <div class=\"u-container-layout u-similar-container u-container-layout-3\">\n                <h2 class=\"u-blog-control u-text\">\n                  <a class=\"u-post-header-link\" href=\"https:\/\/cji.uniri.hr\/hr\/konferencija-raam\/\">Izlaganje Benedikta Peraka na Konferenciji RAam 6<\/a>\n                <\/h2><div class=\"none-post-image\" style=\"display: none;\"><\/div>\n                <div class=\"u-blog-control u-post-content u-text\"><p>Benedikt Perak prezentirat \u0107e rad pod nazivom \"Emergent structures in the ontological model of the lexical concepts and constructions\" na &hellip;<\/p><\/div>\n              <\/div>\n            <\/div>\n            <div class=\"u-blog-post u-invisible u-container-style u-repeater-item\">\n              <div class=\"u-container-layout u-similar-container u-container-layout-4\">\n                <h2 class=\"u-blog-control u-text\">\n                  <a class=\"u-post-header-link\" href=\"https:\/\/cji.uniri.hr\/hr\/cji-predavanje-dr-sc-zvjezdana-vrzic-mehanizmi-jezicnog-napustanja-jezicna-upotreba-stavovi-i-identitet-medu-govornicima-vlaskogzejanskog-jezika-u-istri\/\">CJI PREDAVANJE: dr. sc. Zvjezdana Vrzi\u0107, \"Mehanizmi jezi\u010dnog napu\u0161tanja: jezi\u010dna upotreba, stavovi i identitet me\u0111u govornicima vla\u0161kog\/\u017eejanskog jezika u Istri\"<\/a>\n                <\/h2><a class=\"u-blog-control u-expanded-width u-image u-image-default u-image-4\" href=\"https:\/\/cji.uniri.hr\/hr\/cji-predavanje-dr-sc-zvjezdana-vrzic-mehanizmi-jezicnog-napustanja-jezicna-upotreba-stavovi-i-identitet-medu-govornicima-vlaskogzejanskog-jezika-u-istri\/\">\n                <img src=\"https:\/\/cji.uniri.hr\/wp-content\/uploads\/foffftografija-2-402x300.jpg\" alt=\"\" class=\"u-blog-control u-expanded-width u-image u-image-default u-image-4\"><\/a>\n                <div class=\"u-blog-control u-post-content u-text\"><p>CJI predavanje:\r\ndr. sc. Zvjezdana Vrzi\u0107\r\nSveu\u010dili\u0161te u Rijeci\/New York University\r\nMehanizmi jezi\u010dnog napu\u0161tanja: jezi\u010dna upotreba, stavovi i &hellip;<\/p><\/div>\n              <\/div>\n            <\/div>\n            <div class=\"u-blog-post u-invisible u-container-style u-repeater-item\">\n              <div class=\"u-container-layout u-similar-container u-container-layout-1\">\n                <h2 class=\"u-blog-control u-text\">\n                  <a class=\"u-post-header-link\" href=\"https:\/\/cji.uniri.hr\/hr\/cji-predavanje-mirela-fus-content-inscrutability-of-generics\/\">CJI PREDAVANJE: Mirela Fu\u0161 - \"Content Inscrutability of Generics\"<\/a>\n                <\/h2><a class=\"u-blog-control u-expanded-width u-image u-image-default u-image-1\" href=\"https:\/\/cji.uniri.hr\/hr\/cji-predavanje-mirela-fus-content-inscrutability-of-generics\/\">\n                <img src=\"https:\/\/cji.uniri.hr\/wp-content\/uploads\/fotografija-2-423x300.jpg\" alt=\"\" class=\"u-blog-control u-expanded-width u-image u-image-default u-image-1\"><\/a>\n                <div class=\"u-blog-control u-post-content u-text\"><p>\r\n\r\nMirela Fu\u0161\r\nUniversity of Oslo &amp; University of St Andrews\r\n\u00a0Content Inscrutability of Generics\r\n\u00a0\u010cetvrtak, 6. travnja 2017. \r\n14 sati, &hellip;<\/p><\/div>\n              <\/div>\n            <\/div>\n            <div class=\"u-blog-post u-invisible u-container-style u-repeater-item\">\n              <div class=\"u-container-layout u-similar-container u-container-layout-2\">\n                <h2 class=\"u-blog-control u-text\">\n                  <a class=\"u-post-header-link\" href=\"https:\/\/cji.uniri.hr\/hr\/jtdhworkshopframnat\/\">JTDH Workshop 8.-9.3. Mapping memory studies and transitional justice with digital methods: text, image & geospace<\/a>\n                <\/h2><div class=\"none-post-image\" style=\"display: none;\"><\/div>\n                <div class=\"u-blog-control u-post-content u-text\"><p>This 2-day workshop brings together scholars and students to discuss post-authoritarian and post-conflict accountability issues against the backdrop&hellip;<\/p><\/div>\n              <\/div>\n            <\/div>\n            <div class=\"u-blog-post u-invisible u-container-style u-repeater-item\">\n              <div class=\"u-container-layout u-similar-container u-container-layout-3\">\n                <h2 class=\"u-blog-control u-text\">\n                  <a class=\"u-post-header-link\" href=\"https:\/\/cji.uniri.hr\/hr\/cji-predavanje-dr-sc-andrew-hodges-hrvatski-jezicni-aktivizam-u-srbiji\/\">CJI PREDAVANJE: dr. sc. Andrew Hodges \"Hrvatski jezi\u010dni aktivizam u Srbiji\" 2.3.2017.<\/a>\n                <\/h2><div class=\"none-post-image\" style=\"display: none;\"><\/div>\n                <div class=\"u-blog-control u-post-content u-text\"><p>dr. sc. Andrew Hodges\r\nCentar za napredne studije Jugoisto\u010dne Europe, Sveu\u010dili\u0161te u Rijeci\r\n \"Hrvatski jezi\u010dni aktivizam u Srbiji\"\r\n\u010cetvrtak, 2. 3. &hellip;<\/p><\/div>\n              <\/div>\n            <\/div>\n            <div class=\"u-blog-post u-invisible u-container-style u-repeater-item\">\n              <div class=\"u-container-layout u-similar-container u-container-layout-4\">\n                <h2 class=\"u-blog-control u-text\">\n                  <a class=\"u-post-header-link\" href=\"https:\/\/cji.uniri.hr\/hr\/2-simpozij-scimeth-3-svibnja-2017\/\">2. simpozij SCIMETH - 3. svibnja 2017.<\/a>\n                <\/h2><div class=\"none-post-image\" style=\"display: none;\"><\/div>\n                <div class=\"u-blog-control u-post-content u-text\"><p>Centar za jezi\u010dna istra\u017eivanja (CJI) Filozofskoga fakulteta u Rijeci u suradnji s Hrvatskim dru\u0161tvom za primijenjenu lingvistiku (Regionalni aktiv &hellip;<\/p><\/div>\n              <\/div>\n            <\/div>\n            <div class=\"u-blog-post u-invisible u-container-style u-repeater-item\">\n              <div class=\"u-container-layout u-similar-container u-container-layout-1\">\n                <h2 class=\"u-blog-control u-text\">\n                  <a class=\"u-post-header-link\" href=\"https:\/\/cji.uniri.hr\/hr\/cji-predavanje-dr-sc-iris-vidmar-i-cvrci-cvrci-cvrcak-jezik-poezije-i-estetsko-iskustvo\/\">CJI PREDAVANJE: DR. SC. IRIS VIDMAR \"I cvr\u010di, cvr\u010di cvr\u010dak -  jezik poezije i estetsko iskustvo\"<\/a>\n                <\/h2><a class=\"u-blog-control u-expanded-width u-image u-image-default u-image-1\" href=\"https:\/\/cji.uniri.hr\/hr\/cji-predavanje-dr-sc-iris-vidmar-i-cvrci-cvrci-cvrcak-jezik-poezije-i-estetsko-iskustvo\/\">\n                <img src=\"https:\/\/cji.uniri.hr\/wp-content\/uploads\/iris-predavanje3-440x293.jpg\" alt=\"\" class=\"u-blog-control u-expanded-width u-image u-image-default u-image-1\"><\/a>\n                <div class=\"u-blog-control u-post-content u-text\"><p>dr. sc. Iris Vidmar\r\nI cvr\u010di, cvr\u010di cvr\u010dak \u2013 jezik poezije i estetsko iskustvo\r\n\u010cetvrtak, 12. 1. 2017.\r\nPredavaonica 303, Filozofski fakultet u &hellip;<\/p><\/div>\n              <\/div>\n            <\/div>\n            <div class=\"u-blog-post u-invisible u-container-style u-repeater-item\">\n              <div class=\"u-container-layout u-similar-container u-container-layout-2\">\n                <h2 class=\"u-blog-control u-text\">\n                  <a class=\"u-post-header-link\" href=\"https:\/\/cji.uniri.hr\/hr\/cji-predavanje-dr-sc-cecilija-jurcic-katunar-identifikacija-kognitivnoga-modela-boli-moguci-pristupi-i-metode\/\">CJI predavanje - dr. sc. Cecilija Jur\u010di\u0107 Katunar \"Identifikacija kognitivnoga modela boli \u2013 mogu\u0107i pristupi i metode\"<\/a>\n                <\/h2><div class=\"none-post-image\" style=\"display: none;\"><\/div>\n                <div class=\"u-blog-control u-post-content u-text\"><p>\u010cetvrtak, 8. 12. 2016.\r\nPredavaonica 104, Filozofski fakultet u Rijeci\r\n14:00 \u2013 15:30\r\nKako je bol fenomenolo\u0161ki dostupna tek nositelju iskustva, &hellip;<\/p><\/div>\n              <\/div>\n            <\/div>\n            <div class=\"u-blog-post u-invisible u-container-style u-repeater-item\">\n              <div class=\"u-container-layout u-similar-container u-container-layout-3\">\n                <h2 class=\"u-blog-control u-text\">\n                  <a class=\"u-post-header-link\" href=\"https:\/\/cji.uniri.hr\/hr\/cji-predavanje-dr-sc-silvana-vranic-jezicne-promjene-u-nekim-sjevernocakavskim-govorima\/\">CJI predavanje: dr. sc. Silvana Vrani\u0107, \"Jezi\u010dne promjene u nekim sjeverno\u010dakavskim govorima\"<\/a>\n                <\/h2><a class=\"u-blog-control u-expanded-width u-image u-image-default u-image-3\" href=\"https:\/\/cji.uniri.hr\/hr\/cji-predavanje-dr-sc-silvana-vranic-jezicne-promjene-u-nekim-sjevernocakavskim-govorima\/\">\n                <img src=\"https:\/\/cji.uniri.hr\/wp-content\/uploads\/WP_20161103_14_04_40_Pro-440x248.jpg\" alt=\"\" class=\"u-blog-control u-expanded-width u-image u-image-default u-image-3\"><\/a>\n                <div class=\"u-blog-control u-post-content u-text\"><p>\r\n\r\ndr. sc. Silvana Vrani\u0107, \"Jezi\u010dne promjene u nekim sjeverno\u010dakavskim govorima\"\r\n\u010cetvrtak, 3. 11. 2016.\r\nPredavaonica 104, Filozofski fakultet u &hellip;<\/p><\/div>\n              <\/div>\n            <\/div>\n            <div class=\"u-blog-post u-invisible u-container-style u-repeater-item\">\n              <div class=\"u-container-layout u-similar-container u-container-layout-4\">\n                <h2 class=\"u-blog-control u-text\">\n                  <a class=\"u-post-header-link\" href=\"https:\/\/cji.uniri.hr\/hr\/clar-lecture-gabi-abramac\/\">CLAR lecture - Gabi Abramac - Triglossia in Hassidic communities of New York<\/a>\n                <\/h2><div class=\"none-post-image\" style=\"display: none;\"><\/div>\n                <div class=\"u-blog-control u-post-content u-text\"><p>14. 4. 2016., 405 FFRI 14:00\r\n\r\nMore about the lecture in Croatian\r\n\r\n&nbsp;<\/p><\/div>\n              <\/div>\n            <\/div>\n            <div class=\"u-blog-post u-invisible u-container-style u-repeater-item\">\n              <div class=\"u-container-layout u-similar-container u-container-layout-1\">\n                <h2 class=\"u-blog-control u-text\">\n                  <a class=\"u-post-header-link\" href=\"https:\/\/cji.uniri.hr\/hr\/najava-predavanja-dr-sc-gabi-abramac-triglosija-u-hasidskim-zajednicama-u-new-yorku\/\">CJI predavanje: dr. sc. Gabi Abramac -  \"Triglosija u hasidskim zajednicama u New Yorku\"<\/a>\n                <\/h2><div class=\"none-post-image\" style=\"display: none;\"><\/div>\n                <div class=\"u-blog-control u-post-content u-text\"><p>U \u010detvrtak, 14. 4. 2016., u u\u010dionici 405 Filozofskog fakulteta u Rijeci s po\u010detkom u 14 sati odr\u017eat \u0107e se predavanje dr. sc. Gabi Abramac &hellip;<\/p><\/div>\n              <\/div>\n            <\/div>\n            <div class=\"u-blog-post u-invisible u-container-style u-repeater-item\">\n              <div class=\"u-container-layout u-similar-container u-container-layout-2\">\n                <h2 class=\"u-blog-control u-text\">\n                  <a class=\"u-post-header-link\" href=\"https:\/\/cji.uniri.hr\/hr\/predavanje-i-radionica-o-digitalnoj-humanistici-i-jezicnim-tehnologijama\/\">CJI predavanje i radionica radne skupine  Jezi\u010dne tehnologije i digitalna humanistika (JTDH): dr.sc. Bettina Berendt i dr.sc. Rocio Chongtay 17.-18.3.<\/a>\n                <\/h2><div class=\"none-post-image\" style=\"display: none;\"><\/div>\n                <div class=\"u-blog-control u-post-content u-text\"><p>Pozivamo Vas na predavanja i radionicu\r\n\r\nDIGITALNA HUMANISTIKA I JEZI\u010cNE TEHNOLOGIJE\r\n\r\n17. 3. 2016. \u010cetvrtak F006 (10:00-12:00)\r\nPREDAVANJE\r\nProf.&hellip;<\/p><\/div>\n              <\/div>\n            <\/div>\n            <div class=\"u-blog-post u-invisible u-container-style u-repeater-item\">\n              <div class=\"u-container-layout u-similar-container u-container-layout-3\">\n                <h2 class=\"u-blog-control u-text\">\n                  <a class=\"u-post-header-link\" href=\"https:\/\/cji.uniri.hr\/hr\/najava-predavanja-mirjana-crnic-novosel-gorskokotarski-jezicni-fenomen\/\">CJI predavanje - dr. sc. MIRJANA CRNI\u0106 NOVOSEL: Gorskokotarski jezi\u010dni fenomen 17. 3.<\/a>\n                <\/h2><a class=\"u-blog-control u-expanded-width u-image u-image-default u-image-3\" href=\"https:\/\/cji.uniri.hr\/hr\/najava-predavanja-mirjana-crnic-novosel-gorskokotarski-jezicni-fenomen\/\">\n                <img src=\"https:\/\/cji.uniri.hr\/wp-content\/uploads\/crnic-novosel2-440x247.jpg\" alt=\"\" class=\"u-blog-control u-expanded-width u-image u-image-default u-image-3\"><\/a>\n                <div class=\"u-blog-control u-post-content u-text\"><p>Dr. sc. Mirjana Crni\u0107 Novosel iz Podru\u017enice Instituta za hrvatski jezik i jezikoslovlje u Rijeci 17. o\u017eujka s po\u010detkom u 14 sati u predavaonici 405 &hellip;<\/p><\/div>\n              <\/div>\n            <\/div>\n            <div class=\"u-blog-post u-invisible u-container-style u-repeater-item\">\n              <div class=\"u-container-layout u-similar-container u-container-layout-4\">\n                <h2 class=\"u-blog-control u-text\">\n                  <a class=\"u-post-header-link\" href=\"https:\/\/cji.uniri.hr\/hr\/cji-lecture-phd-vesna-dezeljin-italofona-enklava-u-zapadnoj-slavoniji-primjer-dodira-manjinskoga-i-ugrozenoga-jezika-s-vecinskim-17-12-2015-u-1400-2\/\">CLAR lecture \u2013 PhD Vesna De\u017eeljin: Italofona enklava u zapadnoj Slavoniji: primjer dodira manjinskoga i ugro\u017eenoga jezika s ve\u0107inskim. 17.12. 2015. u 14:00 FFRI302<\/a>\n                <\/h2><div class=\"none-post-image\" style=\"display: none;\"><\/div>\n                <div class=\"u-blog-control u-post-content u-text\"><p>PhD Vesna De\u017eeljin: Italofona enklava u zapadnoj Slavoniji: primjer dodira manjinskoga i ugro\u017eenoga jezika s ve\u0107inskim. 17.12. 2015. u 14:00\r\n\r\nFFRI&hellip;<\/p><\/div>\n              <\/div>\n            <\/div>\n            <div class=\"u-blog-post u-invisible u-container-style u-repeater-item\">\n              <div class=\"u-container-layout u-similar-container u-container-layout-1\">\n                <h2 class=\"u-blog-control u-text\">\n                  <a class=\"u-post-header-link\" href=\"https:\/\/cji.uniri.hr\/hr\/clar-lecture-maja-milicevic-anaphora-resolution-in-l1-italian-and-serbian-by-trainee-translators-from-l2-english-22-4-2015\/\">CLAR lecture - PhD Tihana Kra\u0161 , Maja Mili\u010devi\u0107: Anaphora resolution in L1 Italian and Serbian by trainee translators from L2 English. 22.4.2015.<\/a>\n                <\/h2><div class=\"none-post-image\" style=\"display: none;\"><\/div>\n                <div class=\"u-blog-control u-post-content u-text\"><p>Maja Mili\u010devi\u0107 (Sveu\u010dili\u0161te u Beogradu), Tihana Kra\u0161 (Sveu\u010dili\u0161te u Rijeci), 22.4.2015., 14:00, Filozofski fakultet, Prostorija 105\r\n\r\nAnaphora &hellip;<\/p><\/div>\n              <\/div>\n            <\/div>\n            <div class=\"u-blog-post u-invisible u-container-style u-repeater-item\">\n              <div class=\"u-container-layout u-similar-container u-container-layout-2\">\n                <h2 class=\"u-blog-control u-text\">\n                  <a class=\"u-post-header-link\" href=\"https:\/\/cji.uniri.hr\/hr\/clar-lectue-benedikt-perak-jezik-kao-instrument-poimanja-stvarnosti-i-korpus-kao-ogledalo-svjetonazora-zajednice-kognitivnolingvisticke-postavke-proucavanja-psiholoskih-kategorija-i-kultur\/\">CLAR lecture \u2013 PhD Benedikt Perak: Jezik kao instrument poimanja stvarnosti i korpus kao ogledalo svjetonazora zajednice: Kognitivnolingvisti\u010dke postavke prou\u010davanja psiholo\u0161kih kategorija i kulturnih modela. 19.3. 2014.<\/a>\n                <\/h2><div class=\"none-post-image\" style=\"display: none;\"><\/div>\n                <div class=\"u-blog-control u-post-content u-text\"><p>Benedikt Perak (Sveu\u010dili\u0161te u Rijeci), 19.3.2015., 14:00-15:30, Filozofski fakultet, Prostorija 104\r\n\r\nJezik kao instrument poimanja stvarnosti i &hellip;<\/p><\/div>\n              <\/div>\n            <\/div>\n            <div class=\"u-blog-post u-invisible u-container-style u-repeater-item\">\n              <div class=\"u-container-layout u-similar-container u-container-layout-3\">\n                <h2 class=\"u-blog-control u-text\">\n                  <a class=\"u-post-header-link\" href=\"https:\/\/cji.uniri.hr\/hr\/clar-lecture-bridget-goodman-the-ecology-of-language-and-translanguaging-the-case-of-a-ukrainian-university-22-4-2015\/\">CLAR lecture - PhD Bridget Goodman: The Ecology of Language and Translanguaging: The Case of a Ukrainian University. 22.4.2015.<\/a>\n                <\/h2><div class=\"none-post-image\" style=\"display: none;\"><\/div>\n                <div class=\"u-blog-control u-post-content u-text\"><p>Bridget Goodman: The Ecology of Language and Translanguaging: The Case of a Ukrainian University. 22.4.2015.<\/p><\/div>\n              <\/div>\n            <\/div>\n            <div class=\"u-blog-post u-invisible u-container-style u-repeater-item\">\n              <div class=\"u-container-layout u-similar-container u-container-layout-4\">\n                <h2 class=\"u-blog-control u-text\">\n                  <a class=\"u-post-header-link\" href=\"https:\/\/cji.uniri.hr\/hr\/clar-lecture-bridget-goodman-bottom-up-and-top-down-policy-comparing-language-in-education-in-ukraine-and-kazakhstan-22-4-2015\/\">CLAR lecture - PhD Bridget Goodman: Bottom Up and Top Down Policy: Comparing Language in Education in Ukraine and Kazakhstan. 22.4.2015.<\/a>\n                <\/h2><div class=\"none-post-image\" style=\"display: none;\"><\/div>\n                <div class=\"u-blog-control u-post-content u-text\"><p>Bridget Goodman: Bottom Up and Top Down Policy: Comparing Language in Education in Ukraine and Kazakhstan. 22.4.2015.<\/p><\/div>\n              <\/div>\n            <\/div>\n            <div class=\"u-blog-post u-invisible u-container-style u-repeater-item\">\n              <div class=\"u-container-layout u-similar-container u-container-layout-1\">\n                <h2 class=\"u-blog-control u-text\">\n                  <a class=\"u-post-header-link\" href=\"https:\/\/cji.uniri.hr\/hr\/clar-lecture-dr-sc-nenad-miscevic-pogrdnice-znacenje-i-upotreba-11-6-2015\/\">CLAR lecture - PhD Nenad Mi\u0161\u010devi\u0107: Pogrdnice, zna\u010denje i upotreba. 11.6.2015.<\/a>\n                <\/h2><div class=\"none-post-image\" style=\"display: none;\"><\/div>\n                <div class=\"u-blog-control u-post-content u-text\"><p><\/p><\/div>\n              <\/div>\n            <\/div>\n            <div class=\"u-blog-post u-invisible u-container-style u-repeater-item\">\n              <div class=\"u-container-layout u-similar-container u-container-layout-2\">\n                <h2 class=\"u-blog-control u-text\">\n                  <a class=\"u-post-header-link\" href=\"https:\/\/cji.uniri.hr\/hr\/clar-lecture-ph-d-ermina-ramadanovic-poprilozenje-i-popredlozenje-u-hrvatskome-jeziku-uvid-u-tvorbu-rijeci-i-pravopisnu-normu-22-10-2015\/\">CLAR lecture - PhD Ermina Ramadanovi\u0107: Poprilo\u017eenje i popredlo\u017eenje u hrvatskome jeziku \u2013 uvid u tvorbu rije\u010di i pravopisnu normu. 22. 10. 2015.<\/a>\n                <\/h2><div class=\"none-post-image\" style=\"display: none;\"><\/div>\n                <div class=\"u-blog-control u-post-content u-text\"><p><\/p><\/div>\n              <\/div>\n            <\/div>\n            <div class=\"u-blog-post u-invisible u-container-style u-repeater-item\">\n              <div class=\"u-container-layout u-similar-container u-container-layout-3\">\n                <h2 class=\"u-blog-control u-text\">\n                  <a class=\"u-post-header-link\" href=\"https:\/\/cji.uniri.hr\/hr\/cji-predavanje-dr-sc-vesna-dezeljin-italofona-enklava-u-zapadnoj-slavoniji-primjer-dodira-manjinskoga-i-ugrozenoga-jezika-s-vecinskim-17-12-2015-u-1400\/\">CJI predavanje - dr. sc. Vesna De\u017eeljin: Italofona enklava u zapadnoj Slavoniji: primjer dodira manjinskoga i ugro\u017eenoga jezika s ve\u0107inskim. 17.12. 2015. u 14:00 FFRI302<\/a>\n                <\/h2><a class=\"u-blog-control u-expanded-width u-image u-image-default u-image-3\" href=\"https:\/\/cji.uniri.hr\/hr\/cji-predavanje-dr-sc-vesna-dezeljin-italofona-enklava-u-zapadnoj-slavoniji-primjer-dodira-manjinskoga-i-ugrozenoga-jezika-s-vecinskim-17-12-2015-u-1400\/\">\n                <img src=\"https:\/\/cji.uniri.hr\/wp-content\/uploads\/vd2-440x247.jpg\" alt=\"\" class=\"u-blog-control u-expanded-width u-image u-image-default u-image-3\"><\/a>\n                <div class=\"u-blog-control u-post-content u-text\"><p>O zajednici italofonih govornika, smje\u0161tenoj u rubnim dijelovima zapadne Slavonije, stotinjak kilometara od Zagreba i koju prou\u010davam ve\u0107 nekoliko &hellip;<\/p><\/div>\n              <\/div>\n            <\/div>\n            <div class=\"u-blog-post u-invisible u-container-style u-repeater-item\">\n              <div class=\"u-container-layout u-similar-container u-container-layout-4\">\n                <h2 class=\"u-blog-control u-text\">\n                  <a class=\"u-post-header-link\" href=\"https:\/\/cji.uniri.hr\/hr\/clar-lecture-phd-dusan-dozudic-on-proposition-attitudes-26-11\/\">CLAR lecture - PhD Du\u0161an Do\u017eudi\u0107: On proposition attitudes. 26.11.<\/a>\n                <\/h2><a class=\"u-blog-control u-expanded-width u-image u-image-default u-image-4\" href=\"https:\/\/cji.uniri.hr\/hr\/clar-lecture-phd-dusan-dozudic-on-proposition-attitudes-26-11\/\">\n                <img src=\"https:\/\/cji.uniri.hr\/wp-content\/uploads\/do\u017eudi\u0107-2-2-440x248.jpg\" alt=\"\" class=\"u-blog-control u-expanded-width u-image u-image-default u-image-4\"><\/a>\n                <div class=\"u-blog-control u-post-content u-text\"><p>Du\u0161an Do\u017eudi\u0107\r\n\r\nHrvatski studiji, Sveu\u010dili\u0161te u Zagrebu<\/p><\/div>\n              <\/div>\n            <\/div>\n            <div class=\"u-blog-post u-invisible u-container-style u-repeater-item\">\n              <div class=\"u-container-layout u-similar-container u-container-layout-1\">\n                <h2 class=\"u-blog-control u-text\">\n                  <a class=\"u-post-header-link\" href=\"https:\/\/cji.uniri.hr\/hr\/cji-predavanje-dr-sc-dusan-dozudic-izvjestaji-o-propozicijskim-stavovima-26-11\/\">CJI predavanje - dr.sc. Du\u0161an Do\u017eudi\u0107: Izvje\u0161taji o propozicijskim stavovima. 26.11.2015. 14:00<\/a>\n                <\/h2><a class=\"u-blog-control u-expanded-width u-image u-image-default u-image-1\" href=\"https:\/\/cji.uniri.hr\/hr\/cji-predavanje-dr-sc-dusan-dozudic-izvjestaji-o-propozicijskim-stavovima-26-11\/\">\n                <img src=\"https:\/\/cji.uniri.hr\/wp-content\/uploads\/do\u017eudi\u0107-2-2-440x248.jpg\" alt=\"\" class=\"u-blog-control u-expanded-width u-image u-image-default u-image-1\"><\/a>\n                <div class=\"u-blog-control u-post-content u-text\"><p>Predavaonica 302, Filozofski fakultet u Rijeci\r\n\r\nSa\u017eetak predavanja:\r\n\r\nPropozicijski stavovi mentalna su stanja poput vjerovanja, znanja, dvojbi, &hellip;<\/p><\/div>\n              <\/div>\n            <\/div>\n            <div class=\"u-blog-post u-invisible u-container-style u-repeater-item\">\n              <div class=\"u-container-layout u-similar-container u-container-layout-2\">\n                <h2 class=\"u-blog-control u-text\">\n                  <a class=\"u-post-header-link\" href=\"https:\/\/cji.uniri.hr\/hr\/1st-conference-of-the-centre-for-language-research-clarc-2015-2\/\">1st Conference of the Centre for Language Research CLARC 2015<\/a>\n                <\/h2><div class=\"none-post-image\" style=\"display: none;\"><\/div>\n                <div class=\"u-blog-control u-post-content u-text\"><p>22.5.2015. 14:00-17:45\r\n 23.5.2015. 9:00-16:30\r\nPLENARY SPEAKERS\r\nGiuliana Giusti\r\nUniversit\u00e0 Ca'Foscari Venezia\r\nHow Awareness of Syntax May &hellip;<\/p><\/div>\n              <\/div>\n            <\/div>\n            <div class=\"u-blog-post u-invisible u-container-style u-repeater-item\">\n              <div class=\"u-container-layout u-similar-container u-container-layout-3\">\n                <h2 class=\"u-blog-control u-text\">\n                  <a class=\"u-post-header-link\" href=\"https:\/\/cji.uniri.hr\/hr\/crometanet-croatian-metaphor-repository\/\">CroMetanet: Croatian Metaphor Repository<\/a>\n                <\/h2><div class=\"none-post-image\" style=\"display: none;\"><\/div>\n                <div class=\"u-blog-control u-post-content u-text\"><p>Suradnik: Benedikt Perak\r\n\r\nProjekt Croatian Metaphor Repository uklju\u010duje: 1.) teorijsko kognitivnolingvisti\u010dko istra\u017eivanje konceptualne metafore,&hellip;<\/p><\/div>\n              <\/div>\n            <\/div>\n            <div class=\"u-blog-post u-invisible u-container-style u-repeater-item\">\n              <div class=\"u-container-layout u-similar-container u-container-layout-4\">\n                <h2 class=\"u-blog-control u-text\">\n                  <a class=\"u-post-header-link\" href=\"https:\/\/cji.uniri.hr\/hr\/658-2\/\">Framing the Nation and Collective Identity in Croatia: Political Rituals and the Cultural Memory of Twentieth Century Traumas (FRAMNAT)<\/a>\n                <\/h2><div class=\"none-post-image\" style=\"display: none;\"><\/div>\n                <div class=\"u-blog-control u-post-content u-text\"><p>Research associate: Benedikt Perak\r\n\r\nFraming the Nation and Collective Identity in Croatia: Political Rituals and the Cultural Memory of Twentieth &hellip;<\/p><\/div>\n              <\/div>\n            <\/div>\n            <div class=\"u-blog-post u-invisible u-container-style u-repeater-item\">\n              <div class=\"u-container-layout u-similar-container u-container-layout-1\">\n                <h2 class=\"u-blog-control u-text\">\n                  <a class=\"u-post-header-link\" href=\"https:\/\/cji.uniri.hr\/hr\/advancing-the-european-multilingual-experience-atheme\/\">Advancing the European Multilingual Experience (AThEME)<\/a>\n                <\/h2><div class=\"none-post-image\" style=\"display: none;\"><\/div>\n                <div class=\"u-blog-control u-post-content u-text\"><p>Voditeljica: Tihana Kra\u0161\r\n\r\nU ovome petogodi\u0161njem projektu, koji se financira u okviru Sedmoga okvirnog programa za istra\u017eivanje, tehnolo\u0161ki razvoj &hellip;<\/p><\/div>\n              <\/div>\n            <\/div>\n            <div class=\"u-blog-post u-invisible u-container-style u-repeater-item\">\n              <div class=\"u-container-layout u-similar-container u-container-layout-2\">\n                <h2 class=\"u-blog-control u-text\">\n                  <a class=\"u-post-header-link\" href=\"https:\/\/cji.uniri.hr\/hr\/procesiranje-zamjenica-u-talijanskome-jeziku\/\">Procesiranje zamjenica u talijanskome jeziku<\/a>\n                <\/h2><div class=\"none-post-image\" style=\"display: none;\"><\/div>\n                <div class=\"u-blog-control u-post-content u-text\"><p>Voditeljica: Tihana Kra\u0161\r\n\r\n\u00a0\r\n\r\nU ovome trogodi\u0161njem projektu koji financira Sveu\u010dili\u0161te u Rijeci prou\u010dava se procesiranje osobnih zamjenica u &hellip;<\/p><\/div>\n              <\/div>\n            <\/div>\n            <div class=\"u-blog-post u-invisible u-container-style u-repeater-item\">\n              <div class=\"u-container-layout u-similar-container u-container-layout-3\">\n                <h2 class=\"u-blog-control u-text\">\n                  <a class=\"u-post-header-link\" href=\"https:\/\/cji.uniri.hr\/hr\/pronoun-processing-in-italian\/\">Pronoun Processing in Italian<\/a>\n                <\/h2><div class=\"none-post-image\" style=\"display: none;\"><\/div>\n                <div class=\"u-blog-control u-post-content u-text\"><p>Principal Investigator: Tihana Kra\u0161\r\n\r\n\u00a0\r\n\r\nThis three-year project funded by the University of Rijeka investigates the processing of Italian &hellip;<\/p><\/div>\n              <\/div>\n            <\/div>\n            <div class=\"u-blog-post u-invisible u-container-style u-repeater-item\">\n              <div class=\"u-container-layout u-similar-container u-container-layout-4\">\n                <h2 class=\"u-blog-control u-text\">\n                  <a class=\"u-post-header-link\" href=\"https:\/\/cji.uniri.hr\/hr\/the-scientific-centre-of-excellence-for-croatian-glagolitism\/\">The Scientific Centre of Excellence for Croatian Glagolitism<\/a>\n                <\/h2><div class=\"none-post-image\" style=\"display: none;\"><\/div>\n                <div class=\"u-blog-control u-post-content u-text\"><p>Principal Investigator: Silvana Vrani\u0107\r\n\r\nConsidering that within the diachronic or historical dialectology an earlier linguistic situation is &hellip;<\/p><\/div>\n              <\/div>\n            <\/div>\n            <div class=\"u-blog-post u-invisible u-container-style u-repeater-item\">\n              <div class=\"u-container-layout u-similar-container u-container-layout-1\">\n                <h2 class=\"u-blog-control u-text\">\n                  <a class=\"u-post-header-link\" href=\"https:\/\/cji.uniri.hr\/hr\/documentation-of-the-vlashkizheyanski-language-ruo\/\">Documentation Of The Vlashki\/Zheyanski Language (\u2018Ruo\u2019)<\/a>\n                <\/h2><div class=\"none-post-image\" style=\"display: none;\"><\/div>\n                <div class=\"u-blog-control u-post-content u-text\"><p>Co-Principal Investigator: Zvjezdana Vrzi\u0107\r\n\r\n&nbsp;\r\n\r\nVlashki\/Zheyanski (SIL code \u2018RUO\u2019) is a severely endangered Balkan Romance language, also &hellip;<\/p><\/div>\n              <\/div>\n            <\/div>\n            <div class=\"u-blog-post u-invisible u-container-style u-repeater-item\">\n              <div class=\"u-container-layout u-similar-container u-container-layout-2\">\n                <h2 class=\"u-blog-control u-text\">\n                  <a class=\"u-post-header-link\" href=\"https:\/\/cji.uniri.hr\/hr\/22-10-2015-ermina-ramadanovic-poprilozenje-i-popredlozenje-u-hrvatskome-jeziku-uvid-u-tvorbu-rijeci-i-pravopisnu-normu\/\">CJI predavanje - dr.sc. Ermina Ramadanovi\u0107: Poprilo\u017eenje i popredlo\u017eenje u hrvatskome jeziku \u2013 uvid u tvorbu rije\u010di i pravopisnu normu. 22. 10. 2015.<\/a>\n                <\/h2><a class=\"u-blog-control u-expanded-width u-image u-image-default u-image-2\" href=\"https:\/\/cji.uniri.hr\/hr\/22-10-2015-ermina-ramadanovic-poprilozenje-i-popredlozenje-u-hrvatskome-jeziku-uvid-u-tvorbu-rijeci-i-pravopisnu-normu\/\">\n                <img src=\"https:\/\/cji.uniri.hr\/wp-content\/uploads\/ramadanovic-440x247.jpg\" alt=\"\" class=\"u-blog-control u-expanded-width u-image u-image-default u-image-2\"><\/a>\n                <div class=\"u-blog-control u-post-content u-text\"><p>\u010cetvrtak, 22. 10. 2015. Predavaonica 006, Filozofski fakultet u Rijeci 14:00 \u2013 15:30\r\n\r\ndr. sc. Ermina Ramadanovi\u0107 odr\u017eat \u0107e predavanje pod nazivom\r&hellip;<\/p><\/div>\n              <\/div>\n            <\/div>\n            <div class=\"u-blog-post u-invisible u-container-style u-repeater-item\">\n              <div class=\"u-container-layout u-similar-container u-container-layout-3\">\n                <h2 class=\"u-blog-control u-text\">\n                  <a class=\"u-post-header-link\" href=\"https:\/\/cji.uniri.hr\/hr\/11-6-2015-nenad-miscevic-pogrdnice-znacenje-i-upotreba\/\">CJI predavanje - dr.sc. Nenad Mi\u0161\u010devi\u0107: Pogrdnice, zna\u010denje i upotreba. 11.6.2015.<\/a>\n                <\/h2><div class=\"none-post-image\" style=\"display: none;\"><\/div>\n                <div class=\"u-blog-control u-post-content u-text\"><p>Nenad Mi\u0161\u010devi\u0107 (Sveu\u010dili\u0161te u Mariboru), 11.6.2015., 14:00, Filozofski fakultet, Prostorija 105\r\nPogrdnice, zna\u010denje i upotreba<\/p><\/div>\n              <\/div>\n            <\/div>\n            <div class=\"u-blog-post u-invisible u-container-style u-repeater-item\">\n              <div class=\"u-container-layout u-similar-container u-container-layout-4\">\n                <h2 class=\"u-blog-control u-text\">\n                  <a class=\"u-post-header-link\" href=\"https:\/\/cji.uniri.hr\/hr\/22-4-2015-bridget-goodman-bottom-up-and-top-down-policy-comparing-language-in-education-in-ukraine-and-kazakhstan\/\">CJI predavanje - dr.sc. Bridget Goodman: Bottom Up and Top Down Policy: Comparing Language in Education in Ukraine and Kazakhstan. 22.4.2015.<\/a>\n                <\/h2><div class=\"none-post-image\" style=\"display: none;\"><\/div>\n                <div class=\"u-blog-control u-post-content u-text\"><p>Bridget Goodman (Sveu\u010dili\u0161te u Pennsylvaniji), 22.4.2015., 14:30, Filozofski fakultet, Prostorija 105\r\nBottom Up and Top Down Policy: Comparing &hellip;<\/p><\/div>\n              <\/div>\n            <\/div>\n            <div class=\"u-blog-post u-invisible u-container-style u-repeater-item\">\n              <div class=\"u-container-layout u-similar-container u-container-layout-1\">\n                <h2 class=\"u-blog-control u-text\">\n                  <a class=\"u-post-header-link\" href=\"https:\/\/cji.uniri.hr\/hr\/22-4-2015-maja-milicevic-anaphora-resolution-in-l1-italian-and-serbian-by-trainee-translators-from-l2-english\/\">CJI predavanje - dr.sc. Tihana Kra\u0161, dr.sc. Maja Mili\u010devi\u0107: Anaphora resolution in L1 Italian and Serbian by trainee translators from L2 English. 22.4.2015.<\/a>\n                <\/h2><div class=\"none-post-image\" style=\"display: none;\"><\/div>\n                <div class=\"u-blog-control u-post-content u-text\"><p>Maja Mili\u010devi\u0107 (Sveu\u010dili\u0161te u Beogradu), Tihana Kra\u0161 (Sveu\u010dili\u0161te u Rijeci), 22.4.2015., 14:00, Filozofski fakultet, Prostorija 105\r\n\r\n&nbsp;\r\n\r\n&hellip;<\/p><\/div>\n              <\/div>\n            <\/div>\n            <div class=\"u-blog-post u-invisible u-container-style u-repeater-item\">\n              <div class=\"u-container-layout u-similar-container u-container-layout-2\">\n                <h2 class=\"u-blog-control u-text\">\n                  <a class=\"u-post-header-link\" href=\"https:\/\/cji.uniri.hr\/hr\/22-4-2015-bridget-goodman-the-ecology-of-language-and-translanguaging-the-case-of-a-ukrainian-university\/\">CJI predavanje - dr.sc. Bridget Goodman: The Ecology of Language and Translanguaging: The Case of a Ukrainian University. 22.4.2015.<\/a>\n                <\/h2><div class=\"none-post-image\" style=\"display: none;\"><\/div>\n                <div class=\"u-blog-control u-post-content u-text\"><p>Bridget Goodman (Sveu\u010dili\u0161te u Pennsylvaniji), 22.4.2015., 12:30-13:30, Filozofski fakultet, Prostorija 139\r\nThe Ecology of Language and &hellip;<\/p><\/div>\n              <\/div>\n            <\/div>\n            <div class=\"u-blog-post u-invisible u-container-style u-repeater-item\">\n              <div class=\"u-container-layout u-similar-container u-container-layout-3\">\n                <h2 class=\"u-blog-control u-text\">\n                  <a class=\"u-post-header-link\" href=\"https:\/\/cji.uniri.hr\/hr\/19-3-2014-benedikt-perak-jezik-kao-instrument-poimanja-stvarnosti-i-korpus-kao-ogledalo-svjetonazora-zajednice-kognitivnolingvisticke-postavke-proucavanja-psiholoskih-kategorija-i-kulturnih-modela\/\">CJI predavanje - dr.sc. Benedikt Perak: Jezik kao instrument poimanja stvarnosti i korpus kao ogledalo svjetonazora zajednice: Kognitivnolingvisti\u010dke postavke prou\u010davanja psiholo\u0161kih kategorija i kulturnih modela. 19.3. 2014.<\/a>\n                <\/h2><div class=\"none-post-image\" style=\"display: none;\"><\/div>\n                <div class=\"u-blog-control u-post-content u-text\"><p>Benedikt Perak (Sveu\u010dili\u0161te u Rijeci), 19.3.2015., 14:00-15:30, Filozofski fakultet, Prostorija 104\r\nJezik kao instrument poimanja stvarnosti i &hellip;<\/p><\/div>\n              <\/div>\n            <\/div>\n            <div class=\"u-blog-post u-invisible u-container-style u-repeater-item\">\n              <div class=\"u-container-layout u-similar-container u-container-layout-4\">\n                <h2 class=\"u-blog-control u-text\">\n                  <a class=\"u-post-header-link\" href=\"https:\/\/cji.uniri.hr\/hr\/dokumentiranje-vlaskogzejanskog-jezika-ruo\/\">Dokumentiranje vla\u0161kog\/\u017eejanskog jezika ('ruo')<\/a>\n                <\/h2><div class=\"none-post-image\" style=\"display: none;\"><\/div>\n                <div class=\"u-blog-control u-post-content u-text\"><p>Suvoditeljica: Zvjezdana Vrzi\u0107\r\n\r\nVla\u0161ki\/\u017dejanski (ISO 639-3 kod 'RUO') je visokougro\u017eeni balkanski romanski jezik, poznat u lingvistici pod nazivom&hellip;<\/p><\/div>\n              <\/div>\n            <\/div>\n            <div class=\"u-blog-post u-invisible u-container-style u-repeater-item\">\n              <div class=\"u-container-layout u-similar-container u-container-layout-1\">\n                <h2 class=\"u-blog-control u-text\">\n                  <a class=\"u-post-header-link\" href=\"https:\/\/cji.uniri.hr\/hr\/ocuvanje-vlaskog-i-zejanskog-jezika\/\">O\u010duvanje vla\u0161kog i \u017eejanskog jezika<\/a>\n                <\/h2><div class=\"none-post-image\" style=\"display: none;\"><\/div>\n                <div class=\"u-blog-control u-post-content u-text\"><p>Voditeljica: Zvjezdana Vrzi\u0107\r\n\r\n2007.-\r\n\r\nlink http:\/\/www.vlaski-zejanski.com\/<\/p><\/div>\n              <\/div>\n            <\/div>\n            <div class=\"u-blog-post u-invisible u-container-style u-repeater-item\">\n              <div class=\"u-container-layout u-similar-container u-container-layout-2\">\n                <h2 class=\"u-blog-control u-text\">\n                  <a class=\"u-post-header-link\" href=\"https:\/\/cji.uniri.hr\/hr\/dokumentiranje-i-revitaliziranje-sest-istriotskih-idioma\/\">Dokumentiranje i revitaliziranje \u0161est istriotskih idioma<\/a>\n                <\/h2><div class=\"none-post-image\" style=\"display: none;\"><\/div>\n                <div class=\"u-blog-control u-post-content u-text\"><p>Documentazione e rivitalizzazione dei sei idiomi\r\n\r\nVoditeljica: Zvjezdana Vrzi\u0107\r\n\r\n2013.-danas\r\n\r\n&nbsp;<\/p><\/div>\n              <\/div>\n            <\/div>\n            <div class=\"u-blog-post u-invisible u-container-style u-repeater-item\">\n              <div class=\"u-container-layout u-similar-container u-container-layout-3\">\n                <h2 class=\"u-blog-control u-text\">\n                  <a class=\"u-post-header-link\" href=\"https:\/\/cji.uniri.hr\/hr\/framnat-en\/\">Framnat: Framing the Nation and Collective Identity in Croatia: Political Rituals and the Cultural Memory of Twentieth Century Traumas<\/a>\n                <\/h2><div class=\"none-post-image\" style=\"display: none;\"><\/div>\n                <div class=\"u-blog-control u-post-content u-text\"><p>Research associate: Benedikt Perak\r\n\r\nFRAMNAT is a four-year project financed by the Croatian Science Foundation (HRZZ) which includes scholars from&hellip;<\/p><\/div>\n              <\/div>\n            <\/div>\n            <div class=\"u-blog-post u-invisible u-container-style u-repeater-item\">\n              <div class=\"u-container-layout u-similar-container u-container-layout-4\">\n                <h2 class=\"u-blog-control u-text\">\n                  <a class=\"u-post-header-link\" href=\"https:\/\/cji.uniri.hr\/hr\/metanet-hrvatski-repozitorij-metafora\/\">CroMetanet: Croatian Metaphor Repository<\/a>\n                <\/h2><div class=\"none-post-image\" style=\"display: none;\"><\/div>\n                <div class=\"u-blog-control u-post-content u-text\"><p>Associate researcher: Benedikt Perak\r\n\r\nAbout the project:\r\n\r\nThe Croatian Metaphor Repository project will involve: theoretical research of &hellip;<\/p><\/div>\n              <\/div>\n            <\/div>\n            <div class=\"u-blog-post u-invisible u-container-style u-repeater-item\">\n              <div class=\"u-container-layout u-similar-container u-container-layout-1\">\n                <h2 class=\"u-blog-control u-text\">\n                  <a class=\"u-post-header-link\" href=\"https:\/\/cji.uniri.hr\/hr\/opceslavenski-lingvisticki-atlas-ola-i-europski-lingvisticki-atlas-ela\/\">Op\u0107eslavenski lingvisti\u010dki atlas (OLA) i Europski lingvisti\u010dki atlas (ELA)<\/a>\n                <\/h2><div class=\"none-post-image\" style=\"display: none;\"><\/div>\n                <div class=\"u-blog-control u-post-content u-text\"><p>Suradnica: Silvana Vrani\u0107\r\n\r\nProjekt Hrvatske akademije znanosti i umjetnosti<\/p><\/div>\n              <\/div>\n            <\/div>\n            <div class=\"u-blog-post u-invisible u-container-style u-repeater-item\">\n              <div class=\"u-container-layout u-similar-container u-container-layout-2\">\n                <h2 class=\"u-blog-control u-text\">\n                  <a class=\"u-post-header-link\" href=\"https:\/\/cji.uniri.hr\/hr\/hrvatska-pisana-bastina-od-17-do-19-stoljeca\/\">Hrvatska pisana ba\u0161tina od 17. do 19. stolje\u0107a<\/a>\n                <\/h2><div class=\"none-post-image\" style=\"display: none;\"><\/div>\n                <div class=\"u-blog-control u-post-content u-text\"><p>Voditeljica: Diana Stolac<\/p><\/div>\n              <\/div>\n            <\/div>\n            <div class=\"u-blog-post u-invisible u-container-style u-repeater-item\">\n              <div class=\"u-container-layout u-similar-container u-container-layout-3\">\n                <h2 class=\"u-blog-control u-text\">\n                  <a class=\"u-post-header-link\" href=\"https:\/\/cji.uniri.hr\/hr\/metadictio-analiticki-rjecnik-metaforicke-uporabe-jezika\/\">METADICTIO:  Analiti\u010dki rje\u010dnik metafori\u010dke uporabe jezika<\/a>\n                <\/h2><div class=\"none-post-image\" style=\"display: none;\"><\/div>\n                <div class=\"u-blog-control u-post-content u-text\"><p>Suradnica: Cecilija Jur\u010di\u0107 Katunar<\/p><\/div>\n              <\/div>\n            <\/div>\n            <div class=\"u-blog-post u-invisible u-container-style u-repeater-item\">\n              <div class=\"u-container-layout u-similar-container u-container-layout-4\">\n                <h2 class=\"u-blog-control u-text\">\n                  <a class=\"u-post-header-link\" href=\"https:\/\/cji.uniri.hr\/hr\/prilozi-za-istrazivanja-cakavskih-dijalekata-na-podrucju-zapadne-hrvatske\/\">Prilozi za istra\u017eivanja \u010dakavskih dijalekata na podru\u010dju zapadne Hrvatske<\/a>\n                <\/h2><div class=\"none-post-image\" style=\"display: none;\"><\/div>\n                <div class=\"u-blog-control u-post-content u-text\"><p>Voditeljica: Silvana Vrani\u0107\r\n\r\nSuradnica: Mirjana Crni\u0107 Novosel<\/p><\/div>\n              <\/div>\n            <\/div>\n            <div class=\"u-blog-post u-invisible u-container-style u-repeater-item\">\n              <div class=\"u-container-layout u-similar-container u-container-layout-1\">\n                <h2 class=\"u-blog-control u-text\">\n                  <a class=\"u-post-header-link\" href=\"https:\/\/cji.uniri.hr\/hr\/identitet\/\">Identitet<\/a>\n                <\/h2><div class=\"none-post-image\" style=\"display: none;\"><\/div>\n                <div class=\"u-blog-control u-post-content u-text\"><p>Suradnica: Iris Vidmar<\/p><\/div>\n              <\/div>\n            <\/div>\n            <div class=\"u-blog-post u-invisible u-container-style u-repeater-item\">\n              <div class=\"u-container-layout u-similar-container u-container-layout-2\">\n                <h2 class=\"u-blog-control u-text\">\n                  <a class=\"u-post-header-link\" href=\"https:\/\/cji.uniri.hr\/hr\/klasifikacija-i-objasnjenja-antisocijalnog-poremecaja-osobnosti-i-moralna-i-kaznena-odgovornost-u-kontekstu-hrvatskog-zakona-o-mentalnom-zdravlju-i-skrb\/\">Klasifikacija i obja\u0161njenja antisocijalnog poreme\u0107aja osobnosti i moralna i kaznena odgovornost u kontekstu Hrvatskog zakona o mentalnom zdravlju i skrb<\/a>\n                <\/h2><div class=\"none-post-image\" style=\"display: none;\"><\/div>\n                <div class=\"u-blog-control u-post-content u-text\"><p>Voditelj: Luca Malatesti\r\n\r\nHrvatska Zaklada za Znanost; http:\/\/ceascro.ffri.hr\/<\/p><\/div>\n              <\/div>\n            <\/div>\n            <div class=\"u-blog-post u-invisible u-container-style u-repeater-item\">\n              <div class=\"u-container-layout u-similar-container u-container-layout-3\">\n                <h2 class=\"u-blog-control u-text\">\n                  <a class=\"u-post-header-link\" href=\"https:\/\/cji.uniri.hr\/hr\/procesiranje-zamjenica-u-talijanskome-jeziku-projekt-sveucilista-u-rijeci\/\">Procesiranje zamjenica u talijanskome jeziku, projekt Sveu\u010dili\u0161ta u Rijeci<\/a>\n                <\/h2><div class=\"none-post-image\" style=\"display: none;\"><\/div>\n                <div class=\"u-blog-control u-post-content u-text\"><p>Voditeljica: Tihana Kra\u0161<\/p><\/div>\n              <\/div>\n            <\/div>\n            <div class=\"u-blog-post u-invisible u-container-style u-repeater-item\">\n              <div class=\"u-container-layout u-similar-container u-container-layout-4\">\n                <h2 class=\"u-blog-control u-text\">\n                  <a class=\"u-post-header-link\" href=\"https:\/\/cji.uniri.hr\/hr\/advancing-the-european-multilingual-experience-atheme-fp7\/\">Advancing the European Multilingual Experience (AThEME), FP7<\/a>\n                <\/h2><div class=\"none-post-image\" style=\"display: none;\"><\/div>\n                <div class=\"u-blog-control u-post-content u-text\"><p>Principal Investigator: Tihana Kra\u0161\r\n\r\n\u00a0\r\n\r\nThis five-year project funded by the European Union\u2019s Seventh Framework Programme for Research, &hellip;<\/p><\/div>\n              <\/div>\n            <\/div>\n            <div class=\"u-blog-post u-invisible u-container-style u-repeater-item\">\n              <div class=\"u-container-layout u-similar-container u-container-layout-1\">\n                <h2 class=\"u-blog-control u-text\">\n                  <a class=\"u-post-header-link\" href=\"https:\/\/cji.uniri.hr\/hr\/visejezicno-obrazovanje-unapredenje-ucenja-jezika-i-interkulturalnih-vjestina\/\">Vi\u0161ejezi\u010dno obrazovanje \u2013 unapre\u0111enje u\u010denja jezika i interkulturalnih vje\u0161tina<\/a>\n                <\/h2><div class=\"none-post-image\" style=\"display: none;\"><\/div>\n                <div class=\"u-blog-control u-post-content u-text\"><p>suradnica: Branka Drlja\u010da Margi\u0107<\/p><\/div>\n              <\/div>\n            <\/div>\n            <div class=\"u-blog-post u-invisible u-container-style u-repeater-item\">\n              <div class=\"u-container-layout u-similar-container u-container-layout-2\">\n                <h2 class=\"u-blog-control u-text\">\n                  <a class=\"u-post-header-link\" href=\"https:\/\/cji.uniri.hr\/hr\/unutarnje-posudivanje-u-hrvatskome-jeziku\/\">Unutarnje posu\u0111ivanje u hrvatskome jeziku<\/a>\n                <\/h2><div class=\"none-post-image\" style=\"display: none;\"><\/div>\n                <div class=\"u-blog-control u-post-content u-text\"><p>suradnica: Branka Drlja\u010da Margi\u0107<\/p><\/div>\n              <\/div>\n            <\/div>\n            <div class=\"u-blog-post u-invisible u-container-style u-repeater-item\">\n              <div class=\"u-container-layout u-similar-container u-container-layout-3\">\n                <h2 class=\"u-blog-control u-text\">\n                  <a class=\"u-post-header-link\" href=\"https:\/\/cji.uniri.hr\/hr\/advancing-the-european-multilingual-experience\/\">Advancing the European Multilingual Experience<\/a>\n                <\/h2><div class=\"none-post-image\" style=\"display: none;\"><\/div>\n                <div class=\"u-blog-control u-post-content u-text\"><p>Suradnica: Drlja\u010da Margi\u0107, Branka<\/p><\/div>\n              <\/div>\n            <\/div>\n            <div class=\"u-blog-post u-invisible u-container-style u-repeater-item\">\n              <div class=\"u-container-layout u-similar-container u-container-layout-4\">\n                <h2 class=\"u-blog-control u-text\">\n                  <a class=\"u-post-header-link\" href=\"https:\/\/cji.uniri.hr\/hr\/jezicna-potpora-nastavnicima-za-ejvin\/\">Jezi\u010dna potpora nastavnicima za EJVIN<\/a>\n                <\/h2><div class=\"none-post-image\" style=\"display: none;\"><\/div>\n                <div class=\"u-blog-control u-post-content u-text\"><p>Voditeljica: Branka Drlja\u010da Margi\u0107<\/p><\/div>\n              <\/div>\n            <\/div>\n            <div class=\"u-blog-post u-invisible u-container-style u-repeater-item\">\n              <div class=\"u-container-layout u-similar-container u-container-layout-1\">\n                <h2 class=\"u-blog-control u-text\">\n                  <a class=\"u-post-header-link\" href=\"https:\/\/cji.uniri.hr\/hr\/projekt-internacionalizacije-studijskih-programa-na-sveucilistu-u-rijeci\/\">Internacionalizacija studijskih programa na Sveu\u010dili\u0161tu u Rijeci<\/a>\n                <\/h2><div class=\"none-post-image\" style=\"display: none;\"><\/div>\n                <div class=\"u-blog-control u-post-content u-text\"><p>Voditeljica: Branka Drlja\u010da Margi\u0107\r\n\r\nSuvoditeljica: Irena Vodopija Krstanovi\u0107<\/p><\/div>\n              <\/div>\n            <\/div>\n            <div class=\"u-blog-post u-invisible u-container-style u-repeater-item\">\n              <div class=\"u-container-layout u-similar-container u-container-layout-2\">\n                <h2 class=\"u-blog-control u-text\">\n                  <a class=\"u-post-header-link\" href=\"https:\/\/cji.uniri.hr\/hr\/1-konferencija-centra-za-jezicna-istrazivanja\/\">1. Konferencija Centra za jezi\u010dna istra\u017eivanja<\/a>\n                <\/h2><div class=\"none-post-image\" style=\"display: none;\"><\/div>\n                <div class=\"u-blog-control u-post-content u-text\"><p>Petak 22.5.2015. 14:00-17:45\r\n Subota 23.5.2015. 9:00-16:30\r\nPROSTORIJA \/ ROOM 107\r\nPLENARNI GOVORNICI \/ PLENARY SPEAKERS\r\nGiuliana Giusti\r\n&hellip;<\/p><\/div>\n              <\/div>\n            <\/div>\n          <\/div>\n          <div class=\"u-list-control\"><\/div>\n          <a class=\"u-absolute-vcenter u-gallery-nav u-gallery-nav-prev u-grey-70 u-icon-circle u-opacity u-opacity-70 u-spacing-10 u-text-white u-gallery-nav-1\" href=\"#\" role=\"button\">\n            <span aria-hidden=\"true\">\n              <svg viewBox=\"0 0 451.847 451.847\"><path d=\"M97.141,225.92c0-8.095,3.091-16.192,9.259-22.366L300.689,9.27c12.359-12.359,32.397-12.359,44.751,0\nc12.354,12.354,12.354,32.388,0,44.748L173.525,225.92l171.903,171.909c12.354,12.354,12.354,32.391,0,44.744\nc-12.354,12.365-32.386,12.365-44.745,0l-194.29-194.281C100.226,242.115,97.141,234.018,97.141,225.92z\"><\/path><\/svg>\n            <\/span>\n            <span class=\"sr-only\">\n              <svg viewBox=\"0 0 451.847 451.847\"><path d=\"M97.141,225.92c0-8.095,3.091-16.192,9.259-22.366L300.689,9.27c12.359-12.359,32.397-12.359,44.751,0\nc12.354,12.354,12.354,32.388,0,44.748L173.525,225.92l171.903,171.909c12.354,12.354,12.354,32.391,0,44.744\nc-12.354,12.365-32.386,12.365-44.745,0l-194.29-194.281C100.226,242.115,97.141,234.018,97.141,225.92z\"><\/path><\/svg>\n            <\/span>\n          <\/a>\n          <a class=\"u-absolute-vcenter u-gallery-nav u-gallery-nav-next u-grey-70 u-icon-circle u-opacity u-opacity-70 u-spacing-10 u-text-white u-gallery-nav-2\" href=\"#\" role=\"button\">\n            <span aria-hidden=\"true\">\n              <svg viewBox=\"0 0 451.846 451.847\"><path d=\"M345.441,248.292L151.154,442.573c-12.359,12.365-32.397,12.365-44.75,0c-12.354-12.354-12.354-32.391,0-44.744\nL278.318,225.92L106.409,54.017c-12.354-12.359-12.354-32.394,0-44.748c12.354-12.359,32.391-12.359,44.75,0l194.287,194.284\nc6.177,6.18,9.262,14.271,9.262,22.366C354.708,234.018,351.617,242.115,345.441,248.292z\"><\/path><\/svg>\n            <\/span>\n            <span class=\"sr-only\">\n              <svg viewBox=\"0 0 451.846 451.847\"><path d=\"M345.441,248.292L151.154,442.573c-12.359,12.365-32.397,12.365-44.75,0c-12.354-12.354-12.354-32.391,0-44.744\nL278.318,225.92L106.409,54.017c-12.354-12.359-12.354-32.394,0-44.748c12.354-12.359,32.391-12.359,44.75,0l194.287,194.284\nc6.177,6.18,9.262,14.271,9.262,22.366C354.708,234.018,351.617,242.115,345.441,248.292z\"><\/path><\/svg>\n            <\/span>\n          <\/a>\n        <\/div>\n      <\/div>\n    <\/section>\n    <section class=\"u-clearfix u-section-11\" id=\"sec-49af\">\n      <div class=\"u-clearfix u-sheet u-sheet-1\">\n        <div class=\"u-clearfix u-custom-html u-expanded-width u-custom-html-1\">\n          <iframe src=\"http:\/\/liks.ffri.hr:8502\/\" width=\"100%\" height=\"700\" frameborder=\"0\"><\/iframe>\n        <\/div>\n      <\/div>\n    <\/section>\n    \n    \n    \n    \n  \n<\/div>","protected":false},"excerpt":{"rendered":"<p>Centar za jezi\u010dna istra\u017eivanja Sample text. Click to select the text box. Click again or double click to start editing the text.&nbsp;Viverra maecenas accumsan lacus vel facilisis volutpat. Cras fermentum odio eu feugiat pretium nibh. learn more Filozofski fakultetSveu\u010dili\u0161te u Rijeci Visualize it Sample text. Click to select the text box. Click again or double [&hellip;]<\/p>\n","protected":false},"author":2,"featured_media":0,"parent":0,"menu_order":1,"comment_status":"closed","ping_status":"closed","template":"","meta":{"_themeisle_gutenberg_block_has_review":false},"yoast_head":"<!-- This site is optimized with the Yoast SEO plugin v21.0 - https:\/\/yoast.com\/wordpress\/plugins\/seo\/ -->\n<title>Home - Centar za jezi\u010dna istra\u017eivanja<\/title>\n<meta name=\"robots\" content=\"index, follow, max-snippet:-1, max-image-preview:large, max-video-preview:-1\" \/>\n<link rel=\"canonical\" href=\"https:\/\/cji.uniri.hr\/hr\/home\/\" \/>\n<meta property=\"og:locale\" content=\"hr_HR\" \/>\n<meta property=\"og:type\" content=\"article\" \/>\n<meta property=\"og:title\" content=\"Home - Centar za jezi\u010dna istra\u017eivanja\" \/>\n<meta property=\"og:description\" content=\"Centar za jezi\u010dna istra\u017eivanja Sample text. Click to select the text box. Click again or double click to start editing the text.&nbsp;Viverra maecenas accumsan lacus vel facilisis volutpat. Cras fermentum odio eu feugiat pretium nibh. learn more Filozofski fakultetSveu\u010dili\u0161te u Rijeci Visualize it Sample text. Click to select the text box. Click again or double [&hellip;]\" \/>\n<meta property=\"og:url\" content=\"https:\/\/cji.uniri.hr\/hr\/home\/\" \/>\n<meta property=\"og:site_name\" content=\"Centar za jezi\u010dna istra\u017eivanja\" \/>\n<meta property=\"article:publisher\" content=\"https:\/\/www.facebook.com\/CLARIJEKA\" \/>\n<meta property=\"article:modified_time\" content=\"2023-02-04T03:34:23+00:00\" \/>\n<meta name=\"twitter:card\" content=\"summary_large_image\" \/>\n<meta name=\"twitter:label1\" content=\"Procijenjeno vrijeme \u010ditanja\" \/>\n\t<meta name=\"twitter:data1\" content=\"3 minute\" \/>\n<script type=\"application\/ld+json\" class=\"yoast-schema-graph\">{\"@context\":\"https:\/\/schema.org\",\"@graph\":[{\"@type\":\"WebPage\",\"@id\":\"https:\/\/cji.uniri.hr\/hr\/home\/\",\"url\":\"https:\/\/cji.uniri.hr\/hr\/home\/\",\"name\":\"Home - Centar za jezi\u010dna istra\u017eivanja\",\"isPartOf\":{\"@id\":\"https:\/\/cji.uniri.hr\/en\/#website\"},\"datePublished\":\"2023-02-04T03:34:20+00:00\",\"dateModified\":\"2023-02-04T03:34:23+00:00\",\"breadcrumb\":{\"@id\":\"https:\/\/cji.uniri.hr\/hr\/home\/#breadcrumb\"},\"inLanguage\":\"hr\",\"potentialAction\":[{\"@type\":\"ReadAction\",\"target\":[\"https:\/\/cji.uniri.hr\/hr\/home\/\"]}]},{\"@type\":\"BreadcrumbList\",\"@id\":\"https:\/\/cji.uniri.hr\/hr\/home\/#breadcrumb\",\"itemListElement\":[{\"@type\":\"ListItem\",\"position\":1,\"name\":\"Po\u010detna stranica\",\"item\":\"https:\/\/cji.uniri.hr\/en\/\"},{\"@type\":\"ListItem\",\"position\":2,\"name\":\"Home\"}]},{\"@type\":\"WebSite\",\"@id\":\"https:\/\/cji.uniri.hr\/en\/#website\",\"url\":\"https:\/\/cji.uniri.hr\/en\/\",\"name\":\"Centar za jezi\u010dna istra\u017eivanja\",\"description\":\"\",\"publisher\":{\"@id\":\"https:\/\/cji.uniri.hr\/en\/#organization\"},\"potentialAction\":[{\"@type\":\"SearchAction\",\"target\":{\"@type\":\"EntryPoint\",\"urlTemplate\":\"https:\/\/cji.uniri.hr\/en\/?s={search_term_string}\"},\"query-input\":\"required name=search_term_string\"}],\"inLanguage\":\"hr\"},{\"@type\":\"Organization\",\"@id\":\"https:\/\/cji.uniri.hr\/en\/#organization\",\"name\":\"Centar za jezi\u010dna istra\u017eivanja\",\"url\":\"https:\/\/cji.uniri.hr\/en\/\",\"logo\":{\"@type\":\"ImageObject\",\"inLanguage\":\"hr\",\"@id\":\"https:\/\/cji.uniri.hr\/en\/#\/schema\/logo\/image\/\",\"url\":\"https:\/\/cji.uniri.hr\/wp-content\/uploads\/cji_logo-removebg-preview-1-e1695380857613.png\",\"contentUrl\":\"https:\/\/cji.uniri.hr\/wp-content\/uploads\/cji_logo-removebg-preview-1-e1695380857613.png\",\"width\":170,\"height\":170,\"caption\":\"Centar za jezi\u010dna istra\u017eivanja\"},\"image\":{\"@id\":\"https:\/\/cji.uniri.hr\/en\/#\/schema\/logo\/image\/\"},\"sameAs\":[\"https:\/\/www.facebook.com\/CLARIJEKA\"]}]}<\/script>\n<!-- \/ Yoast SEO plugin. -->","yoast_head_json":{"title":"Home - Centar za jezi\u010dna istra\u017eivanja","robots":{"index":"index","follow":"follow","max-snippet":"max-snippet:-1","max-image-preview":"max-image-preview:large","max-video-preview":"max-video-preview:-1"},"canonical":"https:\/\/cji.uniri.hr\/hr\/home\/","og_locale":"hr_HR","og_type":"article","og_title":"Home - Centar za jezi\u010dna istra\u017eivanja","og_description":"Centar za jezi\u010dna istra\u017eivanja Sample text. Click to select the text box. Click again or double click to start editing the text.&nbsp;Viverra maecenas accumsan lacus vel facilisis volutpat. Cras fermentum odio eu feugiat pretium nibh. learn more Filozofski fakultetSveu\u010dili\u0161te u Rijeci Visualize it Sample text. Click to select the text box. Click again or double [&hellip;]","og_url":"https:\/\/cji.uniri.hr\/hr\/home\/","og_site_name":"Centar za jezi\u010dna istra\u017eivanja","article_publisher":"https:\/\/www.facebook.com\/CLARIJEKA","article_modified_time":"2023-02-04T03:34:23+00:00","twitter_card":"summary_large_image","twitter_misc":{"Procijenjeno vrijeme \u010ditanja":"3 minute"},"schema":{"@context":"https:\/\/schema.org","@graph":[{"@type":"WebPage","@id":"https:\/\/cji.uniri.hr\/hr\/home\/","url":"https:\/\/cji.uniri.hr\/hr\/home\/","name":"Home - Centar za jezi\u010dna istra\u017eivanja","isPartOf":{"@id":"https:\/\/cji.uniri.hr\/en\/#website"},"datePublished":"2023-02-04T03:34:20+00:00","dateModified":"2023-02-04T03:34:23+00:00","breadcrumb":{"@id":"https:\/\/cji.uniri.hr\/hr\/home\/#breadcrumb"},"inLanguage":"hr","potentialAction":[{"@type":"ReadAction","target":["https:\/\/cji.uniri.hr\/hr\/home\/"]}]},{"@type":"BreadcrumbList","@id":"https:\/\/cji.uniri.hr\/hr\/home\/#breadcrumb","itemListElement":[{"@type":"ListItem","position":1,"name":"Po\u010detna stranica","item":"https:\/\/cji.uniri.hr\/en\/"},{"@type":"ListItem","position":2,"name":"Home"}]},{"@type":"WebSite","@id":"https:\/\/cji.uniri.hr\/en\/#website","url":"https:\/\/cji.uniri.hr\/en\/","name":"Centar za jezi\u010dna istra\u017eivanja","description":"","publisher":{"@id":"https:\/\/cji.uniri.hr\/en\/#organization"},"potentialAction":[{"@type":"SearchAction","target":{"@type":"EntryPoint","urlTemplate":"https:\/\/cji.uniri.hr\/en\/?s={search_term_string}"},"query-input":"required name=search_term_string"}],"inLanguage":"hr"},{"@type":"Organization","@id":"https:\/\/cji.uniri.hr\/en\/#organization","name":"Centar za jezi\u010dna istra\u017eivanja","url":"https:\/\/cji.uniri.hr\/en\/","logo":{"@type":"ImageObject","inLanguage":"hr","@id":"https:\/\/cji.uniri.hr\/en\/#\/schema\/logo\/image\/","url":"https:\/\/cji.uniri.hr\/wp-content\/uploads\/cji_logo-removebg-preview-1-e1695380857613.png","contentUrl":"https:\/\/cji.uniri.hr\/wp-content\/uploads\/cji_logo-removebg-preview-1-e1695380857613.png","width":170,"height":170,"caption":"Centar za jezi\u010dna istra\u017eivanja"},"image":{"@id":"https:\/\/cji.uniri.hr\/en\/#\/schema\/logo\/image\/"},"sameAs":["https:\/\/www.facebook.com\/CLARIJEKA"]}]}},"_links":{"self":[{"href":"https:\/\/cji.uniri.hr\/hr\/wp-json\/wp\/v2\/pages\/2530"}],"collection":[{"href":"https:\/\/cji.uniri.hr\/hr\/wp-json\/wp\/v2\/pages"}],"about":[{"href":"https:\/\/cji.uniri.hr\/hr\/wp-json\/wp\/v2\/types\/page"}],"author":[{"embeddable":true,"href":"https:\/\/cji.uniri.hr\/hr\/wp-json\/wp\/v2\/users\/2"}],"replies":[{"embeddable":true,"href":"https:\/\/cji.uniri.hr\/hr\/wp-json\/wp\/v2\/comments?post=2530"}],"version-history":[{"count":1,"href":"https:\/\/cji.uniri.hr\/hr\/wp-json\/wp\/v2\/pages\/2530\/revisions"}],"predecessor-version":[{"id":2539,"href":"https:\/\/cji.uniri.hr\/hr\/wp-json\/wp\/v2\/pages\/2530\/revisions\/2539"}],"wp:attachment":[{"href":"https:\/\/cji.uniri.hr\/hr\/wp-json\/wp\/v2\/media?parent=2530"}],"curies":[{"name":"wp","href":"https:\/\/api.w.org\/{rel}","templated":true}]}}